{"id":254868,"date":"2026-01-29T10:10:28","date_gmt":"2026-01-29T15:10:28","guid":{"rendered":"https:\/\/lepelerin.org\/portail\/?post_type=tribe_events&#038;p=254868"},"modified":"2026-02-26T12:04:52","modified_gmt":"2026-02-26T17:04:52","slug":"lancement-ecole-priere-communion","status":"publish","type":"tribe_events","link":"https:\/\/lepelerin.org\/portail\/evenement\/lancement-ecole-priere-communion\/","title":{"rendered":"Lancement de l&#8217;\u00c9cole Pri\u00e8re et Communion"},"content":{"rendered":"<p>[et_pb_section fb_built=&#8221;1&#8243; admin_label=&#8221;Hero&#8221; _builder_version=&#8221;4.27.4&#8243; _module_preset=&#8221;default&#8221; background_color=&#8221;#fff8f2&#8243; background_enable_image=&#8221;off&#8221; background_size=&#8221;initial&#8221; background_position=&#8221;top_left&#8221; custom_padding=&#8221;0vw||2px||false|false&#8221; custom_css_main_element=&#8221;p {font-size:16px;}&#8221; locked=&#8221;off&#8221; collapsed=&#8221;on&#8221; global_colors_info=&#8221;{}&#8221;][et_pb_row _builder_version=&#8221;4.27.4&#8243; _module_preset=&#8221;default&#8221; width=&#8221;100%&#8221; custom_padding=&#8221;0px||0px|||&#8221; global_colors_info=&#8221;{}&#8221;][et_pb_column type=&#8221;4_4&#8243; _builder_version=&#8221;4.27.4&#8243; _module_preset=&#8221;default&#8221; global_colors_info=&#8221;{}&#8221;][et_pb_heading title=&#8221;Une invitation \u00e0 d\u00e9couvrir une \u00e9cole, un livre et un r\u00e9seau de pri\u00e8re&#8221; _builder_version=&#8221;4.27.4&#8243; _module_preset=&#8221;default&#8221; title_font_size=&#8221;32px&#8221; global_colors_info=&#8221;{}&#8221;][\/et_pb_heading][\/et_pb_column][\/et_pb_row][et_pb_row _builder_version=&#8221;4.27.4&#8243; _module_preset=&#8221;default&#8221; width=&#8221;100%&#8221; custom_padding=&#8221;0px||0px|||&#8221; global_colors_info=&#8221;{}&#8221;][et_pb_column type=&#8221;4_4&#8243; _builder_version=&#8221;4.27.4&#8243; _module_preset=&#8221;default&#8221; global_colors_info=&#8221;{}&#8221;][et_pb_text _builder_version=&#8221;4.27.4&#8243; _module_preset=&#8221;default&#8221; hover_enabled=&#8221;0&#8243; global_colors_info=&#8221;{}&#8221; sticky_enabled=&#8221;0&#8243;]<\/p>\n<p>En cette ann\u00e9e jubilaire marquant le 25e anniversaire du Centre le P\u00e8lerin, nous avons la joie de vous inviter \u00e0 la soir\u00e9e de lancement de l\u2019\u00c9cole Pri\u00e8re et Communion qui aura lieu le lundi 23 mars \u00e0 18 h 45.<\/p>\n<p>Pour marquer le lancement, le livre <strong><em>Le chemin de l&#8217;Amour, la pri\u00e8re<\/em><\/strong>, \u00e9crit par St\u00e9fan Th\u00e9riault, et un <strong>r\u00e9seau de pri\u00e8re<\/strong> seront pr\u00e9sent\u00e9s en grande premi\u00e8re ! Nous esp\u00e9rons vous y voir en grand nombre afin que ce r\u00e9seau puisse nous soutenir les uns les autres et nourrir en profondeur notre vie spirituelle.<\/p>\n<p>[\/et_pb_text][\/et_pb_column][\/et_pb_row][et_pb_row column_structure=&#8221;1_2,1_2&#8243; _builder_version=&#8221;4.27.4&#8243; _module_preset=&#8221;5138c454-be54-4233-bd3b-f8e6a8747976&#8243; width=&#8221;100%&#8221; custom_padding=&#8221;0px||0px|||&#8221; global_colors_info=&#8221;{}&#8221;][et_pb_column type=&#8221;1_2&#8243; _builder_version=&#8221;4.18.0&#8243; _module_preset=&#8221;73121f80-a3ef-4484-8763-c3f18e3c56d2&#8243; global_colors_info=&#8221;{}&#8221;][et_pb_text quote_border_color=&#8221;gcid-secondary-color&#8221; module_class=&#8221;custom-bullet&#8221; _builder_version=&#8221;4.27.4&#8243; _module_preset=&#8221;2c55a9c4-feed-423b-9edb-ae0b5b365cac&#8221; text_font=&#8221;Nunito|Nunito_weight|||||||&#8221; text_text_color=&#8221;gcid-body-color&#8221; text_line_height=&#8221;1.75em&#8221; link_font=&#8221;|Nunito_weight|||||||&#8221; link_text_color=&#8221;gcid-primary-color&#8221; quote_font=&#8221;Nunito Sans|Nunito Sans_weight|||||||&#8221; quote_text_color=&#8221;gcid-heading-color&#8221; header_font=&#8221;Nunito Sans|Nunito Sans_weight|||||||&#8221; header_text_color=&#8221;gcid-heading-color&#8221; header_font_size=&#8221;72px&#8221; header_line_height=&#8221;1.15em&#8221; header_2_font=&#8221;Nunito Sans|Nunito Sans_weight|||||||&#8221; header_2_text_color=&#8221;gcid-heading-color&#8221; header_2_font_size=&#8221;50px&#8221; header_2_line_height=&#8221;1.2em&#8221; header_3_font=&#8221;Nunito Sans|Nunito Sans_weight|||||||&#8221; header_3_text_color=&#8221;gcid-heading-color&#8221; header_3_font_size=&#8221;32px&#8221; header_3_line_height=&#8221;1.3em&#8221; header_4_font=&#8221;Nunito Sans|Nunito Sans_weight|||||||&#8221; header_4_text_color=&#8221;gcid-heading-color&#8221; header_4_font_size=&#8221;24px&#8221; header_4_line_height=&#8221;1.4em&#8221; header_5_font=&#8221;Nunito Sans|Nunito Sans_weight|||||||&#8221; header_5_text_color=&#8221;gcid-heading-color&#8221; header_5_font_size=&#8221;18px&#8221; header_5_line_height=&#8221;1.4em&#8221; header_6_font=&#8221;Nunito Sans|Nunito Sans_weight|||||||&#8221; header_6_text_color=&#8221;gcid-heading-color&#8221; header_6_line_height=&#8221;1.5em&#8221; custom_margin=&#8221;||||false|false&#8221; text_font_size_tablet=&#8221;15px&#8221; text_font_size_phone=&#8221;14px&#8221; text_font_size_last_edited=&#8221;on|phone&#8221; header_font_size_tablet=&#8221;40px&#8221; header_font_size_phone=&#8221;24px&#8221; header_font_size_last_edited=&#8221;on|desktop&#8221; header_2_font_size_tablet=&#8221;28px&#8221; header_2_font_size_phone=&#8221;20px&#8221; header_2_font_size_last_edited=&#8221;on|phone&#8221; header_3_font_size_tablet=&#8221;22px&#8221; header_3_font_size_phone=&#8221;17px&#8221; header_3_font_size_last_edited=&#8221;on|phone&#8221; header_4_font_size_tablet=&#8221;18px&#8221; header_4_font_size_phone=&#8221;15px&#8221; header_4_font_size_last_edited=&#8221;on|tablet&#8221; header_5_font_size_tablet=&#8221;15px&#8221; header_5_font_size_phone=&#8221;14px&#8221; header_5_font_size_last_edited=&#8221;on|desktop&#8221; header_6_font_size_tablet=&#8221;13px&#8221; header_6_font_size_phone=&#8221;13px&#8221; header_6_font_size_last_edited=&#8221;on|desktop&#8221; locked=&#8221;off&#8221; global_colors_info=&#8221;{}&#8221;]<\/p>\n<p>Cet \u00e9v\u00e8nement se tiendra en pr\u00e9sentiel, avec la possibilit\u00e9 de s\u2019y joindre en ligne pour les personnes qui ne pourront \u00eatre pr\u00e9sentes sur place.<\/p>\n<p>Au programme :<\/p>\n<ul>\n<li style=\"font-size: 16px; color: #666;\">Pr\u00e9sentation de la vision et des objectifs de l\u2019\u00c9cole Pri\u00e8re et Communion.<\/li>\n<li style=\"font-size: 16px; color: #666;\">Conf\u00e9rence de St\u00e9fan Th\u00e9riault et pr\u00e9sentation de son livre sur la pri\u00e8re.<\/li>\n<li style=\"font-size: 16px; color: #666;\">Lancement officiel du r\u00e9seau de pri\u00e8re sur le site du P\u00e8lerin.<\/li>\n<\/ul>\n<p>[\/et_pb_text][\/et_pb_column][et_pb_column type=&#8221;1_2&#8243; _builder_version=&#8221;4.18.0&#8243; _module_preset=&#8221;73121f80-a3ef-4484-8763-c3f18e3c56d2&#8243; global_colors_info=&#8221;{}&#8221;][et_pb_image src=&#8221;https:\/\/lepelerin.org\/portail\/wp-content\/uploads\/2026\/01\/lancement-ecole-priere-et-communion.jpg&#8221; alt=&#8221;Mains r\u00e9unies tenant des bougies allum\u00e9es symbolisant la pri\u00e8re et la communion&#8221; title_text=&#8221;Un r\u00e9seau de pri\u00e8re port\u00e9 par la lumi\u00e8re et la communion&#8221; url=&#8221;https:\/\/www.zeffy.com\/fr-CA\/ticketing\/lancement-de-lecole-priere-et-communion&#8221; _builder_version=&#8221;4.27.4&#8243; _module_preset=&#8221;default&#8221; border_radii=&#8221;on|18px|18px|18px|18px&#8221; global_colors_info=&#8221;{}&#8221;][\/et_pb_image][\/et_pb_column][\/et_pb_row][et_pb_row _builder_version=&#8221;4.27.4&#8243; _module_preset=&#8221;default&#8221; width=&#8221;60%&#8221; global_colors_info=&#8221;{}&#8221;][et_pb_column type=&#8221;4_4&#8243; _builder_version=&#8221;4.27.4&#8243; _module_preset=&#8221;default&#8221; global_colors_info=&#8221;{}&#8221;][et_pb_button button_url=&#8221;https:\/\/www.zeffy.com\/fr-CA\/ticketing\/lancement-de-lecole-priere-et-communion&#8221; url_new_window=&#8221;on&#8221; button_text=&#8221;S&#8217;INSCRIRE AU LANCEMENT&#8221; button_alignment=&#8221;center&#8221; _builder_version=&#8221;4.27.4&#8243; _module_preset=&#8221;default&#8221; global_colors_info=&#8221;{}&#8221; button_bg_color_gradient_stops__hover=&#8221;#e95365 50%|#832f39 99%&#8221; button_bg_use_color_gradient__hover=&#8221;on&#8221; button_bg_color_gradient_overlays_image__hover=&#8221;off&#8221;][\/et_pb_button][\/et_pb_column][\/et_pb_row][\/et_pb_section][et_pb_section fb_built=&#8221;1&#8243; admin_label=&#8221;Features&#8221; _builder_version=&#8221;4.27.4&#8243; _module_preset=&#8221;default&#8221; width=&#8221;95%&#8221; module_alignment=&#8221;center&#8221; min_height=&#8221;781.9px&#8221; custom_margin=&#8221;80px||||false|false&#8221; border_radii=&#8221;on|18px|18px|18px|18px&#8221; box_shadow_style=&#8221;preset1&#8243; locked=&#8221;off&#8221; collapsed=&#8221;on&#8221; global_colors_info=&#8221;{}&#8221;][et_pb_row _builder_version=&#8221;4.18.0&#8243; _module_preset=&#8221;5138c454-be54-4233-bd3b-f8e6a8747976&#8243; custom_margin=&#8221;|auto|-10px|auto|false|false&#8221; global_colors_info=&#8221;{}&#8221;][et_pb_column type=&#8221;4_4&#8243; _builder_version=&#8221;4.18.0&#8243; _module_preset=&#8221;73121f80-a3ef-4484-8763-c3f18e3c56d2&#8243; global_colors_info=&#8221;{}&#8221;][et_pb_heading title=&#8221;Informations pratiques&#8221; _builder_version=&#8221;4.27.4&#8243; _module_preset=&#8221;c33f07d9-41e0-421a-8799-5799df695cce&#8221; title_font=&#8221;Nunito Sans|Nunito Sans_weight|||||||&#8221; title_text_color=&#8221;gcid-heading-color&#8221; title_font_size=&#8221;50px&#8221; title_line_height=&#8221;1.2em&#8221; custom_margin=&#8221;||10px||false|false&#8221; title_font_size_tablet=&#8221;28px&#8221; title_font_size_phone=&#8221;20px&#8221; title_font_size_last_edited=&#8221;on|phone&#8221; locked=&#8221;off&#8221; global_colors_info=&#8221;{}&#8221;][\/et_pb_heading][\/et_pb_column][\/et_pb_row][et_pb_row column_structure=&#8221;1_3,1_3,1_3&#8243; custom_padding_last_edited=&#8221;on|tablet&#8221; _builder_version=&#8221;4.27.4&#8243; _module_preset=&#8221;5138c454-be54-4233-bd3b-f8e6a8747976&#8243; width=&#8221;96%&#8221; custom_padding=&#8221;||1px|||&#8221; custom_padding_tablet=&#8221;||0px||false|false&#8221; custom_padding_phone=&#8221;||0px||false|false&#8221; global_colors_info=&#8221;{}&#8221;][et_pb_column type=&#8221;1_3&#8243; _builder_version=&#8221;4.18.0&#8243; _module_preset=&#8221;73121f80-a3ef-4484-8763-c3f18e3c56d2&#8243; global_colors_info=&#8221;{}&#8221;][et_pb_blurb title=&#8221;Date et heure&#8221; use_icon=&#8221;on&#8221; font_icon=&#8221;&#xf073;||fa||400&#8243; icon_color=&#8221;gcid-secondary-color&#8221; image_icon_width=&#8221;44px&#8221; content_max_width=&#8221;100%&#8221; _builder_version=&#8221;4.27.4&#8243; _module_preset=&#8221;212b201d-2c34-41bd-936c-851b7357d08b&#8221; header_font=&#8221;Nunito Sans|Nunito Sans_weight|||||||&#8221; header_text_color=&#8221;gcid-heading-color&#8221; header_font_size=&#8221;18px&#8221; header_line_height=&#8221;1.4em&#8221; body_font=&#8221;Nunito|Nunito_weight|||||||&#8221; body_text_color=&#8221;gcid-body-color&#8221; body_line_height=&#8221;1.75em&#8221; body_link_text_color=&#8221;gcid-primary-color&#8221; body_link_font_size=&#8221;14px&#8221; background_mask_style=&#8221;diagonal-pills&#8221; image_icon_custom_margin=&#8221;||||false|false&#8221; image_icon_custom_padding=&#8221;||||false|false&#8221; text_orientation=&#8221;center&#8221; animation=&#8221;off&#8221; header_font_size_tablet=&#8221;15px&#8221; header_font_size_phone=&#8221;13px&#8221; header_font_size_last_edited=&#8221;on|phone&#8221; body_font_size_tablet=&#8221;15px&#8221; body_font_size_phone=&#8221;14px&#8221; body_font_size_last_edited=&#8221;on|desktop&#8221; locked=&#8221;off&#8221; global_colors_info=&#8221;{%22gcid-body-color%22:%91%22body_text_color%22,%22body_text_color%22%93,%22gcid-heading-color%22:%91%22header_text_color%22,%22header_text_color%22%93,%22gcid-secondary-color%22:%91%22icon_color%22%93}&#8221;]<\/p>\n<p>Lundi 23 mars 2025, \u00e0 18 h 45<br \/>Ouverture des portes d\u00e8s 18 h 15<\/p>\n<p>[\/et_pb_blurb][\/et_pb_column][et_pb_column type=&#8221;1_3&#8243; _builder_version=&#8221;4.18.0&#8243; _module_preset=&#8221;73121f80-a3ef-4484-8763-c3f18e3c56d2&#8243; global_colors_info=&#8221;{}&#8221;][et_pb_blurb title=&#8221;En pr\u00e9sentiel&#8221; use_icon=&#8221;on&#8221; font_icon=&#8221;&#xf1ad;||fa||400&#8243; icon_color=&#8221;gcid-secondary-color&#8221; image_icon_width=&#8221;44px&#8221; content_max_width=&#8221;100%&#8221; _builder_version=&#8221;4.27.4&#8243; _module_preset=&#8221;212b201d-2c34-41bd-936c-851b7357d08b&#8221; header_font=&#8221;Nunito Sans|Nunito Sans_weight|||||||&#8221; header_text_color=&#8221;gcid-heading-color&#8221; header_font_size=&#8221;18px&#8221; header_line_height=&#8221;1.4em&#8221; body_font=&#8221;Nunito|Nunito_weight|||||||&#8221; body_text_color=&#8221;gcid-body-color&#8221; body_line_height=&#8221;1.75em&#8221; body_link_text_color=&#8221;gcid-primary-color&#8221; body_link_font_size=&#8221;14px&#8221; background_mask_style=&#8221;diagonal-pills&#8221; image_icon_custom_margin=&#8221;||||false|false&#8221; image_icon_custom_padding=&#8221;||||false|false&#8221; text_orientation=&#8221;center&#8221; animation=&#8221;off&#8221; header_font_size_tablet=&#8221;15px&#8221; header_font_size_phone=&#8221;13px&#8221; header_font_size_last_edited=&#8221;on|phone&#8221; body_font_size_tablet=&#8221;15px&#8221; body_font_size_phone=&#8221;14px&#8221; body_font_size_last_edited=&#8221;on|desktop&#8221; locked=&#8221;off&#8221; global_colors_info=&#8221;{%22gcid-body-color%22:%91%22body_text_color%22,%22body_text_color%22%93,%22gcid-heading-color%22:%91%22header_text_color%22,%22header_text_color%22%93,%22gcid-secondary-color%22:%91%22icon_color%22%93}&#8221;]<\/p>\n<p>Centre le P\u00e8lerin<br \/>3774 Chemin Queen Mary, Montr\u00e9al, QC H3V 1A6<\/p>\n<p>[\/et_pb_blurb][\/et_pb_column][et_pb_column type=&#8221;1_3&#8243; _builder_version=&#8221;4.18.0&#8243; _module_preset=&#8221;73121f80-a3ef-4484-8763-c3f18e3c56d2&#8243; global_colors_info=&#8221;{}&#8221;][et_pb_blurb title=&#8221;En ligne&#8221; use_icon=&#8221;on&#8221; font_icon=&#8221;&#xf108;||fa||900&#8243; icon_color=&#8221;gcid-secondary-color&#8221; image_icon_width=&#8221;44px&#8221; content_max_width=&#8221;100%&#8221; _builder_version=&#8221;4.27.4&#8243; _module_preset=&#8221;212b201d-2c34-41bd-936c-851b7357d08b&#8221; header_font=&#8221;Nunito Sans|Nunito Sans_weight|||||||&#8221; header_text_color=&#8221;gcid-heading-color&#8221; header_font_size=&#8221;18px&#8221; header_line_height=&#8221;1.4em&#8221; body_font=&#8221;Nunito|Nunito_weight|||||||&#8221; body_text_color=&#8221;gcid-body-color&#8221; body_line_height=&#8221;1.75em&#8221; body_link_text_color=&#8221;gcid-primary-color&#8221; body_link_font_size=&#8221;14px&#8221; background_mask_style=&#8221;diagonal-pills&#8221; image_icon_custom_margin=&#8221;||||false|false&#8221; image_icon_custom_padding=&#8221;||||false|false&#8221; text_orientation=&#8221;center&#8221; animation=&#8221;off&#8221; header_font_size_tablet=&#8221;15px&#8221; header_font_size_phone=&#8221;13px&#8221; header_font_size_last_edited=&#8221;on|phone&#8221; body_font_size_tablet=&#8221;15px&#8221; body_font_size_phone=&#8221;14px&#8221; body_font_size_last_edited=&#8221;on|desktop&#8221; locked=&#8221;off&#8221; global_colors_info=&#8221;{%22gcid-body-color%22:%91%22body_text_color%22,%22body_text_color%22%93,%22gcid-heading-color%22:%91%22header_text_color%22,%22header_text_color%22%93,%22gcid-secondary-color%22:%91%22icon_color%22%93}&#8221;]<\/p>\n<p>Vous ne pouvez pas \u00eatre pr\u00e9sent ? Un lien Zoom et une rediffusion seront envoy\u00e9s \u00e0 toutes les personnes inscrites.<\/p>\n<p>[\/et_pb_blurb][\/et_pb_column][\/et_pb_row][et_pb_row column_structure=&#8221;1_2,1_2&#8243; custom_padding_last_edited=&#8221;on|tablet&#8221; _builder_version=&#8221;4.27.4&#8243; _module_preset=&#8221;5138c454-be54-4233-bd3b-f8e6a8747976&#8243; width=&#8221;96%&#8221; custom_padding_tablet=&#8221;||0px||false|false&#8221; custom_padding_phone=&#8221;||0px||false|false&#8221; global_colors_info=&#8221;{}&#8221;][et_pb_column type=&#8221;1_2&#8243; _builder_version=&#8221;4.18.0&#8243; _module_preset=&#8221;73121f80-a3ef-4484-8763-c3f18e3c56d2&#8243; global_colors_info=&#8221;{}&#8221;][et_pb_blurb title=&#8221;Inscription gratuite&#8221; use_icon=&#8221;on&#8221; font_icon=&#8221;&#xf3ff;||fa||900&#8243; icon_color=&#8221;gcid-secondary-color&#8221; image_icon_width=&#8221;44px&#8221; content_max_width=&#8221;100%&#8221; _builder_version=&#8221;4.27.4&#8243; _module_preset=&#8221;212b201d-2c34-41bd-936c-851b7357d08b&#8221; header_font=&#8221;Nunito Sans|Nunito Sans_weight|||||||&#8221; header_text_color=&#8221;gcid-heading-color&#8221; header_font_size=&#8221;18px&#8221; header_line_height=&#8221;1.4em&#8221; body_font=&#8221;Nunito|Nunito_weight|||||||&#8221; body_text_color=&#8221;gcid-body-color&#8221; body_line_height=&#8221;1.75em&#8221; body_link_text_color=&#8221;gcid-primary-color&#8221; body_link_font_size=&#8221;14px&#8221; background_mask_style=&#8221;diagonal-pills&#8221; image_icon_custom_margin=&#8221;||||false|false&#8221; image_icon_custom_padding=&#8221;||||false|false&#8221; text_orientation=&#8221;center&#8221; animation=&#8221;off&#8221; header_font_size_tablet=&#8221;15px&#8221; header_font_size_phone=&#8221;13px&#8221; header_font_size_last_edited=&#8221;on|phone&#8221; body_font_size_tablet=&#8221;15px&#8221; body_font_size_phone=&#8221;14px&#8221; body_font_size_last_edited=&#8221;on|desktop&#8221; locked=&#8221;off&#8221; global_colors_info=&#8221;{%22gcid-body-color%22:%91%22body_text_color%22,%22body_text_color%22%93,%22gcid-heading-color%22:%91%22header_text_color%22,%22header_text_color%22%93,%22gcid-secondary-color%22:%91%22icon_color%22%93}&#8221;]<\/p>\n<p>L&#8217;inscription est gratuite mais obligatoire pour participer en pr\u00e9sentiel ou en ligne.\u00a0\u00a0<\/p>\n<p>[\/et_pb_blurb][\/et_pb_column][et_pb_column type=&#8221;1_2&#8243; _builder_version=&#8221;4.18.0&#8243; _module_preset=&#8221;73121f80-a3ef-4484-8763-c3f18e3c56d2&#8243; global_colors_info=&#8221;{}&#8221;][et_pb_blurb title=&#8221;Contact&#8221; use_icon=&#8221;on&#8221; font_icon=&#8221;&#xf879;||fa||900&#8243; icon_color=&#8221;gcid-secondary-color&#8221; image_icon_width=&#8221;44px&#8221; content_max_width=&#8221;100%&#8221; _builder_version=&#8221;4.27.4&#8243; _module_preset=&#8221;212b201d-2c34-41bd-936c-851b7357d08b&#8221; header_font=&#8221;Nunito Sans|Nunito Sans_weight|||||||&#8221; header_text_color=&#8221;gcid-heading-color&#8221; header_font_size=&#8221;18px&#8221; header_line_height=&#8221;1.4em&#8221; body_font=&#8221;Nunito|Nunito_weight|||||||&#8221; body_text_color=&#8221;gcid-body-color&#8221; body_line_height=&#8221;1.75em&#8221; body_link_text_color=&#8221;gcid-primary-color&#8221; body_link_font_size=&#8221;14px&#8221; background_mask_style=&#8221;diagonal-pills&#8221; image_icon_custom_margin=&#8221;||||false|false&#8221; image_icon_custom_padding=&#8221;||||false|false&#8221; text_orientation=&#8221;center&#8221; animation=&#8221;off&#8221; header_font_size_tablet=&#8221;15px&#8221; header_font_size_phone=&#8221;13px&#8221; header_font_size_last_edited=&#8221;on|phone&#8221; body_font_size_tablet=&#8221;15px&#8221; body_font_size_phone=&#8221;14px&#8221; body_font_size_last_edited=&#8221;on|desktop&#8221; locked=&#8221;off&#8221; global_colors_info=&#8221;{%22gcid-body-color%22:%91%22body_text_color%22,%22body_text_color%22%93,%22gcid-heading-color%22:%91%22header_text_color%22,%22header_text_color%22%93,%22gcid-secondary-color%22:%91%22icon_color%22%93}&#8221;]<\/p>\n<p>Pour toute question : 514 737-6262 #290<br \/>ou Halyna Kryshtal au <a href=\"mailto:hkryshtal@lepelerin.org\">hkryshtal@lepelerin.org<\/a><\/p>\n<p>[\/et_pb_blurb][\/et_pb_column][\/et_pb_row][et_pb_row _builder_version=&#8221;4.27.4&#8243; _module_preset=&#8221;default&#8221; global_colors_info=&#8221;{}&#8221;][et_pb_column type=&#8221;4_4&#8243; _builder_version=&#8221;4.27.4&#8243; _module_preset=&#8221;default&#8221; global_colors_info=&#8221;{}&#8221;][et_pb_button button_url=&#8221;https:\/\/www.zeffy.com\/fr-CA\/ticketing\/lancement-de-lecole-priere-et-communion&#8221; url_new_window=&#8221;on&#8221; button_text=&#8221;S&#8217;INSCRIRE AU LANCEMENT&#8221; button_alignment=&#8221;center&#8221; _builder_version=&#8221;4.27.4&#8243; _module_preset=&#8221;default&#8221; global_colors_info=&#8221;{}&#8221; button_bg_color_gradient_stops__hover=&#8221;#e95365 50%|#832f39 99%&#8221; button_bg_use_color_gradient__hover=&#8221;on&#8221; button_bg_color_gradient_overlays_image__hover=&#8221;off&#8221;][\/et_pb_button][\/et_pb_column][\/et_pb_row][\/et_pb_section][et_pb_section fb_built=&#8221;1&#8243; admin_label=&#8221;Text &#038; Image&#8221; _builder_version=&#8221;4.27.4&#8243; _module_preset=&#8221;default&#8221; background_color=&#8221;RGBA(255,255,255,0)&#8221; custom_margin=&#8221;70px||0px||false|false&#8221; custom_padding=&#8221;0px||0px||false|false&#8221; locked=&#8221;off&#8221; collapsed=&#8221;on&#8221; global_colors_info=&#8221;{}&#8221;][et_pb_row _builder_version=&#8221;4.27.4&#8243; _module_preset=&#8221;5138c454-be54-4233-bd3b-f8e6a8747976&#8243; width=&#8221;100%&#8221; custom_padding=&#8221;0px||0px||true|false&#8221; global_colors_info=&#8221;{}&#8221;][et_pb_column type=&#8221;4_4&#8243; _builder_version=&#8221;4.27.4&#8243; _module_preset=&#8221;73121f80-a3ef-4484-8763-c3f18e3c56d2&#8243; custom_padding=&#8221;40px||40px||true|false&#8221; custom_padding_tablet=&#8221;8%||0%||false|false&#8221; custom_padding_phone=&#8221;8%||||false|false&#8221; custom_padding_last_edited=&#8221;on|desktop&#8221; global_colors_info=&#8221;{}&#8221;][et_pb_heading title=&#8221;\u00c0 propos de l&#8217;\u00c9cole Pri\u00e8re et Communion&#8221; _builder_version=&#8221;4.27.4&#8243; _module_preset=&#8221;default&#8221; title_font_size=&#8221;32px&#8221; global_colors_info=&#8221;{}&#8221;][\/et_pb_heading][\/et_pb_column][\/et_pb_row][et_pb_row column_structure=&#8221;1_2,1_2&#8243; _builder_version=&#8221;4.27.4&#8243; _module_preset=&#8221;default&#8221; width=&#8221;90%&#8221; custom_padding=&#8221;0px||0px|||&#8221; global_colors_info=&#8221;{}&#8221;][et_pb_column type=&#8221;1_2&#8243; _builder_version=&#8221;4.27.4&#8243; _module_preset=&#8221;default&#8221; global_colors_info=&#8221;{}&#8221;][et_pb_text quote_border_color=&#8221;gcid-secondary-color&#8221; _builder_version=&#8221;4.27.4&#8243; _module_preset=&#8221;2c55a9c4-feed-423b-9edb-ae0b5b365cac&#8221; text_font=&#8221;Nunito|Nunito_weight|||||||&#8221; text_text_color=&#8221;gcid-body-color&#8221; link_font=&#8221;|Nunito_weight|||||||&#8221; link_text_color=&#8221;gcid-primary-color&#8221; quote_font=&#8221;Nunito Sans|Nunito Sans_weight|||||||&#8221; quote_text_color=&#8221;gcid-heading-color&#8221; header_font=&#8221;Nunito Sans|Nunito Sans_weight|||||||&#8221; header_text_color=&#8221;gcid-heading-color&#8221; header_font_size=&#8221;72px&#8221; header_line_height=&#8221;1.15em&#8221; header_2_font=&#8221;Nunito Sans|Nunito Sans_weight|||||||&#8221; header_2_text_color=&#8221;gcid-heading-color&#8221; header_2_font_size=&#8221;50px&#8221; header_2_line_height=&#8221;1.2em&#8221; header_3_font=&#8221;Nunito Sans|Nunito Sans_weight|||||||&#8221; header_3_text_color=&#8221;gcid-heading-color&#8221; header_3_font_size=&#8221;32px&#8221; header_3_line_height=&#8221;1.3em&#8221; header_4_font=&#8221;Nunito Sans|Nunito Sans_weight|||||||&#8221; header_4_text_color=&#8221;gcid-heading-color&#8221; header_4_font_size=&#8221;24px&#8221; header_4_line_height=&#8221;1.4em&#8221; header_5_font=&#8221;Nunito Sans|Nunito Sans_weight|||||||&#8221; header_5_text_color=&#8221;gcid-heading-color&#8221; header_5_font_size=&#8221;18px&#8221; header_5_line_height=&#8221;1.4em&#8221; header_6_font=&#8221;Nunito Sans|Nunito Sans_weight|||||||&#8221; header_6_text_color=&#8221;gcid-heading-color&#8221; header_6_line_height=&#8221;1.5em&#8221; custom_margin=&#8221;||||false|false&#8221; custom_padding=&#8221;||18px|||&#8221; text_font_size_tablet=&#8221;15px&#8221; text_font_size_phone=&#8221;14px&#8221; text_font_size_last_edited=&#8221;on|phone&#8221; header_font_size_tablet=&#8221;40px&#8221; header_font_size_phone=&#8221;24px&#8221; header_font_size_last_edited=&#8221;on|desktop&#8221; header_2_font_size_tablet=&#8221;28px&#8221; header_2_font_size_phone=&#8221;20px&#8221; header_2_font_size_last_edited=&#8221;on|phone&#8221; header_3_font_size_tablet=&#8221;22px&#8221; header_3_font_size_phone=&#8221;17px&#8221; header_3_font_size_last_edited=&#8221;on|phone&#8221; header_4_font_size_tablet=&#8221;18px&#8221; header_4_font_size_phone=&#8221;15px&#8221; header_4_font_size_last_edited=&#8221;on|tablet&#8221; header_5_font_size_tablet=&#8221;15px&#8221; header_5_font_size_phone=&#8221;14px&#8221; header_5_font_size_last_edited=&#8221;on|desktop&#8221; header_6_font_size_tablet=&#8221;13px&#8221; header_6_font_size_phone=&#8221;13px&#8221; header_6_font_size_last_edited=&#8221;on|desktop&#8221; locked=&#8221;off&#8221; global_colors_info=&#8221;{}&#8221;]<\/p>\n<p><span style=\"font-size: 16px;\">L\u2019<a href=\"https:\/\/lepelerin.org\/portail\/ecoles\/priere-et-communion\/\" target=\"_blank\" rel=\"noopener\">\u00c9cole Pri\u00e8re et Communion<\/a> est un espace de d\u00e9couverte et d\u2019approfondissement de la pri\u00e8re en tant que lien personnel avec Dieu et lien de communion avec les fr\u00e8res et les s\u0153urs dans la foi.<\/span><\/p>\n<p><span style=\"font-size: 16px;\">Sa mission est de proposer, aux personnes, diff\u00e9rentes formes de pri\u00e8re chr\u00e9tiennes, enracin\u00e9es dans la tradition spirituelle de l\u2019\u00c9glise. Elle vise \u00e0 offrir \u00e9galement un soutien spirituel aux personnes engag\u00e9es en \u00c9glise, en pastorale ou dans les mouvements, en les accompagnant dans leur cheminement int\u00e9rieur tout en leur donnant acc\u00e8s \u00e0 des textes ou des vid\u00e9os touchant diff\u00e9rentes spiritualit\u00e9s chr\u00e9tiennes.<\/span><span style=\"font-size: 16px;\"><\/span><\/p>\n<p>[\/et_pb_text][\/et_pb_column][et_pb_column type=&#8221;1_2&#8243; _builder_version=&#8221;4.27.4&#8243; _module_preset=&#8221;default&#8221; custom_padding=&#8221;|40px||40px|false|true&#8221; global_colors_info=&#8221;{}&#8221;][et_pb_image src=&#8221;https:\/\/lepelerin.org\/portail\/wp-content\/uploads\/2025\/03\/EPC-accompagner-nourrir.jpg&#8221; alt=&#8221;\u00c9cole Pri\u00e8re et Communion&#8221; title_text=&#8221;EPC-accompagner-nourrir&#8221; url=&#8221;https:\/\/www.zeffy.com\/fr-CA\/ticketing\/lancement-de-lecole-priere-et-communion&#8221; _builder_version=&#8221;4.27.4&#8243; _module_preset=&#8221;default&#8221; custom_margin=&#8221;||0px||false|false&#8221; custom_padding=&#8221;20px||||false|false&#8221; border_radii=&#8221;on|18px|18px|18px|18px&#8221; global_colors_info=&#8221;{}&#8221;][\/et_pb_image][\/et_pb_column][\/et_pb_row][et_pb_row _builder_version=&#8221;4.27.4&#8243; _module_preset=&#8221;default&#8221; width=&#8221;90%&#8221; custom_padding=&#8221;0px||0px|||&#8221; global_colors_info=&#8221;{}&#8221;][et_pb_column type=&#8221;4_4&#8243; _builder_version=&#8221;4.27.4&#8243; _module_preset=&#8221;default&#8221; global_colors_info=&#8221;{}&#8221;][et_pb_text quote_border_color=&#8221;gcid-secondary-color&#8221; _builder_version=&#8221;4.27.4&#8243; _module_preset=&#8221;2c55a9c4-feed-423b-9edb-ae0b5b365cac&#8221; text_font=&#8221;Nunito|Nunito_weight|||||||&#8221; text_text_color=&#8221;gcid-body-color&#8221; link_font=&#8221;|Nunito_weight|||||||&#8221; link_text_color=&#8221;gcid-primary-color&#8221; quote_font=&#8221;Nunito Sans|Nunito Sans_weight|||||||&#8221; quote_text_color=&#8221;gcid-heading-color&#8221; header_font=&#8221;Nunito Sans|Nunito Sans_weight|||||||&#8221; header_text_color=&#8221;gcid-heading-color&#8221; header_font_size=&#8221;72px&#8221; header_line_height=&#8221;1.15em&#8221; header_2_font=&#8221;Nunito Sans|Nunito Sans_weight|||||||&#8221; header_2_text_color=&#8221;gcid-heading-color&#8221; header_2_font_size=&#8221;50px&#8221; header_2_line_height=&#8221;1.2em&#8221; header_3_font=&#8221;Nunito Sans|Nunito Sans_weight|||||||&#8221; header_3_text_color=&#8221;gcid-heading-color&#8221; header_3_font_size=&#8221;32px&#8221; header_3_line_height=&#8221;1.3em&#8221; header_4_font=&#8221;Nunito Sans|Nunito Sans_weight|||||||&#8221; header_4_text_color=&#8221;gcid-heading-color&#8221; header_4_font_size=&#8221;24px&#8221; header_4_line_height=&#8221;1.4em&#8221; header_5_font=&#8221;Nunito Sans|Nunito Sans_weight|||||||&#8221; header_5_text_color=&#8221;gcid-heading-color&#8221; header_5_font_size=&#8221;18px&#8221; header_5_line_height=&#8221;1.4em&#8221; header_6_font=&#8221;Nunito Sans|Nunito Sans_weight|||||||&#8221; header_6_text_color=&#8221;gcid-heading-color&#8221; header_6_line_height=&#8221;1.5em&#8221; custom_margin=&#8221;||||false|false&#8221; custom_padding=&#8221;||18px|||&#8221; text_font_size_tablet=&#8221;15px&#8221; text_font_size_phone=&#8221;14px&#8221; text_font_size_last_edited=&#8221;on|phone&#8221; header_font_size_tablet=&#8221;40px&#8221; header_font_size_phone=&#8221;24px&#8221; header_font_size_last_edited=&#8221;on|desktop&#8221; header_2_font_size_tablet=&#8221;28px&#8221; header_2_font_size_phone=&#8221;20px&#8221; header_2_font_size_last_edited=&#8221;on|phone&#8221; header_3_font_size_tablet=&#8221;22px&#8221; header_3_font_size_phone=&#8221;17px&#8221; header_3_font_size_last_edited=&#8221;on|phone&#8221; header_4_font_size_tablet=&#8221;18px&#8221; header_4_font_size_phone=&#8221;15px&#8221; header_4_font_size_last_edited=&#8221;on|tablet&#8221; header_5_font_size_tablet=&#8221;15px&#8221; header_5_font_size_phone=&#8221;14px&#8221; header_5_font_size_last_edited=&#8221;on|desktop&#8221; header_6_font_size_tablet=&#8221;13px&#8221; header_6_font_size_phone=&#8221;13px&#8221; header_6_font_size_last_edited=&#8221;on|desktop&#8221; locked=&#8221;off&#8221; global_colors_info=&#8221;{}&#8221;]<\/p>\n<p><span style=\"font-size: 16px;\">Port\u00e9e par le d\u00e9sir de cr\u00e9er une communaut\u00e9 de pri\u00e8re vivante, l&#8217;\u00e9cole vise \u00e0 soutenir la vie spirituelle des personnes, \u00e0 \u00a0porter les intentions de pri\u00e8re de chacune et \u00e0 soutenir nos missions respectives.<\/span><\/p>\n<p><a href=\"https:\/\/lepelerin.org\/portail\/ecoles\/priere-et-communion\/\"><span style=\"font-size: 16px;\">Visitez la page de l&#8217;\u00c9cole Pri\u00e8re et Communion pour en savoir plus &gt;<\/span><\/a><\/p>\n<p>[\/et_pb_text][\/et_pb_column][\/et_pb_row][et_pb_row _builder_version=&#8221;4.27.4&#8243; _module_preset=&#8221;default&#8221; global_colors_info=&#8221;{}&#8221;][et_pb_column type=&#8221;4_4&#8243; _builder_version=&#8221;4.27.4&#8243; _module_preset=&#8221;default&#8221; global_colors_info=&#8221;{}&#8221;][et_pb_button button_url=&#8221;https:\/\/www.zeffy.com\/fr-CA\/ticketing\/lancement-de-lecole-priere-et-communion&#8221; url_new_window=&#8221;on&#8221; button_text=&#8221;S&#8217;INSCRIRE AU LANCEMENT&#8221; button_alignment=&#8221;center&#8221; _builder_version=&#8221;4.27.4&#8243; _module_preset=&#8221;default&#8221; global_colors_info=&#8221;{}&#8221; button_bg_color_gradient_stops__hover=&#8221;#e95365 50%|#832f39 99%&#8221; button_bg_use_color_gradient__hover=&#8221;on&#8221; button_bg_color_gradient_overlays_image__hover=&#8221;off&#8221;][\/et_pb_button][\/et_pb_column][\/et_pb_row][\/et_pb_section]<\/p>\n","protected":false},"excerpt":{"rendered":"<p>Participez \u00e0 la soir\u00e9e de lancement pour d\u00e9couvrir l\u2019\u00c9cole Pri\u00e8re et Communion, un livre sur la pri\u00e8re et un nouveau r\u00e9seau de pri\u00e8re.<\/p>\n","protected":false},"author":2,"featured_media":254900,"template":"","meta":{"_et_pb_use_builder":"on","_et_pb_old_content":"","_et_gb_content_width":"","_tribe_events_status":"","_tribe_events_status_reason":"","footnotes":""},"tags":[],"tribe_events_cat":[14,23,15],"class_list":["post-254868","tribe_events","type-tribe_events","status-publish","has-post-thumbnail","hentry","tribe_events_cat-centre-le-pelerin","tribe_events_cat-ecole-priere-et-communion","tribe_events_cat-evenements","cat_centre-le-pelerin","cat_ecole-priere-et-communion","cat_evenements"],"_links":{"self":[{"href":"https:\/\/lepelerin.org\/portail\/wp-json\/wp\/v2\/tribe_events\/254868","targetHints":{"allow":["GET"]}}],"collection":[{"href":"https:\/\/lepelerin.org\/portail\/wp-json\/wp\/v2\/tribe_events"}],"about":[{"href":"https:\/\/lepelerin.org\/portail\/wp-json\/wp\/v2\/types\/tribe_events"}],"author":[{"embeddable":true,"href":"https:\/\/lepelerin.org\/portail\/wp-json\/wp\/v2\/users\/2"}],"version-history":[{"count":21,"href":"https:\/\/lepelerin.org\/portail\/wp-json\/wp\/v2\/tribe_events\/254868\/revisions"}],"predecessor-version":[{"id":255531,"href":"https:\/\/lepelerin.org\/portail\/wp-json\/wp\/v2\/tribe_events\/254868\/revisions\/255531"}],"wp:featuredmedia":[{"embeddable":true,"href":"https:\/\/lepelerin.org\/portail\/wp-json\/wp\/v2\/media\/254900"}],"wp:attachment":[{"href":"https:\/\/lepelerin.org\/portail\/wp-json\/wp\/v2\/media?parent=254868"}],"wp:term":[{"taxonomy":"post_tag","embeddable":true,"href":"https:\/\/lepelerin.org\/portail\/wp-json\/wp\/v2\/tags?post=254868"},{"taxonomy":"tribe_events_cat","embeddable":true,"href":"https:\/\/lepelerin.org\/portail\/wp-json\/wp\/v2\/tribe_events_cat?post=254868"}],"curies":[{"name":"wp","href":"https:\/\/api.w.org\/{rel}","templated":true}]}}