{"id":254669,"date":"2026-01-08T10:49:07","date_gmt":"2026-01-08T15:49:07","guid":{"rendered":"https:\/\/lepelerin.org\/portail\/?post_type=tribe_events&#038;p=254669"},"modified":"2026-04-01T15:28:33","modified_gmt":"2026-04-01T19:28:33","slug":"retraite-careme-2026-beatitudes","status":"publish","type":"tribe_events","link":"https:\/\/lepelerin.org\/portail\/evenement\/retraite-careme-2026-beatitudes\/","title":{"rendered":"Retraite du Car\u00eame 2026 : Les B\u00e9atitudes, \u00e9cole de la relation"},"content":{"rendered":"<p>[et_pb_section fb_built=&#8221;1&#8243; admin_label=&#8221;Hero&#8221; _builder_version=&#8221;4.27.4&#8243; _module_preset=&#8221;default&#8221; background_color=&#8221;#fff8f2&#8243; background_enable_image=&#8221;off&#8221; background_size=&#8221;initial&#8221; background_position=&#8221;top_left&#8221; custom_padding=&#8221;0vw||2px||false|false&#8221; custom_css_main_element=&#8221;p {font-size:16px;}&#8221; locked=&#8221;off&#8221; collapsed=&#8221;on&#8221; global_colors_info=&#8221;{}&#8221;][et_pb_row _builder_version=&#8221;4.27.4&#8243; _module_preset=&#8221;5138c454-be54-4233-bd3b-f8e6a8747976&#8243; width=&#8221;100%&#8221; custom_padding=&#8221;||0px||false|false&#8221; global_colors_info=&#8221;{}&#8221;][et_pb_column type=&#8221;4_4&#8243; _builder_version=&#8221;4.18.0&#8243; _module_preset=&#8221;73121f80-a3ef-4484-8763-c3f18e3c56d2&#8243; global_colors_info=&#8221;{}&#8221;][et_pb_heading title=&#8221;Un chemin relationnel \u00e0 la lumi\u00e8re des B\u00e9atitudes&#8221; _builder_version=&#8221;4.27.4&#8243; _module_preset=&#8221;ddeb8c09-9078-4424-bc15-2efb6572e28e&#8221; title_font=&#8221;Nunito Sans|Nunito Sans_weight|||||||&#8221; title_text_color=&#8221;gcid-heading-color&#8221; title_font_size=&#8221;36px&#8221; title_line_height=&#8221;1.15em&#8221; title_font_size_tablet=&#8221;40px&#8221; title_font_size_phone=&#8221;24px&#8221; title_font_size_last_edited=&#8221;on|phone&#8221; locked=&#8221;off&#8221; global_colors_info=&#8221;{}&#8221;][\/et_pb_heading][et_pb_text _builder_version=&#8221;4.27.4&#8243; _module_preset=&#8221;default&#8221; global_colors_info=&#8221;{}&#8221;]<\/p>\n<p>Vivre nos relations n\u2019est pas toujours simple. Elles peuvent \u00eatre belles, porteuses de joie et de vie, mais elles sont aussi parfois difficiles, blessantes et marqu\u00e9es par la souffrance. Nous en faisons tous l\u2019exp\u00e9rience. Mais y a-t-il un chemin pour grandir dans cette relation ?\u00a0<\/p>\n<p>[\/et_pb_text][\/et_pb_column][\/et_pb_row][et_pb_row column_structure=&#8221;1_2,1_2&#8243; _builder_version=&#8221;4.27.4&#8243; _module_preset=&#8221;5138c454-be54-4233-bd3b-f8e6a8747976&#8243; width=&#8221;100%&#8221; custom_padding=&#8221;0px||0px||false|false&#8221; global_colors_info=&#8221;{}&#8221;][et_pb_column type=&#8221;1_2&#8243; _builder_version=&#8221;4.27.4&#8243; _module_preset=&#8221;73121f80-a3ef-4484-8763-c3f18e3c56d2&#8243; global_colors_info=&#8221;{}&#8221;][et_pb_text quote_border_color=&#8221;gcid-secondary-color&#8221; module_class=&#8221;custom-bullet&#8221; _builder_version=&#8221;4.27.4&#8243; _module_preset=&#8221;2c55a9c4-feed-423b-9edb-ae0b5b365cac&#8221; text_font=&#8221;Nunito|Nunito_weight|||||||&#8221; text_text_color=&#8221;gcid-body-color&#8221; text_line_height=&#8221;1.75em&#8221; link_font=&#8221;|Nunito_weight|||||||&#8221; link_text_color=&#8221;gcid-primary-color&#8221; quote_font=&#8221;Nunito Sans|Nunito Sans_weight|||||||&#8221; quote_text_color=&#8221;gcid-heading-color&#8221; header_font=&#8221;Nunito Sans|Nunito Sans_weight|||||||&#8221; header_text_color=&#8221;gcid-heading-color&#8221; header_font_size=&#8221;72px&#8221; header_line_height=&#8221;1.15em&#8221; header_2_font=&#8221;Nunito Sans|Nunito Sans_weight|||||||&#8221; header_2_text_color=&#8221;gcid-heading-color&#8221; header_2_font_size=&#8221;50px&#8221; header_2_line_height=&#8221;1.2em&#8221; header_3_font=&#8221;Nunito Sans|Nunito Sans_weight|||||||&#8221; header_3_text_color=&#8221;gcid-heading-color&#8221; header_3_font_size=&#8221;32px&#8221; header_3_line_height=&#8221;1.3em&#8221; header_4_font=&#8221;Nunito Sans|Nunito Sans_weight|||||||&#8221; header_4_text_color=&#8221;gcid-heading-color&#8221; header_4_font_size=&#8221;24px&#8221; header_4_line_height=&#8221;1.4em&#8221; header_5_font=&#8221;Nunito Sans|Nunito Sans_weight|||||||&#8221; header_5_text_color=&#8221;gcid-heading-color&#8221; header_5_font_size=&#8221;18px&#8221; header_5_line_height=&#8221;1.4em&#8221; header_6_font=&#8221;Nunito Sans|Nunito Sans_weight|||||||&#8221; header_6_text_color=&#8221;gcid-heading-color&#8221; header_6_line_height=&#8221;1.5em&#8221; custom_margin=&#8221;||||false|false&#8221; custom_padding=&#8221;||0px|||&#8221; text_font_size_tablet=&#8221;15px&#8221; text_font_size_phone=&#8221;14px&#8221; text_font_size_last_edited=&#8221;on|phone&#8221; header_font_size_tablet=&#8221;40px&#8221; header_font_size_phone=&#8221;24px&#8221; header_font_size_last_edited=&#8221;on|desktop&#8221; header_2_font_size_tablet=&#8221;28px&#8221; header_2_font_size_phone=&#8221;20px&#8221; header_2_font_size_last_edited=&#8221;on|phone&#8221; header_3_font_size_tablet=&#8221;22px&#8221; header_3_font_size_phone=&#8221;17px&#8221; header_3_font_size_last_edited=&#8221;on|phone&#8221; header_4_font_size_tablet=&#8221;18px&#8221; header_4_font_size_phone=&#8221;15px&#8221; header_4_font_size_last_edited=&#8221;on|tablet&#8221; header_5_font_size_tablet=&#8221;15px&#8221; header_5_font_size_phone=&#8221;14px&#8221; header_5_font_size_last_edited=&#8221;on|desktop&#8221; header_6_font_size_tablet=&#8221;13px&#8221; header_6_font_size_phone=&#8221;13px&#8221; header_6_font_size_last_edited=&#8221;on|desktop&#8221; custom_css_main_element=&#8221;li {font-size:16px;color:#666;}&#8221; locked=&#8221;off&#8221; global_colors_info=&#8221;{}&#8221;]<\/p>\n<p>Dans cette retraite, St\u00e9fan Th\u00e9riault nous invite \u00e0 entrer dans l\u2019\u00e9cole des B\u00e9atitudes pour apprendre \u00e0 vivre nos relations autrement.<\/p>\n<p>Avec elles, nous d\u00e9couvrons un chemin o\u00f9 m\u00eame les relations bless\u00e9es peuvent devenir, dans le Christ, des lieux de vie, de transformation et de r\u00e9surrection.<\/p>\n<ul>\n<li>\u00c0 quoi les B\u00e9atitudes nous invitent-elles dans notre mani\u00e8re de vivre la relation ?<\/li>\n<li>Comment ce qui est bless\u00e9 dans nos relations peut-il devenir, dans le Christ, un lieu de vie et de r\u00e9surrection ?<\/li>\n<li>Comment apprendre, \u00e0 la lumi\u00e8re des B\u00e9atitudes, \u00e0 aimer \u00e0 la mani\u00e8re du Christ ?<\/li>\n<\/ul>\n<p>[\/et_pb_text][\/et_pb_column][et_pb_column type=&#8221;1_2&#8243; _builder_version=&#8221;4.18.0&#8243; _module_preset=&#8221;73121f80-a3ef-4484-8763-c3f18e3c56d2&#8243; global_colors_info=&#8221;{}&#8221;][et_pb_video src=&#8221;https:\/\/youtu.be\/rn06XK2Rj7M&#8221; _builder_version=&#8221;4.27.4&#8243; _module_preset=&#8221;default&#8221; border_radii=&#8221;on|6px|6px|6px|6px&#8221; global_colors_info=&#8221;{}&#8221;][\/et_pb_video][\/et_pb_column][\/et_pb_row][et_pb_row _builder_version=&#8221;4.27.4&#8243; _module_preset=&#8221;default&#8221; width=&#8221;100%&#8221; custom_padding=&#8221;0px||0px|||&#8221; global_colors_info=&#8221;{}&#8221;][et_pb_column type=&#8221;4_4&#8243; _builder_version=&#8221;4.27.4&#8243; _module_preset=&#8221;default&#8221; global_colors_info=&#8221;{}&#8221;][et_pb_text quote_border_color=&#8221;gcid-secondary-color&#8221; module_class=&#8221;custom-bullet&#8221; _builder_version=&#8221;4.27.4&#8243; _module_preset=&#8221;2c55a9c4-feed-423b-9edb-ae0b5b365cac&#8221; text_font=&#8221;Nunito|Nunito_weight|||||||&#8221; text_text_color=&#8221;gcid-body-color&#8221; text_line_height=&#8221;1.75em&#8221; link_font=&#8221;|Nunito_weight|||||||&#8221; link_text_color=&#8221;gcid-primary-color&#8221; quote_font=&#8221;Nunito Sans|Nunito Sans_weight|||||||&#8221; quote_text_color=&#8221;gcid-heading-color&#8221; header_font=&#8221;Nunito Sans|Nunito Sans_weight|||||||&#8221; header_text_color=&#8221;gcid-heading-color&#8221; header_font_size=&#8221;72px&#8221; header_line_height=&#8221;1.15em&#8221; header_2_font=&#8221;Nunito Sans|Nunito Sans_weight|||||||&#8221; header_2_text_color=&#8221;gcid-heading-color&#8221; header_2_font_size=&#8221;50px&#8221; header_2_line_height=&#8221;1.2em&#8221; header_3_font=&#8221;Nunito Sans|Nunito Sans_weight|||||||&#8221; header_3_text_color=&#8221;gcid-heading-color&#8221; header_3_font_size=&#8221;32px&#8221; header_3_line_height=&#8221;1.3em&#8221; header_4_font=&#8221;Nunito Sans|Nunito Sans_weight|||||||&#8221; header_4_text_color=&#8221;gcid-heading-color&#8221; header_4_font_size=&#8221;24px&#8221; header_4_line_height=&#8221;1.4em&#8221; header_5_font=&#8221;Nunito Sans|Nunito Sans_weight|||||||&#8221; header_5_text_color=&#8221;gcid-heading-color&#8221; header_5_font_size=&#8221;18px&#8221; header_5_line_height=&#8221;1.4em&#8221; header_6_font=&#8221;Nunito Sans|Nunito Sans_weight|||||||&#8221; header_6_text_color=&#8221;gcid-heading-color&#8221; header_6_line_height=&#8221;1.5em&#8221; custom_margin=&#8221;||||false|false&#8221; custom_padding=&#8221;||0px|||&#8221; text_font_size_tablet=&#8221;15px&#8221; text_font_size_phone=&#8221;14px&#8221; text_font_size_last_edited=&#8221;on|phone&#8221; header_font_size_tablet=&#8221;40px&#8221; header_font_size_phone=&#8221;24px&#8221; header_font_size_last_edited=&#8221;on|desktop&#8221; header_2_font_size_tablet=&#8221;28px&#8221; header_2_font_size_phone=&#8221;20px&#8221; header_2_font_size_last_edited=&#8221;on|phone&#8221; header_3_font_size_tablet=&#8221;22px&#8221; header_3_font_size_phone=&#8221;17px&#8221; header_3_font_size_last_edited=&#8221;on|phone&#8221; header_4_font_size_tablet=&#8221;18px&#8221; header_4_font_size_phone=&#8221;15px&#8221; header_4_font_size_last_edited=&#8221;on|tablet&#8221; header_5_font_size_tablet=&#8221;15px&#8221; header_5_font_size_phone=&#8221;14px&#8221; header_5_font_size_last_edited=&#8221;on|desktop&#8221; header_6_font_size_tablet=&#8221;13px&#8221; header_6_font_size_phone=&#8221;13px&#8221; header_6_font_size_last_edited=&#8221;on|desktop&#8221; locked=&#8221;off&#8221; global_colors_info=&#8221;{}&#8221;]<\/p>\n<p style=\"text-align: center;\"><span style=\"font-size: 22px;\">Ce sera une joie de cheminer ensemble, durant ce Car\u00eame 2026, pour d\u00e9couvrir comment les B\u00e9atitudes peuvent transformer nos relations et les ouvrir \u00e0 plus de vie.<\/span><\/p>\n<p>[\/et_pb_text][\/et_pb_column][\/et_pb_row][et_pb_row _builder_version=&#8221;4.27.4&#8243; _module_preset=&#8221;default&#8221; width=&#8221;60%&#8221; global_colors_info=&#8221;{}&#8221;][et_pb_column type=&#8221;4_4&#8243; _builder_version=&#8221;4.27.4&#8243; _module_preset=&#8221;default&#8221; global_colors_info=&#8221;{}&#8221;][et_pb_button button_url=&#8221;https:\/\/ressources.lepelerin.org\/courses\/rc2026\/&#8221; url_new_window=&#8221;on&#8221; button_text=&#8221;S&#8217;INSCRIRE&#8221; button_alignment=&#8221;center&#8221; _builder_version=&#8221;4.27.4&#8243; _module_preset=&#8221;default&#8221; global_colors_info=&#8221;{}&#8221; button_bg_color_gradient_stops__hover=&#8221;#e95365 50%|#832f39 99%&#8221; button_bg_use_color_gradient__hover=&#8221;on&#8221; button_bg_color_gradient_overlays_image__hover=&#8221;off&#8221;][\/et_pb_button][\/et_pb_column][\/et_pb_row][\/et_pb_section][et_pb_section fb_built=&#8221;1&#8243; admin_label=&#8221;Features&#8221; _builder_version=&#8221;4.27.4&#8243; _module_preset=&#8221;default&#8221; width=&#8221;95%&#8221; module_alignment=&#8221;center&#8221; min_height=&#8221;781.9px&#8221; custom_margin=&#8221;80px||||false|false&#8221; border_radii=&#8221;on|18px|18px|18px|18px&#8221; box_shadow_style=&#8221;preset1&#8243; locked=&#8221;off&#8221; collapsed=&#8221;on&#8221; global_colors_info=&#8221;{}&#8221;][et_pb_row _builder_version=&#8221;4.18.0&#8243; _module_preset=&#8221;5138c454-be54-4233-bd3b-f8e6a8747976&#8243; custom_margin=&#8221;|auto|-10px|auto|false|false&#8221; global_colors_info=&#8221;{}&#8221;][et_pb_column type=&#8221;4_4&#8243; _builder_version=&#8221;4.18.0&#8243; _module_preset=&#8221;73121f80-a3ef-4484-8763-c3f18e3c56d2&#8243; global_colors_info=&#8221;{}&#8221;][et_pb_heading title=&#8221;Informations pratiques&#8221; _builder_version=&#8221;4.27.4&#8243; _module_preset=&#8221;c33f07d9-41e0-421a-8799-5799df695cce&#8221; title_font=&#8221;Nunito Sans|Nunito Sans_weight|||||||&#8221; title_text_color=&#8221;gcid-heading-color&#8221; title_font_size=&#8221;36px&#8221; title_line_height=&#8221;1.2em&#8221; custom_margin=&#8221;||10px||false|false&#8221; title_font_size_tablet=&#8221;28px&#8221; title_font_size_phone=&#8221;20px&#8221; title_font_size_last_edited=&#8221;on|phone&#8221; locked=&#8221;off&#8221; global_colors_info=&#8221;{}&#8221;][\/et_pb_heading][\/et_pb_column][\/et_pb_row][et_pb_row column_structure=&#8221;1_3,1_3,1_3&#8243; custom_padding_last_edited=&#8221;on|tablet&#8221; _builder_version=&#8221;4.27.4&#8243; _module_preset=&#8221;5138c454-be54-4233-bd3b-f8e6a8747976&#8243; width=&#8221;94%&#8221; custom_padding=&#8221;||1px|||&#8221; custom_padding_tablet=&#8221;||0px||false|false&#8221; custom_padding_phone=&#8221;||0px||false|false&#8221; global_colors_info=&#8221;{}&#8221;][et_pb_column type=&#8221;1_3&#8243; _builder_version=&#8221;4.18.0&#8243; _module_preset=&#8221;73121f80-a3ef-4484-8763-c3f18e3c56d2&#8243; global_colors_info=&#8221;{}&#8221;][et_pb_blurb title=&#8221;Date&#8221; use_icon=&#8221;on&#8221; font_icon=&#8221;&#xf073;||fa||400&#8243; icon_color=&#8221;gcid-secondary-color&#8221; image_icon_width=&#8221;44px&#8221; content_max_width=&#8221;100%&#8221; _builder_version=&#8221;4.27.4&#8243; _module_preset=&#8221;212b201d-2c34-41bd-936c-851b7357d08b&#8221; header_font=&#8221;Nunito Sans|Nunito Sans_weight|||||||&#8221; header_text_color=&#8221;gcid-heading-color&#8221; header_font_size=&#8221;18px&#8221; header_line_height=&#8221;1.4em&#8221; body_font=&#8221;Nunito|Nunito_weight|||||||&#8221; body_text_color=&#8221;gcid-body-color&#8221; body_line_height=&#8221;1.75em&#8221; body_link_text_color=&#8221;gcid-primary-color&#8221; body_link_font_size=&#8221;14px&#8221; background_mask_style=&#8221;diagonal-pills&#8221; image_icon_custom_margin=&#8221;||||false|false&#8221; image_icon_custom_padding=&#8221;||||false|false&#8221; text_orientation=&#8221;center&#8221; animation=&#8221;off&#8221; header_font_size_tablet=&#8221;15px&#8221; header_font_size_phone=&#8221;13px&#8221; header_font_size_last_edited=&#8221;on|phone&#8221; body_font_size_tablet=&#8221;15px&#8221; body_font_size_phone=&#8221;14px&#8221; body_font_size_last_edited=&#8221;on|desktop&#8221; locked=&#8221;off&#8221; global_colors_info=&#8221;{%22gcid-body-color%22:%91%22body_text_color%22,%22body_text_color%22%93,%22gcid-heading-color%22:%91%22header_text_color%22,%22header_text_color%22%93,%22gcid-secondary-color%22:%91%22icon_color%22%93}&#8221;]<\/p>\n<p>Du <strong>15 f\u00e9vrier au 11 avril 2026<\/strong><br \/>Une marche spirituelle en huit semaines, au rythme du Car\u00eame.<\/p>\n<p>[\/et_pb_blurb][\/et_pb_column][et_pb_column type=&#8221;1_3&#8243; _builder_version=&#8221;4.18.0&#8243; _module_preset=&#8221;73121f80-a3ef-4484-8763-c3f18e3c56d2&#8243; global_colors_info=&#8221;{}&#8221;][et_pb_blurb title=&#8221;Contenu&#8221; use_icon=&#8221;on&#8221; font_icon=&#8221;&#xf03d;||fa||900&#8243; icon_color=&#8221;gcid-secondary-color&#8221; image_icon_width=&#8221;44px&#8221; content_max_width=&#8221;100%&#8221; _builder_version=&#8221;4.27.4&#8243; _module_preset=&#8221;212b201d-2c34-41bd-936c-851b7357d08b&#8221; header_font=&#8221;Nunito Sans|Nunito Sans_weight|||||||&#8221; header_text_color=&#8221;gcid-heading-color&#8221; header_font_size=&#8221;18px&#8221; header_line_height=&#8221;1.4em&#8221; body_font=&#8221;Nunito|Nunito_weight|||||||&#8221; body_text_color=&#8221;gcid-body-color&#8221; body_line_height=&#8221;1.75em&#8221; body_link_text_color=&#8221;gcid-primary-color&#8221; body_link_font_size=&#8221;14px&#8221; background_mask_style=&#8221;diagonal-pills&#8221; image_icon_custom_margin=&#8221;||||false|false&#8221; image_icon_custom_padding=&#8221;||||false|false&#8221; text_orientation=&#8221;center&#8221; animation=&#8221;off&#8221; header_font_size_tablet=&#8221;15px&#8221; header_font_size_phone=&#8221;13px&#8221; header_font_size_last_edited=&#8221;on|phone&#8221; body_font_size_tablet=&#8221;15px&#8221; body_font_size_phone=&#8221;14px&#8221; body_font_size_last_edited=&#8221;on|desktop&#8221; locked=&#8221;off&#8221; global_colors_info=&#8221;{%22gcid-body-color%22:%91%22body_text_color%22,%22body_text_color%22,%22body_text_color%22,%22body_text_color%22%93,%22gcid-heading-color%22:%91%22header_text_color%22,%22header_text_color%22,%22header_text_color%22,%22header_text_color%22%93,%22gcid-secondary-color%22:%91%22icon_color%22,%22icon_color%22%93}&#8221;]<\/p>\n<p>Chaque semaine, un extrait vid\u00e9o d\u2019enseignement de St\u00e9fan Th\u00e9riault, pour nourrir votre r\u00e9flexion et votre pri\u00e8re.<\/p>\n<p>[\/et_pb_blurb][\/et_pb_column][et_pb_column type=&#8221;1_3&#8243; _builder_version=&#8221;4.18.0&#8243; _module_preset=&#8221;73121f80-a3ef-4484-8763-c3f18e3c56d2&#8243; global_colors_info=&#8221;{}&#8221;][et_pb_blurb title=&#8221;Rencontres en direct&#8221; use_icon=&#8221;on&#8221; font_icon=&#8221;&#xf086;||fa||900&#8243; icon_color=&#8221;gcid-secondary-color&#8221; image_icon_width=&#8221;44px&#8221; content_max_width=&#8221;100%&#8221; _builder_version=&#8221;4.27.4&#8243; _module_preset=&#8221;212b201d-2c34-41bd-936c-851b7357d08b&#8221; header_font=&#8221;Nunito Sans|Nunito Sans_weight|||||||&#8221; header_text_color=&#8221;gcid-heading-color&#8221; header_font_size=&#8221;18px&#8221; header_line_height=&#8221;1.4em&#8221; body_font=&#8221;Nunito|Nunito_weight|||||||&#8221; body_text_color=&#8221;gcid-body-color&#8221; body_line_height=&#8221;1.75em&#8221; body_link_text_color=&#8221;gcid-primary-color&#8221; body_link_font_size=&#8221;14px&#8221; background_mask_style=&#8221;diagonal-pills&#8221; image_icon_custom_margin=&#8221;||||false|false&#8221; image_icon_custom_padding=&#8221;||||false|false&#8221; text_orientation=&#8221;center&#8221; animation=&#8221;off&#8221; header_font_size_tablet=&#8221;15px&#8221; header_font_size_phone=&#8221;13px&#8221; header_font_size_last_edited=&#8221;on|phone&#8221; body_font_size_tablet=&#8221;15px&#8221; body_font_size_phone=&#8221;14px&#8221; body_font_size_last_edited=&#8221;on|desktop&#8221; locked=&#8221;off&#8221; global_colors_info=&#8221;{%22gcid-body-color%22:%91%22body_text_color%22,%22body_text_color%22,%22body_text_color%22,%22body_text_color%22%93,%22gcid-heading-color%22:%91%22header_text_color%22,%22header_text_color%22,%22header_text_color%22,%22header_text_color%22%93,%22gcid-secondary-color%22:%91%22icon_color%22,%22icon_color%22%93}&#8221;]<\/p>\n<p>Deux rencontres Zoom sont pr\u00e9vues les samedis 14 mars et 11 avril, de 9 h \u00e0 11 h (HNE), pour partager votre exp\u00e9rience et poser vos questions en cours de route.<\/p>\n<p>[\/et_pb_blurb][\/et_pb_column][\/et_pb_row][et_pb_row column_structure=&#8221;1_3,1_3,1_3&#8243; custom_padding_last_edited=&#8221;on|tablet&#8221; _builder_version=&#8221;4.27.4&#8243; _module_preset=&#8221;5138c454-be54-4233-bd3b-f8e6a8747976&#8243; width=&#8221;96%&#8221; custom_padding_tablet=&#8221;||0px||false|false&#8221; custom_padding_phone=&#8221;||0px||false|false&#8221; global_colors_info=&#8221;{}&#8221;][et_pb_column type=&#8221;1_3&#8243; _builder_version=&#8221;4.18.0&#8243; _module_preset=&#8221;73121f80-a3ef-4484-8763-c3f18e3c56d2&#8243; global_colors_info=&#8221;{}&#8221;][et_pb_blurb title=&#8221;Ouverture \u00e0 tous&#8221; use_icon=&#8221;on&#8221; font_icon=&#8221;&#xf57d;||fa||900&#8243; icon_color=&#8221;gcid-secondary-color&#8221; image_icon_width=&#8221;44px&#8221; content_max_width=&#8221;100%&#8221; _builder_version=&#8221;4.27.4&#8243; _module_preset=&#8221;212b201d-2c34-41bd-936c-851b7357d08b&#8221; header_font=&#8221;Nunito Sans|Nunito Sans_weight|||||||&#8221; header_text_color=&#8221;gcid-heading-color&#8221; header_font_size=&#8221;18px&#8221; header_line_height=&#8221;1.4em&#8221; body_font=&#8221;Nunito|Nunito_weight|||||||&#8221; body_text_color=&#8221;gcid-body-color&#8221; body_line_height=&#8221;1.75em&#8221; body_link_text_color=&#8221;gcid-primary-color&#8221; body_link_font_size=&#8221;14px&#8221; background_mask_style=&#8221;diagonal-pills&#8221; image_icon_custom_margin=&#8221;||||false|false&#8221; image_icon_custom_padding=&#8221;||||false|false&#8221; text_orientation=&#8221;center&#8221; animation=&#8221;off&#8221; header_font_size_tablet=&#8221;15px&#8221; header_font_size_phone=&#8221;13px&#8221; header_font_size_last_edited=&#8221;on|phone&#8221; body_font_size_tablet=&#8221;15px&#8221; body_font_size_phone=&#8221;14px&#8221; body_font_size_last_edited=&#8221;on|desktop&#8221; locked=&#8221;off&#8221; global_colors_info=&#8221;{%22gcid-body-color%22:%91%22body_text_color%22,%22body_text_color%22,%22body_text_color%22,%22body_text_color%22%93,%22gcid-heading-color%22:%91%22header_text_color%22,%22header_text_color%22,%22header_text_color%22,%22header_text_color%22%93,%22gcid-secondary-color%22:%91%22icon_color%22,%22icon_color%22%93}&#8221;]<\/p>\n<p>La retraite est offerte en fran\u00e7ais et s\u2019adresse \u00e0 toute personne en recherche du chemin de la foi.<\/p>\n<p>[\/et_pb_blurb][\/et_pb_column][et_pb_column type=&#8221;1_3&#8243; _builder_version=&#8221;4.18.0&#8243; _module_preset=&#8221;73121f80-a3ef-4484-8763-c3f18e3c56d2&#8243; global_colors_info=&#8221;{}&#8221;][et_pb_blurb title=&#8221;Co\u00fbt et inscription&#8221; use_icon=&#8221;on&#8221; font_icon=&#8221;&#xf4c0;||fa||900&#8243; icon_color=&#8221;gcid-secondary-color&#8221; image_icon_width=&#8221;44px&#8221; content_max_width=&#8221;100%&#8221; _builder_version=&#8221;4.27.4&#8243; _module_preset=&#8221;212b201d-2c34-41bd-936c-851b7357d08b&#8221; header_font=&#8221;Nunito Sans|Nunito Sans_weight|||||||&#8221; header_text_color=&#8221;gcid-heading-color&#8221; header_font_size=&#8221;18px&#8221; header_line_height=&#8221;1.4em&#8221; body_font=&#8221;Nunito|Nunito_weight|||||||&#8221; body_text_color=&#8221;gcid-body-color&#8221; body_line_height=&#8221;1.75em&#8221; body_link_text_color=&#8221;gcid-primary-color&#8221; body_link_font_size=&#8221;14px&#8221; background_mask_style=&#8221;diagonal-pills&#8221; image_icon_custom_margin=&#8221;||||false|false&#8221; image_icon_custom_padding=&#8221;||||false|false&#8221; text_orientation=&#8221;center&#8221; animation=&#8221;off&#8221; header_font_size_tablet=&#8221;15px&#8221; header_font_size_phone=&#8221;13px&#8221; header_font_size_last_edited=&#8221;on|phone&#8221; body_font_size_tablet=&#8221;15px&#8221; body_font_size_phone=&#8221;14px&#8221; body_font_size_last_edited=&#8221;on|desktop&#8221; locked=&#8221;off&#8221; global_colors_info=&#8221;{%22gcid-body-color%22:%91%22body_text_color%22,%22body_text_color%22,%22body_text_color%22,%22body_text_color%22%93,%22gcid-heading-color%22:%91%22header_text_color%22,%22header_text_color%22,%22header_text_color%22,%22header_text_color%22%93,%22gcid-secondary-color%22:%91%22icon_color%22,%22icon_color%22%93}&#8221;]<\/p>\n<p>75 $ par personne.\u00a0<a href=\"https:\/\/ressources.lepelerin.org\/courses\/rc2026\/\" target=\"_blank\" rel=\"noopener\">Inscrivez-vous<\/a> en ligne pour recevoir vos acc\u00e8s par courriel d\u00e8s le d\u00e9but de la retraite.<\/p>\n<p>[\/et_pb_blurb][\/et_pb_column][et_pb_column type=&#8221;1_3&#8243; _builder_version=&#8221;4.18.0&#8243; _module_preset=&#8221;73121f80-a3ef-4484-8763-c3f18e3c56d2&#8243; global_colors_info=&#8221;{}&#8221;][et_pb_blurb title=&#8221;Contact&#8221; use_icon=&#8221;on&#8221; font_icon=&#8221;&#xe090;||divi||400&#8243; icon_color=&#8221;gcid-secondary-color&#8221; image_icon_width=&#8221;44px&#8221; content_max_width=&#8221;100%&#8221; _builder_version=&#8221;4.27.4&#8243; _module_preset=&#8221;212b201d-2c34-41bd-936c-851b7357d08b&#8221; header_font=&#8221;Nunito Sans|Nunito Sans_weight|||||||&#8221; header_text_color=&#8221;gcid-heading-color&#8221; header_font_size=&#8221;18px&#8221; header_line_height=&#8221;1.4em&#8221; body_font=&#8221;Nunito|Nunito_weight|||||||&#8221; body_text_color=&#8221;gcid-body-color&#8221; body_line_height=&#8221;1.75em&#8221; body_link_text_color=&#8221;gcid-primary-color&#8221; body_link_font_size=&#8221;14px&#8221; background_mask_style=&#8221;diagonal-pills&#8221; image_icon_custom_margin=&#8221;||||false|false&#8221; image_icon_custom_padding=&#8221;||||false|false&#8221; text_orientation=&#8221;center&#8221; animation=&#8221;off&#8221; header_font_size_tablet=&#8221;15px&#8221; header_font_size_phone=&#8221;13px&#8221; header_font_size_last_edited=&#8221;on|phone&#8221; body_font_size_tablet=&#8221;15px&#8221; body_font_size_phone=&#8221;14px&#8221; body_font_size_last_edited=&#8221;on|desktop&#8221; locked=&#8221;off&#8221; global_colors_info=&#8221;{%22gcid-body-color%22:%91%22body_text_color%22,%22body_text_color%22,%22body_text_color%22,%22body_text_color%22%93,%22gcid-heading-color%22:%91%22header_text_color%22,%22header_text_color%22,%22header_text_color%22,%22header_text_color%22%93,%22gcid-secondary-color%22:%91%22icon_color%22,%22icon_color%22%93}&#8221;]<\/p>\n<p>Pour toute question : 514 737-6262 #290<br \/>ou Halyna Kryshtal au <a href=\"mailto:hkryshtal@lepelerin.org\">hkryshtal@lepelerin.org<\/a><\/p>\n<p>[\/et_pb_blurb][\/et_pb_column][\/et_pb_row][et_pb_row _builder_version=&#8221;4.27.4&#8243; _module_preset=&#8221;default&#8221; global_colors_info=&#8221;{}&#8221;][et_pb_column type=&#8221;4_4&#8243; _builder_version=&#8221;4.27.4&#8243; _module_preset=&#8221;default&#8221; global_colors_info=&#8221;{}&#8221;][et_pb_button button_url=&#8221;https:\/\/ressources.lepelerin.org\/courses\/rc2026\/&#8221; url_new_window=&#8221;on&#8221; button_text=&#8221;S&#8217;INSCRIRE&#8221; button_alignment=&#8221;center&#8221; _builder_version=&#8221;4.27.4&#8243; _module_preset=&#8221;default&#8221; global_colors_info=&#8221;{}&#8221; button_bg_color_gradient_stops__hover=&#8221;#e95365 50%|#832f39 99%&#8221; button_bg_use_color_gradient__hover=&#8221;on&#8221; button_bg_color_gradient_overlays_image__hover=&#8221;off&#8221;][\/et_pb_button][\/et_pb_column][\/et_pb_row][\/et_pb_section][et_pb_section fb_built=&#8221;1&#8243; admin_label=&#8221;Text &#038; Image&#8221; _builder_version=&#8221;4.27.4&#8243; _module_preset=&#8221;default&#8221; background_color=&#8221;#FFFFFF&#8221; width=&#8221;95%&#8221; module_alignment=&#8221;center&#8221; custom_margin=&#8221;80px||80px||false|false&#8221; custom_padding=&#8221;70px||70px||true|false&#8221; border_radii=&#8221;on|18px|18px|18px|18px&#8221; box_shadow_style=&#8221;preset1&#8243; locked=&#8221;off&#8221; collapsed=&#8221;on&#8221; global_colors_info=&#8221;{}&#8221;][et_pb_row _builder_version=&#8221;4.27.4&#8243; _module_preset=&#8221;5138c454-be54-4233-bd3b-f8e6a8747976&#8243; custom_margin=&#8221;||0px||false|false&#8221; custom_padding=&#8221;0px||0px||true|false&#8221; global_colors_info=&#8221;{}&#8221;][et_pb_column type=&#8221;4_4&#8243; _builder_version=&#8221;4.27.4&#8243; _module_preset=&#8221;73121f80-a3ef-4484-8763-c3f18e3c56d2&#8243; custom_padding=&#8221;20px||0px||false|false&#8221; custom_padding_tablet=&#8221;8%||0%||false|false&#8221; custom_padding_phone=&#8221;8%||||false|false&#8221; custom_padding_last_edited=&#8221;on|desktop&#8221; global_colors_info=&#8221;{}&#8221;][et_pb_heading title=&#8221;Rencontrez votre pr\u00e9dicateur&#8221; _builder_version=&#8221;4.27.4&#8243; _module_preset=&#8221;default&#8221; title_font_size=&#8221;36px&#8221; global_colors_info=&#8221;{}&#8221;][\/et_pb_heading][\/et_pb_column][\/et_pb_row][et_pb_row column_structure=&#8221;1_2,1_2&#8243; _builder_version=&#8221;4.27.4&#8243; _module_preset=&#8221;default&#8221; custom_margin=&#8221;0px||20px||false|false&#8221; custom_padding=&#8221;||0px|||&#8221; global_colors_info=&#8221;{}&#8221;][et_pb_column type=&#8221;1_2&#8243; _builder_version=&#8221;4.27.4&#8243; _module_preset=&#8221;default&#8221; global_colors_info=&#8221;{}&#8221;][et_pb_heading title=&#8221;St\u00e9fan Th\u00e9riault&#8221; _builder_version=&#8221;4.27.4&#8243; _module_preset=&#8221;default&#8221; title_level=&#8221;h3&#8243; title_text_align=&#8221;left&#8221; title_font_size=&#8221;22px&#8221; global_colors_info=&#8221;{}&#8221;][\/et_pb_heading][et_pb_text quote_border_color=&#8221;gcid-secondary-color&#8221; _builder_version=&#8221;4.27.4&#8243; _module_preset=&#8221;2c55a9c4-feed-423b-9edb-ae0b5b365cac&#8221; text_font=&#8221;Nunito|Nunito_weight|||||||&#8221; text_text_color=&#8221;gcid-body-color&#8221; link_font=&#8221;|Nunito_weight|||||||&#8221; link_text_color=&#8221;gcid-primary-color&#8221; quote_font=&#8221;Nunito Sans|Nunito Sans_weight|||||||&#8221; quote_text_color=&#8221;gcid-heading-color&#8221; header_font=&#8221;Nunito Sans|Nunito Sans_weight|||||||&#8221; header_text_color=&#8221;gcid-heading-color&#8221; header_font_size=&#8221;72px&#8221; header_line_height=&#8221;1.15em&#8221; header_2_font=&#8221;Nunito Sans|Nunito Sans_weight|||||||&#8221; header_2_text_color=&#8221;gcid-heading-color&#8221; header_2_font_size=&#8221;50px&#8221; header_2_line_height=&#8221;1.2em&#8221; header_3_font=&#8221;Nunito Sans|Nunito Sans_weight|||||||&#8221; header_3_text_color=&#8221;gcid-heading-color&#8221; header_3_font_size=&#8221;32px&#8221; header_3_line_height=&#8221;1.3em&#8221; header_4_font=&#8221;Nunito Sans|Nunito Sans_weight|||||||&#8221; header_4_text_color=&#8221;gcid-heading-color&#8221; header_4_font_size=&#8221;24px&#8221; header_4_line_height=&#8221;1.4em&#8221; header_5_font=&#8221;Nunito Sans|Nunito Sans_weight|||||||&#8221; header_5_text_color=&#8221;gcid-heading-color&#8221; header_5_font_size=&#8221;18px&#8221; header_5_line_height=&#8221;1.4em&#8221; header_6_font=&#8221;Nunito Sans|Nunito Sans_weight|||||||&#8221; header_6_text_color=&#8221;gcid-heading-color&#8221; header_6_line_height=&#8221;1.5em&#8221; custom_margin=&#8221;||||false|false&#8221; custom_padding=&#8221;||0px|||&#8221; text_font_size_tablet=&#8221;15px&#8221; text_font_size_phone=&#8221;14px&#8221; text_font_size_last_edited=&#8221;on|phone&#8221; header_font_size_tablet=&#8221;40px&#8221; header_font_size_phone=&#8221;24px&#8221; header_font_size_last_edited=&#8221;on|desktop&#8221; header_2_font_size_tablet=&#8221;28px&#8221; header_2_font_size_phone=&#8221;20px&#8221; header_2_font_size_last_edited=&#8221;on|phone&#8221; header_3_font_size_tablet=&#8221;22px&#8221; header_3_font_size_phone=&#8221;17px&#8221; header_3_font_size_last_edited=&#8221;on|phone&#8221; header_4_font_size_tablet=&#8221;18px&#8221; header_4_font_size_phone=&#8221;15px&#8221; header_4_font_size_last_edited=&#8221;on|tablet&#8221; header_5_font_size_tablet=&#8221;15px&#8221; header_5_font_size_phone=&#8221;14px&#8221; header_5_font_size_last_edited=&#8221;on|desktop&#8221; header_6_font_size_tablet=&#8221;13px&#8221; header_6_font_size_phone=&#8221;13px&#8221; header_6_font_size_last_edited=&#8221;on|desktop&#8221; locked=&#8221;off&#8221; global_colors_info=&#8221;{}&#8221;]<span style=\"font-size: 15px;\">Mari\u00e9 et p\u00e8re de deux enfants, St\u00e9fan Th\u00e9riault est un sp\u00e9cialiste de la mise en place et de la gestion de programmes d&#8217;\u00e9tudes et de formations.<\/span><\/p>\n<p><span style=\"font-size: 15px;\">Il assure la direction du Centre d&#8217;accompagnement spirituel Le P\u00e8lerin, \u00e0 Montr\u00e9al, depuis les d\u00e9buts en 2001.<\/span><\/p>\n<p><span style=\"font-size: 15px;\">Visionnaire, cr\u00e9atif et en qu\u00eate d&#8217;absolu, avec d&#8217;autres, il \u00e9tablit de multiples projets qui favorisent la vie int\u00e9rieure.<\/span><\/p>\n<p><span style=\"font-size: 15px;\">\u00c9crivain, il est l&#8217;auteur du livre Revivre comme Lazare, publi\u00e9 chez Salvator en 2016.<\/span>[\/et_pb_text][\/et_pb_column][et_pb_column type=&#8221;1_2&#8243; _builder_version=&#8221;4.27.4&#8243; _module_preset=&#8221;default&#8221; global_colors_info=&#8221;{}&#8221;][et_pb_image src=&#8221;https:\/\/lepelerin.org\/portail\/wp-content\/uploads\/2025\/04\/Stefan-Theriault-1.jpg&#8221; alt=&#8221;St\u00e9fan Th\u00e9riault&#8221; title_text=&#8221;St\u00e9fan Th\u00e9riault&#8221; _builder_version=&#8221;4.27.4&#8243; _module_preset=&#8221;default&#8221; border_radii=&#8221;on|18px|18px|18px|18px&#8221; global_colors_info=&#8221;{}&#8221;][\/et_pb_image][\/et_pb_column][\/et_pb_row][et_pb_row _builder_version=&#8221;4.27.4&#8243; _module_preset=&#8221;default&#8221; global_colors_info=&#8221;{}&#8221;][et_pb_column type=&#8221;4_4&#8243; _builder_version=&#8221;4.27.4&#8243; _module_preset=&#8221;default&#8221; global_colors_info=&#8221;{}&#8221;][et_pb_button button_url=&#8221;https:\/\/ressources.lepelerin.org\/courses\/rc2026\/&#8221; url_new_window=&#8221;on&#8221; button_text=&#8221;S&#8217;INSCRIRE&#8221; button_alignment=&#8221;center&#8221; _builder_version=&#8221;4.27.4&#8243; _module_preset=&#8221;default&#8221; global_colors_info=&#8221;{}&#8221; button_bg_color_gradient_stops__hover=&#8221;#e95365 50%|#832f39 99%&#8221; button_bg_use_color_gradient__hover=&#8221;on&#8221; button_bg_color_gradient_overlays_image__hover=&#8221;off&#8221;][\/et_pb_button][\/et_pb_column][\/et_pb_row][\/et_pb_section][et_pb_section fb_built=&#8221;1&#8243; admin_label=&#8221;Frequently Asked Questions&#8221; _builder_version=&#8221;4.27.4&#8243; _module_preset=&#8221;default&#8221; background_color=&#8221;#be4750&#8243; border_radii=&#8221;on|18px|18px|18px|18px&#8221; locked=&#8221;off&#8221; collapsed=&#8221;on&#8221; global_colors_info=&#8221;{%22gcid-36fd78a7-34bc-404d-873c-dafa34efaae5%22:%91%22colorStart%22%93,%22gcid-secondary-color%22:%91%22background_color_gradient_stops%22%93,%22gcid-primary-color%22:%91%22background_color_gradient_stops%22%93}&#8221;][et_pb_row _builder_version=&#8221;4.17.6&#8243; _module_preset=&#8221;5138c454-be54-4233-bd3b-f8e6a8747976&#8243; locked=&#8221;off&#8221; global_colors_info=&#8221;{}&#8221;][et_pb_column type=&#8221;4_4&#8243; _builder_version=&#8221;4.16&#8243; _module_preset=&#8221;73121f80-a3ef-4484-8763-c3f18e3c56d2&#8243; global_colors_info=&#8221;{}&#8221;][et_pb_heading title=&#8221;Questions fr\u00e9quentes&#8221; _builder_version=&#8221;4.27.4&#8243; _module_preset=&#8221;c33f07d9-41e0-421a-8799-5799df695cce&#8221; title_font=&#8221;Nunito Sans|Nunito Sans_weight|||||||&#8221; title_text_color=&#8221;#FFFFFF&#8221; title_font_size=&#8221;36px&#8221; title_line_height=&#8221;1.2em&#8221; custom_margin=&#8221;||0px||false|false&#8221; title_font_size_tablet=&#8221;28px&#8221; title_font_size_phone=&#8221;20px&#8221; title_font_size_last_edited=&#8221;on|phone&#8221; global_colors_info=&#8221;{}&#8221;][\/et_pb_heading][\/et_pb_column][\/et_pb_row][et_pb_row custom_padding_last_edited=&#8221;on|phone&#8221; _builder_version=&#8221;4.27.4&#8243; _module_preset=&#8221;c9cfaba2-2263-4f35-8227-8d16ca8bd1cc&#8221; background_color=&#8221;#FFFFFF&#8221; max_width=&#8221;700px&#8221; module_alignment=&#8221;center&#8221; custom_margin=&#8221;0px||0px||true|false&#8221; custom_padding=&#8221;60px|60px|60px|60px|true|true&#8221; custom_padding_tablet=&#8221;&#8221; custom_padding_phone=&#8221;&#8221; border_radii=&#8221;on|6px|6px|6px|6px&#8221; box_shadow_style=&#8221;preset3&#8243; box_shadow_vertical=&#8221;24px&#8221; box_shadow_blur=&#8221;72px&#8221; box_shadow_spread=&#8221;-12px&#8221; box_shadow_color=&#8221;rgba(0,0,0,0.12)&#8221; global_colors_info=&#8221;{}&#8221;][et_pb_column type=&#8221;4_4&#8243; _builder_version=&#8221;4.16&#8243; _module_preset=&#8221;73121f80-a3ef-4484-8763-c3f18e3c56d2&#8243; global_colors_info=&#8221;{}&#8221;][et_pb_accordion open_toggle_text_color=&#8221;gcid-primary-color&#8221; open_toggle_background_color=&#8221;RGBA(255,255,255,0)&#8221; closed_toggle_background_color=&#8221;RGBA(255,255,255,0)&#8221; toggle_icon=&#8221;&#xf067;||fa||900&#8243; icon_color=&#8221;gcid-primary-color&#8221; use_icon_font_size=&#8221;on&#8221; _builder_version=&#8221;4.27.4&#8243; _module_preset=&#8221;73efbc9d-37bf-4f75-b3d8-498640ef079f&#8221; toggle_text_color=&#8221;gcid-heading-color&#8221; toggle_font=&#8221;Nunito Sans|Nunito Sans_weight|||||||&#8221; toggle_font_size=&#8221;18px&#8221; toggle_line_height=&#8221;1.3em&#8221; body_font=&#8221;Nunito|Nunito_weight|||||||&#8221; body_text_color=&#8221;gcid-body-color&#8221; body_line_height=&#8221;1.75em&#8221; toggle_font_size_tablet=&#8221;15px&#8221; toggle_font_size_phone=&#8221;14px&#8221; toggle_font_size_last_edited=&#8221;on|phone&#8221; body_font_size_tablet=&#8221;15px&#8221; body_font_size_phone=&#8221;14px&#8221; body_font_size_last_edited=&#8221;on|desktop&#8221; border_radii=&#8221;on|6px|6px|6px|6px&#8221; border_width_all=&#8221;2px&#8221; border_color_all=&#8221;rgba(0,0,0,0.08)&#8221; locked=&#8221;off&#8221; global_colors_info=&#8221;{%22gcid-36fd78a7-34bc-404d-873c-dafa34efaae5%22:%91%22quote_icon_color%22,%22icon_color%22,%22open_toggle_text_color%22%93,%22gcid-f2943306-fa6c-45f0-b632-5fc00151366a%22:%91%22icon_color%22,%22open_toggle_text_color%22%93,%22gcid-3e0ae39b-d026-4173-b444-0c785917aeff%22:%91%22body_text_color%22%93,%22gcid-828accbb-1ed2-407d-95be-20ab4e191566%22:%91%22border_color_all%22%93}&#8221;][et_pb_accordion_item title=&#8221;Quels sont les frais d\u2019inscription ?&#8221; open=&#8221;on&#8221; _builder_version=&#8221;4.27.4&#8243; _module_preset=&#8221;550abe5c-b505-4d6b-adc7-570bd7cc1217&#8243; global_colors_info=&#8221;{}&#8221;]<\/p>\n<p>La retraite est offerte au co\u00fbt de 75 $ par personne, payable en ligne au moment de l\u2019inscription \u00e0 partir du\u00a0<a href=\"https:\/\/ressources.lepelerin.org\/courses\/rc2026\/\">lien suivant<\/a>. Ce tarif donne acc\u00e8s \u00e0 l\u2019ensemble des vid\u00e9os et aux rencontres Zoom des samedis 14 mars et 11 avril, de 9 h \u00e0 11 h (HNE).<\/p>\n<p>[\/et_pb_accordion_item][et_pb_accordion_item title=&#8221;Comment faire pour m\u2019inscrire ?&#8221; _builder_version=&#8221;4.27.4&#8243; _module_preset=&#8221;550abe5c-b505-4d6b-adc7-570bd7cc1217&#8243; global_colors_info=&#8221;{}&#8221;]<\/p>\n<p>Apr\u00e8s avoir cliqu\u00e9 sur un bouton &#8220;<a href=\"https:\/\/ressources.lepelerin.org\/courses\/rc2026\/\" target=\"_blank\" rel=\"noopener\">S&#8217;INSCRIRE<\/a>&#8220;, vous serez dirig\u00e9 sur la plateforme de formation. Veuillez cliquer sur le bouton &#8220;Ajouter au panier&#8221; puis sur &#8220;Valider la commande&#8221; pour payer par carte de cr\u00e9dit.<\/p>\n<p>[\/et_pb_accordion_item][et_pb_accordion_item title=&#8221; Quels sont les modes de paiement accept\u00e9s ?&#8221; _builder_version=&#8221;4.27.4&#8243; _module_preset=&#8221;550abe5c-b505-4d6b-adc7-570bd7cc1217&#8243; global_colors_info=&#8221;{}&#8221;]<\/p>\n<p>Il est possible de payer par carte de cr\u00e9dit seulement.<\/p>\n<p>[\/et_pb_accordion_item][et_pb_accordion_item title=&#8221;  Que se passe-t-il apr\u00e8s mon inscription ?&#8221; _builder_version=&#8221;4.27.4&#8243; _module_preset=&#8221;550abe5c-b505-4d6b-adc7-570bd7cc1217&#8243; global_colors_info=&#8221;{}&#8221;]<\/p>\n<p>Apr\u00e8s avoir pay\u00e9 et termin\u00e9 votre inscription, vous recevrez un courriel de confirmation. Ensuite, n&#8217;aurez qu&#8217;\u00e0 vous connecter \u00e0 la plateforme \u00e0 partir du 15 f\u00e9vrier pour acc\u00e9der \u00e0 la premi\u00e8re vid\u00e9o et aux documents.<\/p>\n<p>[\/et_pb_accordion_item][et_pb_accordion_item title=&#8221; Comment puis-je acc\u00e9der aux vid\u00e9os ?&#8221; _builder_version=&#8221;4.27.4&#8243; _module_preset=&#8221;550abe5c-b505-4d6b-adc7-570bd7cc1217&#8243; global_colors_info=&#8221;{}&#8221;]<\/p>\n<p>\u00c0 partir du 15 f\u00e9vrier 2026, une vid\u00e9o sera d\u00e9pos\u00e9e sur la plateforme de formation \u00e0 chaque semaine, le dimanche. Vous pourrez \u00e9couter la vid\u00e9o au moment qui vous convient et autant de fois que vous le voulez.<\/p>\n<p>[\/et_pb_accordion_item][et_pb_accordion_item title=&#8221;  Pendant combien de temps aurais-je acc\u00e8s aux vid\u00e9os ?&#8221; _builder_version=&#8221;4.27.4&#8243; _module_preset=&#8221;550abe5c-b505-4d6b-adc7-570bd7cc1217&#8243; global_colors_info=&#8221;{}&#8221;]<\/p>\n<p>Vous aurez acc\u00e8s aux vid\u00e9os pour toute la p\u00e9riode de la retraite et vous pourrez vous connecter pour les r\u00e9\u00e9couter \u00e0 votre convenance apr\u00e8s la retraite.<\/p>\n<p>[\/et_pb_accordion_item][et_pb_accordion_item title=&#8221; J&#8217;habite sur un fuseau horaire diff\u00e9rent du Qu\u00e9bec. Allez-vous pr\u00e9voir des rencontres Zoom pour que je puisse y assister sans que ce soit en pleine nuit chez nous ?&#8221; _builder_version=&#8221;4.27.4&#8243; _module_preset=&#8221;default&#8221; global_colors_info=&#8221;{}&#8221;]<\/p>\n<p>Oui ! Les deux rencontres Zoom sont pr\u00e9vues les samedis 14 mars et 11 avril, de 9 h \u00e0 11 h (HNE), pour accommoder un maximum de fuseaux horaires.<\/p>\n<p>[\/et_pb_accordion_item][et_pb_accordion_item title=&#8221;Dois-je \u00e9couter les vid\u00e9os en direct chaque semaine ?&#8221; _builder_version=&#8221;4.27.4&#8243; _module_preset=&#8221;default&#8221; global_colors_info=&#8221;{}&#8221;]<\/p>\n<p>Non. Les vid\u00e9os ne sont pas diffus\u00e9es en direct. Une nouvelle vid\u00e9o est d\u00e9pos\u00e9e chaque dimanche sur la plateforme \u00e0 partir du 15 f\u00e9vrier 2026 et peut \u00eatre \u00e9cout\u00e9e au moment qui vous convient.<br \/>Seules les deux rencontres Zoom se d\u00e9roulent en direct, les samedis <strong>14 mars et 11 avril<\/strong>, de <strong>9 h \u00e0 11 h (HNE)<\/strong>, et offrent un espace de partage et de questions pour accompagner le cheminement.<\/p>\n<p>[\/et_pb_accordion_item][et_pb_accordion_item title=&#8221;  Dois-je obligatoirement assister aux rencontres Zoom ?&#8221; _builder_version=&#8221;4.27.4&#8243; _module_preset=&#8221;default&#8221; global_colors_info=&#8221;{}&#8221;]<\/p>\n<p>Il n&#8217;est pas obligatoire de participer en direct aux rencontres Zoom. Toutefois, nous vous recommandons fortement d&#8217;y participer pour pouvoir poser vos questions. Les rencontres ne seront pas enregistr\u00e9es et rediffus\u00e9es.<\/p>\n<p>[\/et_pb_accordion_item][et_pb_accordion_item title=&#8221;Quelles sont les dates du Car\u00eame 2026 ? &#8221; _builder_version=&#8221;4.27.4&#8243; _module_preset=&#8221;default&#8221; global_colors_info=&#8221;{}&#8221;]<\/p>\n<p>En 2026, le Car\u00eame d\u00e9butera le Mercredi des Cendres, le 18 f\u00e9vrier 2026, et se terminera avec le d\u00e9but du Triduum Pascal, juste avant P\u00e2ques, le Jeudi Saint, 2 avril 2026, suivi par le dimanche de P\u00e2ques le 5 avril 2026.<\/p>\n<p>[\/et_pb_accordion_item][\/et_pb_accordion][et_pb_code _builder_version=&#8221;4.27.4&#8243; _module_preset=&#8221;default&#8221; global_colors_info=&#8221;{}&#8221;]<!-- FAQPage Schema.org JSON-LD --><!-- [et_pb_line_break_holder] --><script type=\"application\/ld+json\"><!-- [et_pb_line_break_holder] -->{<!-- [et_pb_line_break_holder] -->  \"@context\": \"https:\/\/schema.org\",<!-- [et_pb_line_break_holder] -->  \"@type\": \"FAQPage\",<!-- [et_pb_line_break_holder] -->  \"mainEntity\": [<!-- [et_pb_line_break_holder] -->    {<!-- [et_pb_line_break_holder] -->      \"@type\": \"Question\",<!-- [et_pb_line_break_holder] -->      \"name\": \"Quels sont les frais d\u2019inscription ?\",<!-- [et_pb_line_break_holder] -->      \"acceptedAnswer\": {<!-- [et_pb_line_break_holder] -->        \"@type\": \"Answer\",<!-- [et_pb_line_break_holder] -->        \"text\": \"La retraite est offerte au co\u00fbt de 75 $ par personne, payable en ligne au moment de l\u2019inscription \u00e0 partir du lien suivant : https:\/\/ressources.lepelerin.org\/courses\/rc2026\/. Ce tarif donne acc\u00e8s \u00e0 l\u2019ensemble des vid\u00e9os et aux rencontres Zoom des samedis 14 mars et 11 avril, de 9 h \u00e0 11 h (HNE).\"<!-- [et_pb_line_break_holder] -->      }<!-- [et_pb_line_break_holder] -->    },<!-- [et_pb_line_break_holder] -->    {<!-- [et_pb_line_break_holder] -->      \"@type\": \"Question\",<!-- [et_pb_line_break_holder] -->      \"name\": \"Comment faire pour m\u2019inscrire ?\",<!-- [et_pb_line_break_holder] -->      \"acceptedAnswer\": {<!-- [et_pb_line_break_holder] -->        \"@type\": \"Answer\",<!-- [et_pb_line_break_holder] -->        \"text\": \"Apr\u00e8s avoir cliqu\u00e9 sur un bouton \u00ab S\u2019INSCRIRE \u00bb, vous serez dirig\u00e9 sur la plateforme de formation. Veuillez cliquer sur le bouton \u00ab Ajouter au panier \u00bb puis sur \u00ab Valider la commande \u00bb pour payer par carte de cr\u00e9dit.\"<!-- [et_pb_line_break_holder] -->      }<!-- [et_pb_line_break_holder] -->    },<!-- [et_pb_line_break_holder] -->    {<!-- [et_pb_line_break_holder] -->      \"@type\": \"Question\",<!-- [et_pb_line_break_holder] -->      \"name\": \"Quels sont les modes de paiement accept\u00e9s ?\",<!-- [et_pb_line_break_holder] -->      \"acceptedAnswer\": {<!-- [et_pb_line_break_holder] -->        \"@type\": \"Answer\",<!-- [et_pb_line_break_holder] -->        \"text\": \"Il est possible de payer par carte de cr\u00e9dit seulement.\"<!-- [et_pb_line_break_holder] -->      }<!-- [et_pb_line_break_holder] -->    },<!-- [et_pb_line_break_holder] -->    {<!-- [et_pb_line_break_holder] -->      \"@type\": \"Question\",<!-- [et_pb_line_break_holder] -->      \"name\": \"Que se passe-t-il apr\u00e8s mon inscription ?\",<!-- [et_pb_line_break_holder] -->      \"acceptedAnswer\": {<!-- [et_pb_line_break_holder] -->        \"@type\": \"Answer\",<!-- [et_pb_line_break_holder] -->        \"text\": \"Apr\u00e8s avoir pay\u00e9 et termin\u00e9 votre inscription, vous recevrez un courriel de confirmation. Ensuite, vous n\u2019aurez qu\u2019\u00e0 vous connecter \u00e0 la plateforme \u00e0 partir du 15 f\u00e9vrier pour acc\u00e9der \u00e0 la premi\u00e8re vid\u00e9o et aux documents.\"<!-- [et_pb_line_break_holder] -->      }<!-- [et_pb_line_break_holder] -->    },<!-- [et_pb_line_break_holder] -->    {<!-- [et_pb_line_break_holder] -->      \"@type\": \"Question\",<!-- [et_pb_line_break_holder] -->      \"name\": \"Comment puis-je acc\u00e9der aux vid\u00e9os ?\",<!-- [et_pb_line_break_holder] -->      \"acceptedAnswer\": {<!-- [et_pb_line_break_holder] -->        \"@type\": \"Answer\",<!-- [et_pb_line_break_holder] -->        \"text\": \"\u00c0 partir du 15 f\u00e9vrier 2026, une vid\u00e9o sera d\u00e9pos\u00e9e sur la plateforme de formation \u00e0 chaque semaine, le dimanche. Vous pourrez \u00e9couter la vid\u00e9o au moment qui vous convient et autant de fois que vous le voulez.\"<!-- [et_pb_line_break_holder] -->      }<!-- [et_pb_line_break_holder] -->    },<!-- [et_pb_line_break_holder] -->    {<!-- [et_pb_line_break_holder] -->      \"@type\": \"Question\",<!-- [et_pb_line_break_holder] -->      \"name\": \"Pendant combien de temps aurais-je acc\u00e8s aux vid\u00e9os ?\",<!-- [et_pb_line_break_holder] -->      \"acceptedAnswer\": {<!-- [et_pb_line_break_holder] -->        \"@type\": \"Answer\",<!-- [et_pb_line_break_holder] -->        \"text\": \"Vous aurez acc\u00e8s aux vid\u00e9os pour toute la p\u00e9riode de la retraite et vous pourrez vous connecter pour les r\u00e9\u00e9couter \u00e0 votre convenance apr\u00e8s la retraite.\"<!-- [et_pb_line_break_holder] -->      }<!-- [et_pb_line_break_holder] -->    },<!-- [et_pb_line_break_holder] -->    {<!-- [et_pb_line_break_holder] -->      \"@type\": \"Question\",<!-- [et_pb_line_break_holder] -->      \"name\": \"J'habite sur un fuseau horaire diff\u00e9rent du Qu\u00e9bec. Allez-vous pr\u00e9voir des rencontres Zoom pour que je puisse y assister sans que ce soit en pleine nuit chez nous ?\",<!-- [et_pb_line_break_holder] -->      \"acceptedAnswer\": {<!-- [et_pb_line_break_holder] -->        \"@type\": \"Answer\",<!-- [et_pb_line_break_holder] -->        \"text\": \"Oui. Les deux rencontres Zoom sont pr\u00e9vues les samedis 14 mars et 11 avril, de 9 h \u00e0 11 h (HNE), pour accommoder un maximum de fuseaux horaires.\"<!-- [et_pb_line_break_holder] -->      }<!-- [et_pb_line_break_holder] -->    },<!-- [et_pb_line_break_holder] -->    {<!-- [et_pb_line_break_holder] -->      \"@type\": \"Question\",<!-- [et_pb_line_break_holder] -->      \"name\": \"Dois-je obligatoirement assister aux rencontres Zoom ?\",<!-- [et_pb_line_break_holder] -->      \"acceptedAnswer\": {<!-- [et_pb_line_break_holder] -->        \"@type\": \"Answer\",<!-- [et_pb_line_break_holder] -->        \"text\": \"Il n\u2019est pas obligatoire de participer en direct aux rencontres Zoom. Toutefois, nous vous recommandons fortement d\u2019y participer pour pouvoir poser vos questions. Les rencontres ne seront pas enregistr\u00e9es et rediffus\u00e9es.\"<!-- [et_pb_line_break_holder] -->      }<!-- [et_pb_line_break_holder] -->    },<!-- [et_pb_line_break_holder] -->    {<!-- [et_pb_line_break_holder] -->      \"@type\": \"Question\",<!-- [et_pb_line_break_holder] -->      \"name\": \"Quelles sont les dates du Car\u00eame 2026 ?\",<!-- [et_pb_line_break_holder] -->      \"acceptedAnswer\": {<!-- [et_pb_line_break_holder] -->        \"@type\": \"Answer\",<!-- [et_pb_line_break_holder] -->        \"text\": \"En 2026, le Car\u00eame d\u00e9butera le Mercredi des Cendres, le 18 f\u00e9vrier 2026, et se terminera avec le d\u00e9but du Triduum Pascal, juste avant P\u00e2ques, le Jeudi Saint, 2 avril 2026, suivi par le dimanche de P\u00e2ques le 5 avril 2026.\"<!-- [et_pb_line_break_holder] -->      }<!-- [et_pb_line_break_holder] -->    }<!-- [et_pb_line_break_holder] -->  ]<!-- [et_pb_line_break_holder] -->}<!-- [et_pb_line_break_holder] --><\/script><!-- [et_pb_line_break_holder] -->[\/et_pb_code][\/et_pb_column][\/et_pb_row][\/et_pb_section][et_pb_section fb_built=&#8221;1&#8243; admin_label=&#8221;Call to Action&#8221; _builder_version=&#8221;4.27.4&#8243; _module_preset=&#8221;default&#8221; background_color=&#8221;#000000&#8243; custom_margin=&#8221;60px||||false|false&#8221; locked=&#8221;off&#8221; collapsed=&#8221;on&#8221; global_colors_info=&#8221;{}&#8221;][et_pb_row column_structure=&#8221;2_3,1_3&#8243; _builder_version=&#8221;4.27.4&#8243; _module_preset=&#8221;5138c454-be54-4233-bd3b-f8e6a8747976&#8243; custom_margin=&#8221;|||||true&#8221; custom_padding=&#8221;||0px||false|false&#8221; global_colors_info=&#8221;{}&#8221;][et_pb_column type=&#8221;2_3&#8243; _builder_version=&#8221;4.18.0&#8243; _module_preset=&#8221;73121f80-a3ef-4484-8763-c3f18e3c56d2&#8243; global_colors_info=&#8221;{}&#8221;][et_pb_blurb title=&#8221;Inscrivez-vous \u00e0 la retraite : Les B\u00e9atitudes, \u00e9cole de la relation&#8221; use_icon=&#8221;on&#8221; font_icon=&#8221;&#xf061;||fa||900&#8243; icon_color=&#8221;gcid-secondary-color&#8221; icon_placement=&#8221;left&#8221; image_icon_width=&#8221;40px&#8221; content_max_width=&#8221;100%&#8221; module_class=&#8221;custom-bullet&#8221; _builder_version=&#8221;4.27.4&#8243; _module_preset=&#8221;65059203-12d3-44f6-8371-3f5cf61a0475&#8243; header_font=&#8221;Nunito Sans|Nunito Sans_weight|||||||&#8221; header_text_color=&#8221;#F2EDCD&#8221; header_font_size=&#8221;18px&#8221; header_line_height=&#8221;1.4em&#8221; body_font=&#8221;Nunito|Nunito_weight|||||||&#8221; body_text_color=&#8221;gcid-body-color&#8221; body_line_height=&#8221;1.75em&#8221; body_link_text_color=&#8221;gcid-primary-color&#8221; animation=&#8221;off&#8221; header_font_size_tablet=&#8221;15px&#8221; header_font_size_phone=&#8221;14px&#8221; header_font_size_last_edited=&#8221;on|phone&#8221; body_font_size_tablet=&#8221;15px&#8221; body_font_size_phone=&#8221;14px&#8221; body_font_size_last_edited=&#8221;on|desktop&#8221; custom_css_main_element=&#8221;li{font-size:15px;}&#8221; global_colors_info=&#8221;{%22gcid-36fd78a7-34bc-404d-873c-dafa34efaae5%22:%91%22image_icon_background_color%22,%22button_text_color%22%93,%22gcid-body-color%22:%91%22body_text_color%22%93,%22gcid-f2943306-fa6c-45f0-b632-5fc00151366a%22:%91%22button_text_color%22%93,%22gcid-secondary-color%22:%91%22icon_color%22%93}&#8221;]<\/p>\n<ul>\n<li><span style=\"color: #f2edcd;\">Du 15 f\u00e9vrier au 11 avril 2026<\/span><\/li>\n<li><span style=\"color: #f2edcd;\">Frais d&#8217;inscription de 75 $<\/span><\/li>\n<li><span style=\"color: #f2edcd;\">Des vid\u00e9os sur 8 semaines d&#8217;enseignement et deux s\u00e9ances Zoom avec St\u00e9fan Th\u00e9riault<\/span><\/li>\n<li><span style=\"color: #f2edcd;\">Une occasion unique pour d\u00e9couvrir comment les B\u00e9atitudes peuvent transformer nos relations et les ouvrir \u00e0 plus de vie.<\/span><\/li>\n<\/ul>\n<p>[\/et_pb_blurb][\/et_pb_column][et_pb_column type=&#8221;1_3&#8243; _builder_version=&#8221;4.27.4&#8243; _module_preset=&#8221;73121f80-a3ef-4484-8763-c3f18e3c56d2&#8243; custom_padding=&#8221;94px||||false|false&#8221; global_colors_info=&#8221;{}&#8221;][et_pb_button button_url=&#8221;https:\/\/ressources.lepelerin.org\/courses\/rc2026\/&#8221; url_new_window=&#8221;on&#8221; button_text=&#8221;S&#8217;INSCRIRE&#8221; button_alignment=&#8221;center&#8221; _builder_version=&#8221;4.27.4&#8243; _module_preset=&#8221;default&#8221; global_colors_info=&#8221;{}&#8221; button_bg_color_gradient_stops__hover=&#8221;#e95365 50%|#832f39 99%&#8221; button_bg_use_color_gradient__hover=&#8221;on&#8221; button_bg_color_gradient_overlays_image__hover=&#8221;off&#8221;][\/et_pb_button][\/et_pb_column][\/et_pb_row][\/et_pb_section]<\/p>\n","protected":false},"excerpt":{"rendered":"<p>La retraite du Car\u00eame 2026 du P\u00e8lerin invite \u00e0 vivre le Car\u00eame \u00e0 la lumi\u00e8re des B\u00e9atitudes, comme une \u00e9cole de la relation. Un chemin en ligne pour d\u00e9couvrir comment nos relations peuvent devenir des lieux de vie et de transformation.<\/p>\n","protected":false},"author":2,"featured_media":254707,"template":"","meta":{"_et_pb_use_builder":"on","_et_pb_old_content":"","_et_gb_content_width":"","_tribe_events_status":"","_tribe_events_status_reason":"","footnotes":""},"tags":[],"tribe_events_cat":[14,23],"class_list":["post-254669","tribe_events","type-tribe_events","status-publish","has-post-thumbnail","hentry","tribe_events_cat-centre-le-pelerin","tribe_events_cat-ecole-priere-et-communion","cat_centre-le-pelerin","cat_ecole-priere-et-communion"],"_links":{"self":[{"href":"https:\/\/lepelerin.org\/portail\/wp-json\/wp\/v2\/tribe_events\/254669","targetHints":{"allow":["GET"]}}],"collection":[{"href":"https:\/\/lepelerin.org\/portail\/wp-json\/wp\/v2\/tribe_events"}],"about":[{"href":"https:\/\/lepelerin.org\/portail\/wp-json\/wp\/v2\/types\/tribe_events"}],"author":[{"embeddable":true,"href":"https:\/\/lepelerin.org\/portail\/wp-json\/wp\/v2\/users\/2"}],"version-history":[{"count":22,"href":"https:\/\/lepelerin.org\/portail\/wp-json\/wp\/v2\/tribe_events\/254669\/revisions"}],"predecessor-version":[{"id":256014,"href":"https:\/\/lepelerin.org\/portail\/wp-json\/wp\/v2\/tribe_events\/254669\/revisions\/256014"}],"wp:featuredmedia":[{"embeddable":true,"href":"https:\/\/lepelerin.org\/portail\/wp-json\/wp\/v2\/media\/254707"}],"wp:attachment":[{"href":"https:\/\/lepelerin.org\/portail\/wp-json\/wp\/v2\/media?parent=254669"}],"wp:term":[{"taxonomy":"post_tag","embeddable":true,"href":"https:\/\/lepelerin.org\/portail\/wp-json\/wp\/v2\/tags?post=254669"},{"taxonomy":"tribe_events_cat","embeddable":true,"href":"https:\/\/lepelerin.org\/portail\/wp-json\/wp\/v2\/tribe_events_cat?post=254669"}],"curies":[{"name":"wp","href":"https:\/\/api.w.org\/{rel}","templated":true}]}}