{"id":250848,"date":"2025-04-22T15:07:48","date_gmt":"2025-04-22T19:07:48","guid":{"rendered":"https:\/\/dev.lepelerin.org\/portail\/?post_type=tribe_events&#038;p=250848"},"modified":"2025-05-01T11:39:52","modified_gmt":"2025-05-01T15:39:52","slug":"debut-session-academique-automne-2025","status":"publish","type":"tribe_events","link":"https:\/\/lepelerin.org\/portail\/evenement\/debut-session-academique-automne-2025\/","title":{"rendered":"D\u00e9but de la session acad\u00e9mique d&#8217;automne 2025"},"content":{"rendered":"<p>[et_pb_section fb_built=&#8221;1&#8243; _builder_version=&#8221;4.27.4&#8243; _module_preset=&#8221;default&#8221; background_color=&#8221;#fff8f2&#8243; custom_padding=&#8221;0px|||||&#8221; global_colors_info=&#8221;{}&#8221;][et_pb_row _builder_version=&#8221;4.27.4&#8243; _module_preset=&#8221;default&#8221; global_colors_info=&#8221;{}&#8221;][et_pb_column type=&#8221;4_4&#8243; _builder_version=&#8221;4.27.4&#8243; _module_preset=&#8221;default&#8221; global_colors_info=&#8221;{}&#8221;][et_pb_image src=&#8221;https:\/\/lepelerin.org\/portail\/wp-content\/uploads\/2025\/05\/Debut-session-academique-2025-1.jpg&#8221; alt=&#8221;D\u00e9but de la session acad\u00e9mique session automne 2025&#8243; title_text=&#8221;D\u00e9but de la session acad\u00e9mique session automne 2025&#8243; _builder_version=&#8221;4.27.4&#8243; _module_preset=&#8221;default&#8221; hover_enabled=&#8221;0&#8243; global_colors_info=&#8221;{}&#8221; sticky_enabled=&#8221;0&#8243;][\/et_pb_image][et_pb_text _builder_version=&#8221;4.27.4&#8243; _module_preset=&#8221;default&#8221; global_colors_info=&#8221;{}&#8221;]<\/p>\n<p>C\u2019est \u00e0 compter du mardi 2 septembre 2025 que Le P\u00e8lerin aura la joie d\u2019accueillir ses nouveaux \u00e9tudiants et de retrouver les \u00e9tudiants actuels de la formation en accompagnement spirituel. Une rentr\u00e9e toujours marqu\u00e9e par la richesse des rencontres et la joie de cheminer ensemble.<\/p>\n<p>[\/et_pb_text][\/et_pb_column][\/et_pb_row][et_pb_row _builder_version=&#8221;4.27.4&#8243; _module_preset=&#8221;default&#8221; global_colors_info=&#8221;{}&#8221;][et_pb_column type=&#8221;4_4&#8243; _builder_version=&#8221;4.27.4&#8243; _module_preset=&#8221;default&#8221; global_colors_info=&#8221;{}&#8221;][et_pb_heading title=&#8221;\u00c0 propos de la formation internationale en accompagnement spirituel&#8221; _builder_version=&#8221;4.27.4&#8243; _module_preset=&#8221;8ff1d1db-64e0-45fc-a4c4-953d4ad72aa3&#8243; global_colors_info=&#8221;{}&#8221;][\/et_pb_heading][et_pb_text _builder_version=&#8221;4.27.4&#8243; _module_preset=&#8221;default&#8221; global_colors_info=&#8221;{}&#8221;]<\/p>\n<p>Depuis pr\u00e8s de 25 ans, le Centre Le P\u00e8lerin accompagne et forme \u00e0 l\u2019international les personnes qui souhaitent approfondir leur cheminement int\u00e9rieur et devenir des guides de l\u2019aventure int\u00e9rieure. Le programme de formation en accompagnement spirituel du Centre Le P\u00e8lerin propose une v\u00e9ritable aventure int\u00e9rieure \u00e0 la d\u00e9couverte de son identit\u00e9 unique. Cette formation implique une descente dans le plus intime de soi vers sa Source, une prise en compte de ce qui emp\u00eache la vie en soi, une transformation de sa vie relationnelle, un discernement sur ses choix, une d\u00e9couverte de sa mission et une mani\u00e8re de faire face aux difficult\u00e9s que l\u2019on rencontre.<\/p>\n<p>Nous vous invitons \u00e0 <a href=\"portail\/ecoles\/accompagnement-spirituel\/formation-en-accompagnement-spirituel\" title=\"Formation en accompagnement spirituel\">visiter la page de la formation<\/a> pour en savoir plus en savoir plus sur le programme et pour planifier une entrevue d&#8217;admission.<\/p>\n<p>[\/et_pb_text][\/et_pb_column][\/et_pb_row][\/et_pb_section]<\/p>\n","protected":false},"excerpt":{"rendered":"<p>C\u2019est \u00e0 compter du mardi 2 septembre 2025 que Le P\u00e8lerin aura la joie d\u2019accueillir ses nouveaux \u00e9tudiants et de retrouver les \u00e9tudiants actuels de la formation en accompagnement spirituel.<\/p>\n","protected":false},"author":2,"featured_media":251206,"template":"","meta":{"_et_pb_use_builder":"on","_et_pb_old_content":"","_et_gb_content_width":"","_tribe_events_status":"","_tribe_events_status_reason":"","footnotes":""},"tags":[],"tribe_events_cat":[14,21],"class_list":["post-250848","tribe_events","type-tribe_events","status-publish","has-post-thumbnail","hentry","tribe_events_cat-centre-le-pelerin","tribe_events_cat-ecole-accompagnement-spirituel","cat_centre-le-pelerin","cat_ecole-accompagnement-spirituel"],"_links":{"self":[{"href":"https:\/\/lepelerin.org\/portail\/wp-json\/wp\/v2\/tribe_events\/250848","targetHints":{"allow":["GET"]}}],"collection":[{"href":"https:\/\/lepelerin.org\/portail\/wp-json\/wp\/v2\/tribe_events"}],"about":[{"href":"https:\/\/lepelerin.org\/portail\/wp-json\/wp\/v2\/types\/tribe_events"}],"author":[{"embeddable":true,"href":"https:\/\/lepelerin.org\/portail\/wp-json\/wp\/v2\/users\/2"}],"version-history":[{"count":12,"href":"https:\/\/lepelerin.org\/portail\/wp-json\/wp\/v2\/tribe_events\/250848\/revisions"}],"predecessor-version":[{"id":251208,"href":"https:\/\/lepelerin.org\/portail\/wp-json\/wp\/v2\/tribe_events\/250848\/revisions\/251208"}],"wp:featuredmedia":[{"embeddable":true,"href":"https:\/\/lepelerin.org\/portail\/wp-json\/wp\/v2\/media\/251206"}],"wp:attachment":[{"href":"https:\/\/lepelerin.org\/portail\/wp-json\/wp\/v2\/media?parent=250848"}],"wp:term":[{"taxonomy":"post_tag","embeddable":true,"href":"https:\/\/lepelerin.org\/portail\/wp-json\/wp\/v2\/tags?post=250848"},{"taxonomy":"tribe_events_cat","embeddable":true,"href":"https:\/\/lepelerin.org\/portail\/wp-json\/wp\/v2\/tribe_events_cat?post=250848"}],"curies":[{"name":"wp","href":"https:\/\/api.w.org\/{rel}","templated":true}]}}