{"id":756,"date":"2025-03-18T11:10:04","date_gmt":"2025-03-18T15:10:04","guid":{"rendered":"https:\/\/dev.lepelerin.org\/portail\/?page_id=756"},"modified":"2026-01-29T08:54:26","modified_gmt":"2026-01-29T13:54:26","slug":"priere-et-communion","status":"publish","type":"page","link":"https:\/\/lepelerin.org\/portail\/ecoles\/priere-et-communion\/","title":{"rendered":"\u00c9cole Pri\u00e8re et Communion"},"content":{"rendered":"<p>[et_pb_section fb_built=&#8221;1&#8243; _builder_version=&#8221;4.27.4&#8243; _module_preset=&#8221;default&#8221; background_image=&#8221;https:\/\/lepelerin.org\/portail\/wp-content\/uploads\/2025\/03\/Hero-ecole-priere-communion.png&#8221; min_height=&#8221;500px&#8221; global_colors_info=&#8221;{}&#8221;][et_pb_row column_structure=&#8221;1_2,1_2&#8243; _builder_version=&#8221;4.27.4&#8243; _module_preset=&#8221;default&#8221; global_colors_info=&#8221;{}&#8221;][et_pb_column type=&#8221;1_2&#8243; _builder_version=&#8221;4.27.0&#8243; _module_preset=&#8221;default&#8221; global_colors_info=&#8221;{}&#8221;][et_pb_text _builder_version=&#8221;4.27.4&#8243; _module_preset=&#8221;e8616840-7162-431b-b27a-baf7eccae3a4&#8243; custom_margin=&#8221;||-3px|||&#8221; custom_padding=&#8221;||13px|||&#8221; global_colors_info=&#8221;{}&#8221;]<\/p>\n<p>VIENS, DEVIENS CHEMIN DE RELATION<\/p>\n<p>[\/et_pb_text][et_pb_heading title=&#8221;\u00c9cole Pri\u00e8re et Communion&#8221; _builder_version=&#8221;4.27.4&#8243; _module_preset=&#8221;default&#8221; title_level=&#8221;h1&#8243; title_text_align=&#8221;left&#8221; title_text_color=&#8221;#FFFFFF&#8221; title_font_size=&#8221;46px&#8221; custom_margin=&#8221;||0px||false|false&#8221; custom_padding=&#8221;||0px|||&#8221; global_colors_info=&#8221;{}&#8221;][\/et_pb_heading][et_pb_text _builder_version=&#8221;4.27.4&#8243; _module_preset=&#8221;default&#8221; text_text_color=&#8221;#FFFFFF&#8221; global_colors_info=&#8221;{}&#8221;]<\/p>\n<p>Un lieu de d\u00e9couverte et d\u2019approfondissement de la pri\u00e8re en tant que lien personnel avec Dieu et lien communionel avec les fr\u00e8res et les s\u0153urs dans la foi.<\/p>\n<p>[\/et_pb_text][\/et_pb_column][et_pb_column type=&#8221;1_2&#8243; _builder_version=&#8221;4.27.0&#8243; _module_preset=&#8221;default&#8221; global_colors_info=&#8221;{}&#8221;][\/et_pb_column][\/et_pb_row][\/et_pb_section][et_pb_section fb_built=&#8221;1&#8243; _builder_version=&#8221;4.27.4&#8243; _module_preset=&#8221;default&#8221; min_height=&#8221;1331.6px&#8221; custom_margin=&#8221;||61px|||&#8221; custom_padding=&#8221;55px||2px|||&#8221; global_colors_info=&#8221;{}&#8221;][et_pb_row _builder_version=&#8221;4.27.4&#8243; _module_preset=&#8221;default&#8221; global_colors_info=&#8221;{}&#8221;][et_pb_column type=&#8221;4_4&#8243; _builder_version=&#8221;4.27.4&#8243; _module_preset=&#8221;default&#8221; global_colors_info=&#8221;{}&#8221;][et_pb_heading title=&#8221;D\u00e9couvrez l&#8217;\u00c9cole Pri\u00e8re et Communion&#8221; _builder_version=&#8221;4.27.4&#8243; _module_preset=&#8221;default&#8221; custom_margin=&#8221;||7px|||&#8221; global_colors_info=&#8221;{}&#8221;][\/et_pb_heading][et_pb_text _builder_version=&#8221;4.27.4&#8243; _module_preset=&#8221;default&#8221; text_font_size=&#8221;22px&#8221; global_colors_info=&#8221;{}&#8221;]<\/p>\n<p style=\"text-align: center;\">Un espace pour r\u00e9pondre aux besoins pressants des personnes en mati\u00e8re de pri\u00e8re et de communion<\/p>\n<p>[\/et_pb_text][\/et_pb_column][\/et_pb_row][et_pb_row column_structure=&#8221;1_2,1_2&#8243; _builder_version=&#8221;4.27.0&#8243; _module_preset=&#8221;default&#8221; global_colors_info=&#8221;{}&#8221;][et_pb_column type=&#8221;1_2&#8243; _builder_version=&#8221;4.27.0&#8243; _module_preset=&#8221;default&#8221; global_colors_info=&#8221;{}&#8221;][et_pb_video src=&#8221;https:\/\/youtu.be\/DKzwEq5bnyk&#8221; _builder_version=&#8221;4.27.4&#8243; _module_preset=&#8221;default&#8221; global_colors_info=&#8221;{}&#8221;][\/et_pb_video][\/et_pb_column][et_pb_column type=&#8221;1_2&#8243; _builder_version=&#8221;4.27.0&#8243; _module_preset=&#8221;default&#8221; global_colors_info=&#8221;{}&#8221;][et_pb_heading title=&#8221;Un espace de ressourcement spirituel&#8221; _builder_version=&#8221;4.27.4&#8243; _module_preset=&#8221;37aae277-c41d-4872-83a1-a4cada35d6d7&#8243; global_colors_info=&#8221;{}&#8221;][\/et_pb_heading][et_pb_text _builder_version=&#8221;4.27.4&#8243; _module_preset=&#8221;default&#8221; text_font=&#8221;||||||||&#8221; global_colors_info=&#8221;{}&#8221;]<\/p>\n<p>Le centre le P\u00e8lerin a comme mission l\u2019accompagnement spirituel des personnes, mais aussi, de nourrir et d\u2019aider au d\u00e9veloppement de la vie spirituelle. Dans cette optique, comme la Pri\u00e8re et la Communion entre les personnes sont deux \u00e9l\u00e9ments essentiels \u00e0 une vie spirituelle, cette \u00e9cole vise \u00e0 proposer un espace afin de r\u00e9pondre aux besoins pressants des personnes \u00e0 ce sujet.<\/p>\n<p>[\/et_pb_text][\/et_pb_column][\/et_pb_row][et_pb_row column_structure=&#8221;1_2,1_2&#8243; _builder_version=&#8221;4.27.0&#8243; _module_preset=&#8221;default&#8221; global_colors_info=&#8221;{}&#8221;][et_pb_column type=&#8221;1_2&#8243; _builder_version=&#8221;4.27.0&#8243; _module_preset=&#8221;default&#8221; global_colors_info=&#8221;{}&#8221;][et_pb_heading title=&#8221;Une mission port\u00e9e par la pri\u00e8re et la communion&#8221; _builder_version=&#8221;4.27.4&#8243; _module_preset=&#8221;37aae277-c41d-4872-83a1-a4cada35d6d7&#8243; locked=&#8221;off&#8221; global_colors_info=&#8221;{}&#8221;][\/et_pb_heading][et_pb_text _builder_version=&#8221;4.27.0&#8243; _module_preset=&#8221;default&#8221; locked=&#8221;off&#8221; global_colors_info=&#8221;{}&#8221;]<\/p>\n<p>L\u2019\u00c9cole vise \u00e0 cr\u00e9er une communaut\u00e9 de pri\u00e8re \u00e0 l\u2019int\u00e9rieur du Centre afin de confier au Seigneur tous les projets du Centre et toutes les personnes engag\u00e9es dans la mission du P\u00e8lerin, pour aussi assurer la p\u00e9rennit\u00e9 de l\u2019\u0153uvre. Elle cherche \u00e9galement \u00e0 \u00e9largir cette communion avec les personnes, les communaut\u00e9s religieuses, les sanctuaires ou les organismes qui adh\u00e8reront au projet, dans le but de prier ensemble pour les intentions confi\u00e9es.<\/p>\n<p>[\/et_pb_text][\/et_pb_column][et_pb_column type=&#8221;1_2&#8243; _builder_version=&#8221;4.27.0&#8243; _module_preset=&#8221;default&#8221; global_colors_info=&#8221;{}&#8221;][et_pb_image src=&#8221;https:\/\/lepelerin.org\/portail\/wp-content\/uploads\/2025\/03\/EPC-mission-priere-communion.jpg&#8221; title_text=&#8221;EPC-mission-priere-communion&#8221; _builder_version=&#8221;4.27.4&#8243; _module_preset=&#8221;a8cdda58-12ba-40c7-ac69-001b7a520368&#8243; global_colors_info=&#8221;{}&#8221;][\/et_pb_image][\/et_pb_column][\/et_pb_row][et_pb_row column_structure=&#8221;1_2,1_2&#8243; _builder_version=&#8221;4.27.0&#8243; _module_preset=&#8221;default&#8221; global_colors_info=&#8221;{}&#8221;][et_pb_column type=&#8221;1_2&#8243; _builder_version=&#8221;4.27.0&#8243; _module_preset=&#8221;default&#8221; global_colors_info=&#8221;{}&#8221;][et_pb_image src=&#8221;https:\/\/lepelerin.org\/portail\/wp-content\/uploads\/2025\/03\/EPC-accompagner-nourrir.jpg&#8221; title_text=&#8221;EPC-accompagner-nourrir&#8221; _builder_version=&#8221;4.27.4&#8243; _module_preset=&#8221;a8cdda58-12ba-40c7-ac69-001b7a520368&#8243; locked=&#8221;off&#8221; global_colors_info=&#8221;{}&#8221;][\/et_pb_image][\/et_pb_column][et_pb_column type=&#8221;1_2&#8243; _builder_version=&#8221;4.27.0&#8243; _module_preset=&#8221;default&#8221; global_colors_info=&#8221;{}&#8221;][et_pb_heading title=&#8221;Accompagner et nourrir la vie spirituelle&#8221; _builder_version=&#8221;4.27.4&#8243; _module_preset=&#8221;37aae277-c41d-4872-83a1-a4cada35d6d7&#8243; locked=&#8221;off&#8221; global_colors_info=&#8221;{}&#8221;][\/et_pb_heading][et_pb_text _builder_version=&#8221;4.27.4&#8243; _module_preset=&#8221;default&#8221; hover_enabled=&#8221;0&#8243; locked=&#8221;off&#8221; global_colors_info=&#8221;{}&#8221; sticky_enabled=&#8221;0&#8243;]<\/p>\n<p>L\u2019\u00c9cole Pri\u00e8re et Communion a pour mission de proposer, aux personnes, diff\u00e9rentes formes de pri\u00e8re chr\u00e9tiennes, enracin\u00e9es dans la tradition spirituelle de l\u2019\u00c9glise. Elle vise \u00e0 offrir \u00e9galement un soutien spirituel aux personnes engag\u00e9es en \u00c9glise, en pastorale ou dans les mouvements, en les accompagnant dans leur cheminement int\u00e9rieur tout en leur donnant acc\u00e8s \u00e0 des textes ou des vid\u00e9os touchant diff\u00e9rentes spiritualit\u00e9s chr\u00e9tiennes.<\/p>\n<p>[\/et_pb_text][\/et_pb_column][\/et_pb_row][et_pb_row column_structure=&#8221;1_2,1_2&#8243; _builder_version=&#8221;4.27.0&#8243; _module_preset=&#8221;default&#8221; global_colors_info=&#8221;{}&#8221;][et_pb_column type=&#8221;1_2&#8243; _builder_version=&#8221;4.27.0&#8243; _module_preset=&#8221;default&#8221; global_colors_info=&#8221;{}&#8221;][et_pb_heading title=&#8221;Un chemin d\u2019int\u00e9riorit\u00e9 et de communion&#8221; _builder_version=&#8221;4.27.4&#8243; _module_preset=&#8221;37aae277-c41d-4872-83a1-a4cada35d6d7&#8243; global_colors_info=&#8221;{}&#8221;][\/et_pb_heading][et_pb_text _builder_version=&#8221;4.27.4&#8243; _module_preset=&#8221;default&#8221; text_font=&#8221;||||||||&#8221; custom_padding=&#8221;||1px|||&#8221; global_colors_info=&#8221;{}&#8221;]<\/p>\n<p>\u00c0 travers ses activit\u00e9s, l\u2019\u00c9cole permet d\u2019introduire \u00e0 la dimension spirituelle et de guider les participants dans un chemin d\u2019int\u00e9riorit\u00e9, o\u00f9 la pri\u00e8re devient un lien personnel et vivant avec Dieu. Ce parcours nourrit la pri\u00e8re de diff\u00e9rentes fa\u00e7ons, enrichissant ainsi la relation \u00e0 soi, aux autres et \u00e0 Dieu. Elle vise \u00e0 sensibiliser les personnes \u00e0 la sph\u00e8re du sacr\u00e9, les invitant \u00e0 reconna\u00eetre la pr\u00e9sence divine dans les r\u00e9alit\u00e9s humaines et \u00e0 approfondir leur vie spirituelle au quotidien.<\/p>\n<p>[\/et_pb_text][\/et_pb_column][et_pb_column type=&#8221;1_2&#8243; _builder_version=&#8221;4.27.0&#8243; _module_preset=&#8221;default&#8221; global_colors_info=&#8221;{}&#8221;][et_pb_image src=&#8221;https:\/\/lepelerin.org\/portail\/wp-content\/uploads\/2025\/03\/EPC-chemin-interiorite-communion.jpg&#8221; title_text=&#8221;EPC-chemin-interiorite-communion&#8221; _builder_version=&#8221;4.27.4&#8243; _module_preset=&#8221;a8cdda58-12ba-40c7-ac69-001b7a520368&#8243; global_colors_info=&#8221;{}&#8221;][\/et_pb_image][\/et_pb_column][\/et_pb_row][\/et_pb_section][et_pb_section fb_built=&#8221;1&#8243; _builder_version=&#8221;4.27.0&#8243; _module_preset=&#8221;default&#8221; custom_padding=&#8221;0px||90px|||&#8221; global_colors_info=&#8221;{}&#8221;][et_pb_row _builder_version=&#8221;4.27.4&#8243; _module_preset=&#8221;default&#8221; use_background_color_gradient=&#8221;on&#8221; background_color_gradient_direction=&#8221;90deg&#8221; background_color_gradient_stops=&#8221;#ffaa55 0%|#be4750 85%&#8221; custom_padding=&#8221;70px||50px|||&#8221; border_radii=&#8221;off|10px|10px||&#8221; global_colors_info=&#8221;{}&#8221;][et_pb_column type=&#8221;4_4&#8243; _builder_version=&#8221;4.27.0&#8243; _module_preset=&#8221;default&#8221; global_colors_info=&#8221;{}&#8221;][et_pb_heading title=&#8221;Comment participer et s\u2019engager&#8221; _builder_version=&#8221;4.27.4&#8243; _module_preset=&#8221;default&#8221; title_text_color=&#8221;#FFFFFF&#8221; global_colors_info=&#8221;{}&#8221;][\/et_pb_heading][\/et_pb_column][\/et_pb_row][et_pb_row _builder_version=&#8221;4.27.4&#8243; _module_preset=&#8221;default&#8221; background_color=&#8221;#FFFFFF&#8221; global_colors_info=&#8221;{}&#8221;][et_pb_column type=&#8221;4_4&#8243; _builder_version=&#8221;4.27.4&#8243; _module_preset=&#8221;default&#8221; global_colors_info=&#8221;{}&#8221;][et_pb_heading title=&#8221;Qui peut participer ? &#8221; _builder_version=&#8221;4.27.4&#8243; _module_preset=&#8221;36ccf545-274a-4f54-81d9-1e7c24daae74&#8243; title_font_size=&#8221;26px&#8221; global_colors_info=&#8221;{}&#8221;][\/et_pb_heading][\/et_pb_column][\/et_pb_row][et_pb_row column_structure=&#8221;1_2,1_2&#8243; _builder_version=&#8221;4.27.4&#8243; _module_preset=&#8221;default&#8221; background_color=&#8221;#FFFFFF&#8221; custom_margin=&#8221;|auto|-2px|auto||&#8221; custom_padding=&#8221;|50px|0px|50px|false|true&#8221; global_colors_info=&#8221;{}&#8221;][et_pb_column type=&#8221;1_2&#8243; _builder_version=&#8221;4.27.4&#8243; _module_preset=&#8221;default&#8221; global_colors_info=&#8221;{}&#8221;][et_pb_text module_class=&#8221;custom-bullet&#8221; _builder_version=&#8221;4.27.4&#8243; _module_preset=&#8221;default&#8221; global_colors_info=&#8221;{}&#8221;]<\/p>\n<p><span style=\"color: #343131;\"><strong>Les personnes d\u00e9j\u00e0 engag\u00e9es dans les \u0153uvres du P\u00e8lerin :<\/strong><\/span><\/p>\n<ul>\n<li>les employ\u00e9s ;<\/li>\n<li>les membres du Conseil ;<\/li>\n<li>les professeurs et\u00a0les \u00e9tudiants ;<\/li>\n<li>les accompagnateurs et les accompagn\u00e9s ;<\/li>\n<li>les communaut\u00e9s du P\u00e8lerin, EDP et le groupe de jeunes.<\/li>\n<\/ul>\n<p>[\/et_pb_text][\/et_pb_column][et_pb_column type=&#8221;1_2&#8243; _builder_version=&#8221;4.27.4&#8243; _module_preset=&#8221;default&#8221; global_colors_info=&#8221;{}&#8221;][et_pb_text module_class=&#8221;custom-bullet&#8221; _builder_version=&#8221;4.27.4&#8243; _module_preset=&#8221;default&#8221; global_colors_info=&#8221;{}&#8221;]<\/p>\n<p><span style=\"color: #343131;\"><strong>Le grand public :\u00a0<\/strong><\/span><\/p>\n<ul>\n<li>les personnes de tout \u00e2ge en recherche du sacr\u00e9 ;<\/li>\n<li>les personnes de tout \u00e2ge d\u00e9j\u00e0 initi\u00e9 \u00e0 la pri\u00e8re, mais en recherche de l\u2019approfondissement de la vie spirituelle.<\/li>\n<\/ul>\n<p>[\/et_pb_text][\/et_pb_column][\/et_pb_row][et_pb_row _builder_version=&#8221;4.27.4&#8243; _module_preset=&#8221;default&#8221; background_color=&#8221;#FFFFFF&#8221; global_colors_info=&#8221;{}&#8221;][et_pb_column type=&#8221;4_4&#8243; _builder_version=&#8221;4.27.4&#8243; _module_preset=&#8221;default&#8221; global_colors_info=&#8221;{}&#8221;][et_pb_heading title=&#8221;O\u00f9 et comment participer ?&#8221; _builder_version=&#8221;4.27.4&#8243; _module_preset=&#8221;36ccf545-274a-4f54-81d9-1e7c24daae74&#8243; title_font_size=&#8221;26px&#8221; global_colors_info=&#8221;{}&#8221;][\/et_pb_heading][\/et_pb_column][\/et_pb_row][et_pb_row column_structure=&#8221;1_2,1_2&#8243; _builder_version=&#8221;4.27.4&#8243; _module_preset=&#8221;default&#8221; background_color=&#8221;#FFFFFF&#8221; custom_margin=&#8221;0px|auto||auto|false|false&#8221; custom_padding=&#8221;|50px|0px|50px|false|true&#8221; global_colors_info=&#8221;{}&#8221;][et_pb_column type=&#8221;1_2&#8243; _builder_version=&#8221;4.27.4&#8243; _module_preset=&#8221;default&#8221; global_colors_info=&#8221;{}&#8221;][et_pb_text module_class=&#8221;custom-bullet&#8221; _builder_version=&#8221;4.27.4&#8243; _module_preset=&#8221;default&#8221; global_colors_info=&#8221;{}&#8221;]<\/p>\n<p><span style=\"color: #343131;\"><strong>En ligne :<\/strong><\/span><\/p>\n<ul>\n<li>M\u00e9ditations sur l\u2019\u00c9vangile du jour ;<\/li>\n<li>Possibilit\u00e9 de d\u00e9poser son intention de pri\u00e8re et de se joindre \u00e0 la communaut\u00e9 des priants ;<\/li>\n<li>L\u2019acc\u00e8s au contenu de diverses formes de pri\u00e8re chr\u00e9tiennes.<\/li>\n<\/ul>\n<p>Le projet en ligne se d\u00e9roule continuellement.<\/p>\n<p>[\/et_pb_text][\/et_pb_column][et_pb_column type=&#8221;1_2&#8243; _builder_version=&#8221;4.27.4&#8243; _module_preset=&#8221;default&#8221; global_colors_info=&#8221;{}&#8221;][et_pb_text module_class=&#8221;custom-bullet&#8221; _builder_version=&#8221;4.27.4&#8243; _module_preset=&#8221;default&#8221; global_colors_info=&#8221;{}&#8221;]<span style=\"color: #343131;\"><strong>En pr\u00e9sentiel et\\ou sous forme bimodale :\u00a0<\/strong><\/span><\/p>\n<ul>\n<li>Les journ\u00e9es de ressourcements pour les groupes cibles ;<\/li>\n<li>Les retraites (temps et lieu \u00e0 pr\u00e9ciser) ;<\/li>\n<li>Les temps de pri\u00e8re organis\u00e9s ;<\/li>\n<li>Etc.<\/li>\n<\/ul>\n<p>\tLes projets en pr\u00e9sentiel sont ponctuels.[\/et_pb_text][\/et_pb_column][\/et_pb_row][et_pb_row _builder_version=&#8221;4.27.4&#8243; _module_preset=&#8221;default&#8221; background_color=&#8221;#FFFFFF&#8221; custom_margin=&#8221;|auto|3px|auto||&#8221; custom_padding=&#8221;||50px|||&#8221; global_colors_info=&#8221;{}&#8221;][et_pb_column type=&#8221;4_4&#8243; _builder_version=&#8221;4.27.4&#8243; _module_preset=&#8221;default&#8221; global_colors_info=&#8221;{}&#8221;][et_pb_button button_url=&#8221;#ancre-demande-info&#8221; button_text=&#8221;FAIRE UNE DEMANDE D&#8217;INFORMATION&#8221; button_alignment=&#8221;center&#8221; _builder_version=&#8221;4.27.4&#8243; _module_preset=&#8221;08181441-1099-4174-9bab-bb352a06292d&#8221; global_colors_info=&#8221;{}&#8221; button_bg_color_gradient_stops__hover=&#8221;#e95365 0%|#ffaa55 100%&#8221; button_bg_use_color_gradient__hover=&#8221;on&#8221;][\/et_pb_button][\/et_pb_column][\/et_pb_row][\/et_pb_section][et_pb_section fb_built=&#8221;1&#8243; _builder_version=&#8221;4.27.4&#8243; _module_preset=&#8221;default&#8221; background_color=&#8221;RGBA(255,255,255,0)&#8221; custom_padding=&#8221;3px|||||&#8221; global_colors_info=&#8221;{}&#8221;][et_pb_row _builder_version=&#8221;4.27.4&#8243; _module_preset=&#8221;default&#8221; global_colors_info=&#8221;{}&#8221;][et_pb_column type=&#8221;4_4&#8243; _builder_version=&#8221;4.27.4&#8243; _module_preset=&#8221;default&#8221; global_colors_info=&#8221;{}&#8221;][et_pb_heading title=&#8221;\u00c9v\u00e9nements \u00e0 venir&#8221; _builder_version=&#8221;4.27.4&#8243; _module_preset=&#8221;default&#8221; global_colors_info=&#8221;{}&#8221;][\/et_pb_heading][et_pb_text _builder_version=&#8221;4.27.4&#8243; _module_preset=&#8221;default&#8221; global_colors_info=&#8221;{}&#8221;]<\/p>\n<p style=\"text-align: center;\">Voici les \u00e9v\u00e9nements \u00e0 venir pour l&#8217;\u00c9cole Pri\u00e8re et Communion. <a href=\"\/portail\/evenements\/\">Voir tous les \u00e9v\u00e9nements<\/a> \u00e0 venir au P\u00e8lerin.<\/p>\n<p>[\/et_pb_text][diec_event_carousel show_name=&#8221;off&#8221; show_category=&#8221;off&#8221; show_weburl=&#8221;off&#8221; show_detail=&#8221;off&#8221; show_preposition=&#8221;off&#8221; included_categories=&#8221;23&#8243; columns=&#8221;1&#8243; result_message=&#8221;Il n&#8217;y a pas d&#8217;\u00e9v\u00e9nement \u00e0 venir pour le moment. Cliquez sur le bouton ci-dessous pour voir le calendrier complet des \u00e9v\u00e9nements. &#8221; _builder_version=&#8221;4.27.4&#8243; _module_preset=&#8221;default&#8221; border_radii_thumbnail_border=&#8221;on|18px|18px|18px|18px&#8221; global_colors_info=&#8221;{}&#8221;][\/diec_event_carousel][et_pb_button button_url=&#8221;\/portail\/evenements\/&#8221; url_new_window=&#8221;on&#8221; button_text=&#8221;VOIR TOUS LES \u00c9V\u00c9NEMENTS&#8221; button_alignment=&#8221;center&#8221; _builder_version=&#8221;4.27.4&#8243; _module_preset=&#8221;default&#8221; global_colors_info=&#8221;{}&#8221; button_bg_color_gradient_stops__hover=&#8221;#e95365 0%|#ffaa55 100%&#8221; button_bg_use_color_gradient__hover=&#8221;on&#8221;][\/et_pb_button][\/et_pb_column][\/et_pb_row][\/et_pb_section][et_pb_section fb_built=&#8221;1&#8243; _builder_version=&#8221;4.27.4&#8243; _module_preset=&#8221;default&#8221; use_background_color_gradient=&#8221;on&#8221; background_color_gradient_direction=&#8221;90deg&#8221; background_color_gradient_stops=&#8221;#ffaa55 0%|#be4750 60%&#8221; global_colors_info=&#8221;{}&#8221;][et_pb_row _builder_version=&#8221;4.27.4&#8243; _module_preset=&#8221;default&#8221; global_colors_info=&#8221;{}&#8221;][et_pb_column type=&#8221;4_4&#8243; _builder_version=&#8221;4.27.4&#8243; _module_preset=&#8221;default&#8221; global_colors_info=&#8221;{}&#8221;][et_pb_testimonial author=&#8221;Sainte Th\u00e9r\u00e8se d&#8217;Avila&#8221; portrait_url=&#8221;https:\/\/lepelerin.org\/portail\/wp-content\/uploads\/2025\/03\/sainte-therese-avila-portrait.jpg&#8221; _builder_version=&#8221;4.27.4&#8243; _module_preset=&#8221;default&#8221; use_background_color=&#8221;off&#8221; background_layout=&#8221;dark&#8221; custom_padding=&#8221;53px|||||&#8221; global_colors_info=&#8221;{}&#8221;]<\/p>\n<p>\u00ab Ce qui importe avant tout, c&#8217;est d&#8217;entrer en nous-m\u00eames pour y rester seul \u00e0 seul avec Dieu. \u00bb <br \/>\u00ab Prier ne consiste pas \u00e0 beaucoup penser mais \u00e0 beaucoup aimer \u00bb<\/p>\n<p>[\/et_pb_testimonial][\/et_pb_column][\/et_pb_row][\/et_pb_section][et_pb_section fb_built=&#8221;1&#8243; disabled_on=&#8221;on|on|off&#8221; _builder_version=&#8221;4.27.4&#8243; _module_preset=&#8221;default&#8221; background_image=&#8221;https:\/\/lepelerin.org\/portail\/wp-content\/uploads\/2025\/02\/Vague-section-blanche.png&#8221; background_size=&#8221;stretch&#8221; min_height=&#8221;200px&#8221; height=&#8221;200px&#8221; custom_padding=&#8221;55px||55px||false|false&#8221; global_colors_info=&#8221;{}&#8221;][\/et_pb_section][et_pb_section fb_built=&#8221;1&#8243; _builder_version=&#8221;4.27.4&#8243; _module_preset=&#8221;default&#8221; background_color=&#8221;#FFFFFF&#8221; custom_padding=&#8221;55px|||||&#8221; global_colors_info=&#8221;{}&#8221;][et_pb_row _builder_version=&#8221;4.27.0&#8243; _module_preset=&#8221;default&#8221; global_colors_info=&#8221;{}&#8221;][et_pb_column type=&#8221;4_4&#8243; _builder_version=&#8221;4.27.0&#8243; _module_preset=&#8221;default&#8221; global_colors_info=&#8221;{}&#8221;][et_pb_heading title=&#8221;Un appel aux communaut\u00e9s religieuses&#8221; _builder_version=&#8221;4.27.0&#8243; _module_preset=&#8221;default&#8221; global_colors_info=&#8221;{}&#8221;][\/et_pb_heading][et_pb_text _builder_version=&#8221;4.27.4&#8243; _module_preset=&#8221;default&#8221; global_colors_info=&#8221;{}&#8221;]<\/p>\n<p>Dans notre plan d\u2019action, il est d\u2019engager les ressources internes et externes pour pouvoir r\u00e9aliser ce projet. Pour cette raison, nous cherchons diff\u00e9rents partenaires. Nous aimerions cr\u00e9er l\u2019espace de pri\u00e8re pour les diff\u00e9rentes communaut\u00e9s religieuses qui pourront faire partie de ce projet de la fa\u00e7on suivante :<\/p>\n<p>[\/et_pb_text][et_pb_image src=&#8221;https:\/\/lepelerin.org\/portail\/wp-content\/uploads\/2025\/03\/EPC-appel-communautes.jpg&#8221; title_text=&#8221;EPC-appel-communaut\u00e9s&#8221; _builder_version=&#8221;4.27.4&#8243; _module_preset=&#8221;default&#8221; custom_margin=&#8221;12px|||||&#8221; custom_padding=&#8221;||0px|||&#8221; border_radii=&#8221;on|18px|18px|18px|18px&#8221; global_colors_info=&#8221;{}&#8221;][\/et_pb_image][\/et_pb_column][\/et_pb_row][et_pb_row column_structure=&#8221;1_3,1_3,1_3&#8243; _builder_version=&#8221;4.27.4&#8243; _module_preset=&#8221;default&#8221; global_colors_info=&#8221;{}&#8221;][et_pb_column type=&#8221;1_3&#8243; _builder_version=&#8221;4.27.4&#8243; _module_preset=&#8221;default&#8221; global_colors_info=&#8221;{}&#8221;][et_pb_heading title=&#8221;Prier les intentions&#8221; _builder_version=&#8221;4.27.4&#8243; _module_preset=&#8221;36ccf545-274a-4f54-81d9-1e7c24daae74&#8243; custom_margin=&#8221;||-1px|||&#8221; global_colors_info=&#8221;{}&#8221;][\/et_pb_heading][et_pb_text _builder_version=&#8221;4.27.4&#8243; _module_preset=&#8221;default&#8221; text_orientation=&#8221;center&#8221; global_colors_info=&#8221;{}&#8221;]<\/p>\n<p>Se joindre \u00e0 la communaut\u00e9 de la pri\u00e8re pour les intentions d\u00e9pos\u00e9es sur le site.<\/p>\n<p>[\/et_pb_text][\/et_pb_column][et_pb_column type=&#8221;1_3&#8243; _builder_version=&#8221;4.27.4&#8243; _module_preset=&#8221;default&#8221; global_colors_info=&#8221;{}&#8221;][et_pb_heading title=&#8221;Proposer du mat\u00e9riel&#8221; _builder_version=&#8221;4.27.4&#8243; _module_preset=&#8221;36ccf545-274a-4f54-81d9-1e7c24daae74&#8243; custom_margin=&#8221;||-1px|||&#8221; global_colors_info=&#8221;{}&#8221;][\/et_pb_heading][et_pb_text _builder_version=&#8221;4.27.4&#8243; _module_preset=&#8221;default&#8221; text_orientation=&#8221;center&#8221; global_colors_info=&#8221;{}&#8221;]<\/p>\n<p>Proposer des mat\u00e9riels sur les diff\u00e9rentes formes de pri\u00e8re (les textes ou les mat\u00e9riels audio-visuels) propres \u00e0 leur spiritualit\u00e9.<\/p>\n<p>[\/et_pb_text][\/et_pb_column][et_pb_column type=&#8221;1_3&#8243; _builder_version=&#8221;4.27.4&#8243; _module_preset=&#8221;default&#8221; global_colors_info=&#8221;{}&#8221;][et_pb_heading title=&#8221;Partager des pri\u00e8res&#8221; _builder_version=&#8221;4.27.4&#8243; _module_preset=&#8221;36ccf545-274a-4f54-81d9-1e7c24daae74&#8243; custom_margin=&#8221;||-1px|||&#8221; global_colors_info=&#8221;{}&#8221;][\/et_pb_heading][et_pb_text _builder_version=&#8221;4.27.4&#8243; _module_preset=&#8221;default&#8221; text_orientation=&#8221;center&#8221; global_colors_info=&#8221;{}&#8221;]<\/p>\n<p>Partager des pri\u00e8res d\u00e9j\u00e0 formul\u00e9es.<\/p>\n<p>[\/et_pb_text][\/et_pb_column][\/et_pb_row][et_pb_row column_structure=&#8221;1_2,1_2&#8243; _builder_version=&#8221;4.27.4&#8243; _module_preset=&#8221;default&#8221; global_colors_info=&#8221;{}&#8221;][et_pb_column type=&#8221;1_2&#8243; _builder_version=&#8221;4.27.4&#8243; _module_preset=&#8221;default&#8221; global_colors_info=&#8221;{}&#8221;][et_pb_heading title=&#8221;Contribuer aux contenus&#8221; _builder_version=&#8221;4.27.4&#8243; _module_preset=&#8221;36ccf545-274a-4f54-81d9-1e7c24daae74&#8243; custom_margin=&#8221;||-1px|||&#8221; global_colors_info=&#8221;{}&#8221;][\/et_pb_heading][et_pb_text _builder_version=&#8221;4.27.4&#8243; _module_preset=&#8221;default&#8221; text_orientation=&#8221;center&#8221; global_colors_info=&#8221;{}&#8221;]<\/p>\n<p>Proposer les textes monastiques, les \u0153uvres des fondateurs, des saintes et des saints de sa communaut\u00e9 afin de nourrir la vie de pri\u00e8re des personnes en recherche.<\/p>\n<p>[\/et_pb_text][\/et_pb_column][et_pb_column type=&#8221;1_2&#8243; _builder_version=&#8221;4.27.4&#8243; _module_preset=&#8221;default&#8221; global_colors_info=&#8221;{}&#8221;][et_pb_heading title=&#8221;Partager des intentions&#8221; _builder_version=&#8221;4.27.4&#8243; _module_preset=&#8221;36ccf545-274a-4f54-81d9-1e7c24daae74&#8243; custom_margin=&#8221;||-1px|||&#8221; global_colors_info=&#8221;{}&#8221;][\/et_pb_heading][et_pb_text _builder_version=&#8221;4.27.4&#8243; _module_preset=&#8221;default&#8221; text_orientation=&#8221;center&#8221; global_colors_info=&#8221;{}&#8221;]<\/p>\n<p>Partager leurs propres intentions de pri\u00e8re pour lesquelles elles voudraient que la communaut\u00e9 des priants associ\u00e9s prie.<\/p>\n<p>[\/et_pb_text][\/et_pb_column][\/et_pb_row][et_pb_row _builder_version=&#8221;4.27.4&#8243; _module_preset=&#8221;default&#8221; global_colors_info=&#8221;{}&#8221;][et_pb_column type=&#8221;4_4&#8243; _builder_version=&#8221;4.27.4&#8243; _module_preset=&#8221;default&#8221; global_colors_info=&#8221;{}&#8221;][et_pb_text _builder_version=&#8221;4.27.4&#8243; _module_preset=&#8221;default&#8221; global_colors_info=&#8221;{}&#8221;]<\/p>\n<p>Participer \u00e0 ce projet permet aux communaut\u00e9s de <strong>vivre ensemble une communion d\u2019\u00c9glise<\/strong> au sein d\u2019un vaste r\u00e9seau de pri\u00e8re, favorisant une unit\u00e9 spirituelle profonde. C\u2019est \u00e9galement l\u2019occasion de <strong>partager la richesse de leur spiritualit\u00e9 et le charisme propre de leur communaut\u00e9<\/strong> avec un plus grand nombre de personnes. Enfin, gr\u00e2ce \u00e0 une visibilit\u00e9 accrue, les communaut\u00e9s ont la <strong>possibilit\u00e9 d\u2019\u00eatre accessibles depuis notre site<\/strong>, o\u00f9 un lien dirige les visiteurs vers leur propre plateforme, \u00e9largissant ainsi leur rayonnement.<\/p>\n<p>[\/et_pb_text][\/et_pb_column][\/et_pb_row][et_pb_row _builder_version=&#8221;4.27.4&#8243; _module_preset=&#8221;default&#8221; global_colors_info=&#8221;{}&#8221;][et_pb_column type=&#8221;4_4&#8243; _builder_version=&#8221;4.27.4&#8243; _module_preset=&#8221;default&#8221; global_colors_info=&#8221;{}&#8221;][et_pb_button button_url=&#8221;#ancre-demande-info&#8221; button_text=&#8221;CONTACTEZ-NOUS&#8221; button_alignment=&#8221;center&#8221; _builder_version=&#8221;4.27.4&#8243; _module_preset=&#8221;default&#8221; global_colors_info=&#8221;{}&#8221; button_bg_color_gradient_stops__hover=&#8221;#e95365 0%|#ffaa55 100%&#8221; button_bg_use_color_gradient__hover=&#8221;on&#8221;][\/et_pb_button][\/et_pb_column][\/et_pb_row][\/et_pb_section][et_pb_section fb_built=&#8221;1&#8243; _builder_version=&#8221;4.27.4&#8243; _module_preset=&#8221;default&#8221; use_background_color_gradient=&#8221;on&#8221; background_color_gradient_direction=&#8221;90deg&#8221; background_color_gradient_stops=&#8221;#ffaa55 0%|#be4750 60%&#8221; global_colors_info=&#8221;{}&#8221;][et_pb_row _builder_version=&#8221;4.27.4&#8243; _module_preset=&#8221;default&#8221; custom_padding=&#8221;0px||0px||false|false&#8221; global_colors_info=&#8221;{}&#8221;][et_pb_column type=&#8221;4_4&#8243; _builder_version=&#8221;4.27.4&#8243; _module_preset=&#8221;default&#8221; custom_padding=&#8221;37px||||false|false&#8221; global_colors_info=&#8221;{}&#8221;][et_pb_heading title=&#8221;T\u00e9moignage d&#8217;un regard transform\u00e9&#8221; _builder_version=&#8221;4.27.4&#8243; _module_preset=&#8221;default&#8221; title_text_color=&#8221;#FFFFFF&#8221; global_colors_info=&#8221;{}&#8221;][\/et_pb_heading][\/et_pb_column][\/et_pb_row][et_pb_row _builder_version=&#8221;4.27.4&#8243; _module_preset=&#8221;default&#8221; custom_padding=&#8221;0px||||false|false&#8221; global_colors_info=&#8221;{}&#8221;][et_pb_column type=&#8221;4_4&#8243; _builder_version=&#8221;4.27.4&#8243; _module_preset=&#8221;default&#8221; custom_padding=&#8221;37px||||false|false&#8221; global_colors_info=&#8221;{}&#8221;][et_pb_video src=&#8221;https:\/\/youtu.be\/gMfAOS4XZaU&#8221; _builder_version=&#8221;4.27.4&#8243; _module_preset=&#8221;default&#8221; max_width=&#8221;70%&#8221; module_alignment=&#8221;center&#8221; global_colors_info=&#8221;{}&#8221;][\/et_pb_video][\/et_pb_column][\/et_pb_row][\/et_pb_section][et_pb_section fb_built=&#8221;1&#8243; _builder_version=&#8221;4.27.0&#8243; _module_preset=&#8221;default&#8221; custom_margin=&#8221;32px|||||&#8221; custom_padding=&#8221;0px|||||&#8221; global_colors_info=&#8221;{}&#8221;][et_pb_row _builder_version=&#8221;4.27.0&#8243; _module_preset=&#8221;default&#8221; custom_padding=&#8221;||30px|||&#8221; global_colors_info=&#8221;{}&#8221;][et_pb_column type=&#8221;4_4&#8243; _builder_version=&#8221;4.27.0&#8243; _module_preset=&#8221;default&#8221; global_colors_info=&#8221;{}&#8221;][et_pb_heading title=&#8221;Coordonatrice de l&#8217;\u00c9cole&#8221; _builder_version=&#8221;4.27.4&#8243; _module_preset=&#8221;default&#8221; global_colors_info=&#8221;{}&#8221;][\/et_pb_heading][\/et_pb_column][\/et_pb_row][et_pb_row column_structure=&#8221;1_2,1_2&#8243; _builder_version=&#8221;4.27.4&#8243; _module_preset=&#8221;default&#8221; global_colors_info=&#8221;{}&#8221;][et_pb_column type=&#8221;1_2&#8243; _builder_version=&#8221;4.27.0&#8243; _module_preset=&#8221;default&#8221; global_colors_info=&#8221;{}&#8221;][et_pb_image src=&#8221;https:\/\/lepelerin.org\/portail\/wp-content\/uploads\/2025\/03\/Halyna-Kryshtal-coordonnees.jpg&#8221; alt=&#8221;Halyna Kryshtal&#8221; title_text=&#8221;Halyna-Kryshtal-coordonnees&#8221; _builder_version=&#8221;4.27.4&#8243; _module_preset=&#8221;default&#8221; border_radii=&#8221;on|18px|18px|18px|18px&#8221; locked=&#8221;off&#8221; global_colors_info=&#8221;{}&#8221;][\/et_pb_image][\/et_pb_column][et_pb_column type=&#8221;1_2&#8243; _builder_version=&#8221;4.27.0&#8243; _module_preset=&#8221;default&#8221; global_colors_info=&#8221;{}&#8221;][et_pb_heading title=&#8221;Halyna Kryshtal&#8221; _builder_version=&#8221;4.27.4&#8243; _module_preset=&#8221;37aae277-c41d-4872-83a1-a4cada35d6d7&#8243; title_text_align=&#8221;left&#8221; global_colors_info=&#8221;{}&#8221;][\/et_pb_heading][et_pb_text _builder_version=&#8221;4.27.4&#8243; _module_preset=&#8221;default&#8221; global_colors_info=&#8221;{}&#8221;]<\/p>\n<p>Coordonatrice, \u00c9cole Pri\u00e8re &amp; Communion<\/p>\n<p><a href=\"mailto:hkryshtal@lepelerin.org\">hkryshtal@lepelerin.org<\/a><br \/>514-737-6262 Poste 290<\/p>\n<p><a href=\"#\">Planifier un rendez-vous avec Halyna Krystal<\/a><\/p>\n<p>[\/et_pb_text][et_pb_text _builder_version=&#8221;4.27.4&#8243; _module_preset=&#8221;default&#8221; global_colors_info=&#8221;{}&#8221;]<\/p>\n<p>Originaire de l\u2019Ukraine, elle a fait ses \u00e9tudes en Pologne : \u00e0 l\u2019Institut de th\u00e9ologie de Czestochowa (la ma\u00eetrise en th\u00e9ologie) et \u00e0 l\u2019Universit\u00e9 Catholique de Lublin (le doctorat en th\u00e9ologie morale). Dans les ann\u00e9es 2003-2015 elle \u00e9tait professeure \u00e0 l\u2019Universit\u00e9 Catholique ukrainienne, ainsi que professeure (invit\u00e9e) \u00e0 l\u2019Institut de sciences religieuses St Thomas d\u2019Aquin \u00e0 Kyiv (Ukraine). Apr\u00e8s son immigration au Canada en 2015, elle a travaill\u00e9 \u00e0 l\u2019Institut de formation th\u00e9ologique de Montr\u00e9al en tant que registraire, conseill\u00e8re acad\u00e9mique et professeure.<\/p>\n<p>Depuis le mois d\u2019ao\u00fbt 2024 Halyna fait partie de l\u2019\u00e9quipe permanent du Centre le P\u00e8lerin. Elle est coordinatrice de l\u2019\u00c9cole Foi et Spiritualit\u00e9, l\u2019\u00c9cole Pri\u00e8re et Communion et de la chaire priv\u00e9e en recherche spirituelle. <\/p>\n<p>[\/et_pb_text][\/et_pb_column][\/et_pb_row][\/et_pb_section][et_pb_section fb_built=&#8221;1&#8243; _builder_version=&#8221;4.27.4&#8243; _module_preset=&#8221;default&#8221; use_background_color_gradient=&#8221;on&#8221; background_color_gradient_direction=&#8221;90deg&#8221; background_color_gradient_stops=&#8221;#ffaa55 0%|#be4750 60%&#8221; global_colors_info=&#8221;{}&#8221;][et_pb_row column_structure=&#8221;2_5,3_5&#8243; _builder_version=&#8221;4.27.4&#8243; _module_preset=&#8221;default&#8221; global_colors_info=&#8221;{}&#8221;][et_pb_column type=&#8221;2_5&#8243; _builder_version=&#8221;4.27.4&#8243; _module_preset=&#8221;default&#8221; global_colors_info=&#8221;{}&#8221;][et_pb_heading title=&#8221;Une r\u00e9ponse au contexte spirituel pressant&#8221; _builder_version=&#8221;4.27.4&#8243; _module_preset=&#8221;default&#8221; title_text_align=&#8221;left&#8221; title_text_color=&#8221;#FFFFFF&#8221; global_colors_info=&#8221;{}&#8221;][\/et_pb_heading][\/et_pb_column][et_pb_column type=&#8221;3_5&#8243; _builder_version=&#8221;4.27.4&#8243; _module_preset=&#8221;default&#8221; global_colors_info=&#8221;{}&#8221;][et_pb_testimonial author=&#8221;Halyna Kryshtal&#8221; job_title=&#8221;Coordonatrice, \u00c9cole Pri\u00e8re &#038; Communion&#8221; company_name=&#8221;Centre le P\u00e8lerin&#8221; _builder_version=&#8221;4.27.4&#8243; _module_preset=&#8221;default&#8221; use_background_color=&#8221;off&#8221; background_layout=&#8221;dark&#8221; global_colors_info=&#8221;{}&#8221;]<\/p>\n<p>&#8221; Nous sommes dans un contexte o\u00f9 \u00e9mergent une r\u00e9elle qu\u00eate de sens et une soif spirituelle chez nos contemporains. Cette qu\u00eate et cette soif sont, toutefois, marqu\u00e9es par une d\u00e9tresse grandissante, une crise anthropologique et relationnelle certaine, une faiblesse des points de rep\u00e8res, un individualisme avec une libert\u00e9 autocentr\u00e9e, un mat\u00e9rialisme hyperpr\u00e9sent, une croissance du taux de suicide, etc. Cette situation pose la n\u00e9cessit\u00e9 d\u2019une \u00c9cole de Pri\u00e8re et Communion afin de reconduire l\u2019\u00eatre \u00e0 une vie int\u00e9rieure, \u00e0 d\u00e9couvrir un Dieu qui l\u2019habite et l\u2019attend, \u00e0 retisser avec les autres une communion, \u00e0 avoir une proposition ajust\u00e9e pour le d\u00e9veloppement d\u2019une vie de pri\u00e8re, etc. &#8220;<\/p>\n<p>[\/et_pb_testimonial][\/et_pb_column][\/et_pb_row][\/et_pb_section][et_pb_section fb_built=&#8221;1&#8243; _builder_version=&#8221;4.27.4&#8243; _module_preset=&#8221;default&#8221; global_colors_info=&#8221;{}&#8221;][et_pb_row _builder_version=&#8221;4.27.4&#8243; _module_preset=&#8221;default&#8221; global_colors_info=&#8221;{}&#8221;][et_pb_column type=&#8221;4_4&#8243; _builder_version=&#8221;4.27.4&#8243; _module_preset=&#8221;default&#8221; global_colors_info=&#8221;{}&#8221;][et_pb_heading title=&#8221;Questions fr\u00e9quentes&#8221; _builder_version=&#8221;4.27.4&#8243; _module_preset=&#8221;default&#8221; global_colors_info=&#8221;{}&#8221;][\/et_pb_heading][et_pb_toggle title=&#8221;Est-ce possible d&#8217;envoyer des intentions de pri\u00e8re ? &#8221; _builder_version=&#8221;4.27.4&#8243; _module_preset=&#8221;02fe2a6f-c3eb-4710-8bf7-57317723c818&#8243; global_colors_info=&#8221;{}&#8221;]<\/p>\n<p>Oui, tout \u00e0 fait ! Actuellement, vous pouvez partager vos intentions en utilisant le formulaire de contact au bas de la page. Nous travaillons actuellement sur le d\u00e9veloppement d&#8217;un module d\u00e9di\u00e9 aux intentions de pri\u00e8re.<\/p>\n<p>[\/et_pb_toggle][\/et_pb_column][\/et_pb_row][\/et_pb_section][et_pb_section fb_built=&#8221;1&#8243; module_id=&#8221;ancre-demande-info&#8221; _builder_version=&#8221;4.27.4&#8243; _module_preset=&#8221;default&#8221; background_image=&#8221;https:\/\/lepelerin.org\/portail\/wp-content\/uploads\/2025\/03\/BG-demande-information.jpg&#8221; custom_padding=&#8221;110px||110px|||&#8221; global_colors_info=&#8221;{}&#8221;][et_pb_row _builder_version=&#8221;4.27.4&#8243; _module_preset=&#8221;default&#8221; background_color=&#8221;#fff8f2&#8243; custom_padding=&#8221;|75px||75px|false|true&#8221; border_radii=&#8221;on|10px|10px|10px|10px&#8221; global_colors_info=&#8221;{}&#8221;][et_pb_column type=&#8221;4_4&#8243; _builder_version=&#8221;4.27.4&#8243; _module_preset=&#8221;default&#8221; global_colors_info=&#8221;{}&#8221;][et_pb_image src=&#8221;https:\/\/lepelerin.org\/portail\/wp-content\/uploads\/2025\/03\/Groupe-etoiles-jaunes.png&#8221; title_text=&#8221;Groupe-etoiles-jaunes&#8221; align=&#8221;center&#8221; _builder_version=&#8221;4.27.4&#8243; _module_preset=&#8221;default&#8221; global_colors_info=&#8221;{}&#8221;][\/et_pb_image][et_pb_heading title=&#8221;Demande d&#8217;information&#8221; _builder_version=&#8221;4.27.4&#8243; _module_preset=&#8221;default&#8221; custom_margin=&#8221;|0px||0px|false|false&#8221; custom_padding=&#8221;|0px||0px|false|false&#8221; global_colors_info=&#8221;{}&#8221;][\/et_pb_heading][et_pb_contact_form use_spam_service=&#8221;on&#8221; recaptcha_list=&#8221;lepelerinorg|lepelerinorg-0&#8243; email=&#8221;hkryshtal@lepelerin.org,ecollard@lepelerin.org,info@lepelerin.org&#8221; custom_message=&#8221;Bonjour, ||et_pb_line_break_holder||||et_pb_line_break_holder||Voici une demande d&#8217;information pour l&#8217;\u00c9cole Pri\u00e8re &#038; Communion venant du site Web : ||et_pb_line_break_holder||||et_pb_line_break_holder||Pr\u00e9nom : %%firstName%%||et_pb_line_break_holder||Nom : %%Name%%||et_pb_line_break_holder||Courriel : %%Email%%||et_pb_line_break_holder||T\u00e9l\u00e9phone : %%numTel%%||et_pb_line_break_holder||R\u00e9gion : %%region%%||et_pb_line_break_holder||Message : %%Message%%||et_pb_line_break_holder||||et_pb_line_break_holder||Merci de r\u00e9pondre \u00e0 cette demande ! &#8221; use_redirect=&#8221;on&#8221; redirect_url=&#8221;https:\/\/lepelerin.org\/portail\/page-de-confirmation&#8221; success_message=&#8221;Merci ! Nous vous reviendrons dans les plus brefs d\u00e9lais. &#8221; submit_button_text=&#8221;ENVOYER&#8221; _builder_version=&#8221;4.27.4&#8243; _module_preset=&#8221;default&#8221; _unique_id=&#8221;4c5f162a-2f78-4ccc-b12d-16e148bb5b89&#8243; form_field_background_color=&#8221;#FFFFFF&#8221; form_field_text_color=&#8221;#000000&#8243; captcha_font=&#8221;||||||||&#8221; custom_button=&#8221;on&#8221; button_text_size=&#8221;16px&#8221; button_text_color=&#8221;#FFFFFF&#8221; button_bg_use_color_gradient=&#8221;on&#8221; button_bg_color_gradient_stops=&#8221;#e95365 0%|#832f39 100%&#8221; button_border_width=&#8221;2px&#8221; button_border_radius=&#8221;8px&#8221; button_font=&#8221;|700|||||||&#8221; button_use_icon=&#8221;off&#8221; button_custom_padding=&#8221;10px|25px|10px|25px|true|true&#8221; button_border_radius_tablet=&#8221;8px&#8221; button_border_radius_phone=&#8221;8px&#8221; button_border_radius_last_edited=&#8221;on|desktop&#8221; border_radii=&#8221;on|10px|10px|10px|10px&#8221; border_width_all=&#8221;2px&#8221; border_color_all=&#8221;#e6e6e6&#8243; global_colors_info=&#8221;{}&#8221; button_bg_color__hover_enabled=&#8221;on|desktop&#8221; button_bg_color_gradient_stops__hover=&#8221;#e95365 0%|#ffaa55 98%&#8221; button_bg_use_color_gradient__hover=&#8221;on&#8221; button_border_radius__hover_enabled=&#8221;on|hover&#8221; button_border_radius__hover=&#8221;8px&#8221;][et_pb_contact_field field_id=&#8221;firstName&#8221; field_title=&#8221;Pr\u00e9nom&#8221; _builder_version=&#8221;4.27.4&#8243; _module_preset=&#8221;default&#8221; global_colors_info=&#8221;{}&#8221;][\/et_pb_contact_field][et_pb_contact_field field_id=&#8221;Name&#8221; field_title=&#8221;Nom&#8221; _builder_version=&#8221;4.27.4&#8243; global_colors_info=&#8221;{}&#8221; button_text_size__hover_enabled=&#8221;off&#8221; button_one_text_size__hover_enabled=&#8221;off&#8221; button_two_text_size__hover_enabled=&#8221;off&#8221; button_text_color__hover_enabled=&#8221;off&#8221; button_one_text_color__hover_enabled=&#8221;off&#8221; button_two_text_color__hover_enabled=&#8221;off&#8221; button_border_width__hover_enabled=&#8221;off&#8221; button_one_border_width__hover_enabled=&#8221;off&#8221; button_two_border_width__hover_enabled=&#8221;off&#8221; button_border_color__hover_enabled=&#8221;off&#8221; button_one_border_color__hover_enabled=&#8221;off&#8221; button_two_border_color__hover_enabled=&#8221;off&#8221; button_border_radius__hover_enabled=&#8221;off&#8221; button_one_border_radius__hover_enabled=&#8221;off&#8221; button_two_border_radius__hover_enabled=&#8221;off&#8221; button_letter_spacing__hover_enabled=&#8221;off&#8221; button_one_letter_spacing__hover_enabled=&#8221;off&#8221; button_two_letter_spacing__hover_enabled=&#8221;off&#8221; button_bg_color__hover_enabled=&#8221;off&#8221; button_one_bg_color__hover_enabled=&#8221;off&#8221; button_two_bg_color__hover_enabled=&#8221;off&#8221;][\/et_pb_contact_field][et_pb_contact_field field_id=&#8221;Email&#8221; field_title=&#8221;Adresse courriel&#8221; field_type=&#8221;email&#8221; _builder_version=&#8221;4.27.4&#8243; global_colors_info=&#8221;{}&#8221; button_text_size__hover_enabled=&#8221;off&#8221; button_one_text_size__hover_enabled=&#8221;off&#8221; button_two_text_size__hover_enabled=&#8221;off&#8221; button_text_color__hover_enabled=&#8221;off&#8221; button_one_text_color__hover_enabled=&#8221;off&#8221; button_two_text_color__hover_enabled=&#8221;off&#8221; button_border_width__hover_enabled=&#8221;off&#8221; button_one_border_width__hover_enabled=&#8221;off&#8221; button_two_border_width__hover_enabled=&#8221;off&#8221; button_border_color__hover_enabled=&#8221;off&#8221; button_one_border_color__hover_enabled=&#8221;off&#8221; button_two_border_color__hover_enabled=&#8221;off&#8221; button_border_radius__hover_enabled=&#8221;off&#8221; button_one_border_radius__hover_enabled=&#8221;off&#8221; button_two_border_radius__hover_enabled=&#8221;off&#8221; button_letter_spacing__hover_enabled=&#8221;off&#8221; button_one_letter_spacing__hover_enabled=&#8221;off&#8221; button_two_letter_spacing__hover_enabled=&#8221;off&#8221; button_bg_color__hover_enabled=&#8221;off&#8221; button_one_bg_color__hover_enabled=&#8221;off&#8221; button_two_bg_color__hover_enabled=&#8221;off&#8221;][\/et_pb_contact_field][et_pb_contact_field field_id=&#8221;numTel&#8221; field_title=&#8221;Num\u00e9ro de t\u00e9l\u00e9phone&#8221; allowed_symbols=&#8221;numbers&#8221; required_mark=&#8221;off&#8221; _builder_version=&#8221;4.27.4&#8243; _module_preset=&#8221;default&#8221; global_colors_info=&#8221;{}&#8221;][\/et_pb_contact_field][et_pb_contact_field field_id=&#8221;region&#8221; field_title=&#8221;R\u00e9gion&#8221; _builder_version=&#8221;4.27.4&#8243; _module_preset=&#8221;default&#8221; global_colors_info=&#8221;{}&#8221;][\/et_pb_contact_field][et_pb_contact_field field_id=&#8221;Message&#8221; field_title=&#8221;Votre message&#8221; field_type=&#8221;text&#8221; _builder_version=&#8221;4.27.4&#8243; global_colors_info=&#8221;{}&#8221; button_text_size__hover_enabled=&#8221;off&#8221; button_one_text_size__hover_enabled=&#8221;off&#8221; button_two_text_size__hover_enabled=&#8221;off&#8221; button_text_color__hover_enabled=&#8221;off&#8221; button_one_text_color__hover_enabled=&#8221;off&#8221; button_two_text_color__hover_enabled=&#8221;off&#8221; button_border_width__hover_enabled=&#8221;off&#8221; button_one_border_width__hover_enabled=&#8221;off&#8221; button_two_border_width__hover_enabled=&#8221;off&#8221; button_border_color__hover_enabled=&#8221;off&#8221; button_one_border_color__hover_enabled=&#8221;off&#8221; button_two_border_color__hover_enabled=&#8221;off&#8221; button_border_radius__hover_enabled=&#8221;off&#8221; button_one_border_radius__hover_enabled=&#8221;off&#8221; button_two_border_radius__hover_enabled=&#8221;off&#8221; button_letter_spacing__hover_enabled=&#8221;off&#8221; button_one_letter_spacing__hover_enabled=&#8221;off&#8221; button_two_letter_spacing__hover_enabled=&#8221;off&#8221; button_bg_color__hover_enabled=&#8221;off&#8221; button_one_bg_color__hover_enabled=&#8221;off&#8221; button_two_bg_color__hover_enabled=&#8221;off&#8221;][\/et_pb_contact_field][\/et_pb_contact_form][\/et_pb_column][\/et_pb_row][\/et_pb_section][et_pb_section fb_built=&#8221;1&#8243; _builder_version=&#8221;4.27.0&#8243; _module_preset=&#8221;default&#8221; min_height=&#8221;747.2px&#8221; custom_padding=&#8221;3px|||||&#8221; global_module=&#8221;250685&#8243; global_colors_info=&#8221;{}&#8221;][et_pb_row _builder_version=&#8221;4.27.0&#8243; _module_preset=&#8221;default&#8221; custom_padding=&#8221;45px|||||&#8221; global_colors_info=&#8221;{}&#8221;][et_pb_column type=&#8221;4_4&#8243; _builder_version=&#8221;4.27.0&#8243; _module_preset=&#8221;default&#8221; global_colors_info=&#8221;{}&#8221;][et_pb_heading title=&#8221;\u00c0 ne pas manquer&#8221; _builder_version=&#8221;4.27.0&#8243; _module_preset=&#8221;default&#8221; global_colors_info=&#8221;{}&#8221;][\/et_pb_heading][\/et_pb_column][\/et_pb_row][et_pb_row column_structure=&#8221;1_3,1_3,1_3&#8243; _builder_version=&#8221;4.27.0&#8243; _module_preset=&#8221;default&#8221; custom_padding=&#8221;||0px|||&#8221; global_colors_info=&#8221;{}&#8221;][et_pb_column type=&#8221;1_3&#8243; _builder_version=&#8221;4.27.0&#8243; _module_preset=&#8221;default&#8221; global_colors_info=&#8221;{}&#8221;][diec_event_carousel show_name=&#8221;off&#8221; show_category=&#8221;off&#8221; show_weburl=&#8221;off&#8221; show_detail=&#8221;off&#8221; show_data_one_line=&#8221;on&#8221; event_count=&#8221;1&#8243; columns=&#8221;1&#8243; image_align=&#8221;topimage_bottomdetail&#8221; event_inner_spacing=&#8221;6px||||false|false&#8221; align=&#8221;center&#8221; thumbnail_margin=&#8221;||10px||false|false&#8221; show_arrows=&#8221;off&#8221; show_control=&#8221;off&#8221; mouse_drag=&#8221;off&#8221; touch_drag=&#8221;off&#8221; arrows_custom_color=&#8221;#000000&#8243; dot_nav_custom_color=&#8221;#000000&#8243; dot_nav_active=&#8221;#000000&#8243; autoplay=&#8221;off&#8221; _builder_version=&#8221;4.27.4&#8243; _module_preset=&#8221;default&#8221; duration_font=&#8221;|600||on|||||&#8221; background_color=&#8221;#FFFFFF&#8221; height=&#8221;560px&#8221; border_radii_thumbnail_border=&#8221;off|10px|10px|0px|0px&#8221; border_width_all_thumbnail_border=&#8221;0px&#8221; border_radii_event_border=&#8221;off|17px|18px|0px|0px&#8221; border_width_all_event_border=&#8221;0px&#8221; box_shadow_style=&#8221;preset1&#8243; global_colors_info=&#8221;{}&#8221;][\/diec_event_carousel][et_pb_button button_url=&#8221;\/portail\/evenements\/&#8221; button_text=&#8221;TOUS LES \u00c9V\u00c9NEMENTS&#8221; button_alignment=&#8221;center&#8221; _builder_version=&#8221;4.27.4&#8243; _module_preset=&#8221;default&#8221; locked=&#8221;off&#8221; global_colors_info=&#8221;{}&#8221;][\/et_pb_button][\/et_pb_column][et_pb_column type=&#8221;1_3&#8243; _builder_version=&#8221;4.27.0&#8243; _module_preset=&#8221;default&#8221; global_colors_info=&#8221;{}&#8221;][et_pb_blog posts_number=&#8221;1&#8243; include_categories=&#8221;5&#8243; _builder_version=&#8221;4.27.4&#8243; _module_preset=&#8221;default&#8221; height=&#8221;560px&#8221; global_colors_info=&#8221;{}&#8221;][\/et_pb_blog][et_pb_button button_url=&#8221;\/portail\/nouvelles-du-pelerin\/&#8221; button_text=&#8221;TOUTES LES ACTUALIT\u00c9S&#8221; button_alignment=&#8221;center&#8221; _builder_version=&#8221;4.27.4&#8243; _module_preset=&#8221;default&#8221; locked=&#8221;off&#8221; global_colors_info=&#8221;{}&#8221;][\/et_pb_button][\/et_pb_column][et_pb_column type=&#8221;1_3&#8243; _builder_version=&#8221;4.27.0&#8243; _module_preset=&#8221;default&#8221; global_colors_info=&#8221;{}&#8221;][et_pb_blog posts_number=&#8221;1&#8243; include_categories=&#8221;6&#8243; _builder_version=&#8221;4.27.4&#8243; _module_preset=&#8221;default&#8221; height=&#8221;560px&#8221; global_colors_info=&#8221;{}&#8221;][\/et_pb_blog][et_pb_button button_url=&#8221;\/portail\/meditations-evangile-du-jour&#8221; button_text=&#8221;TOUTES LES M\u00c9DITATIONS&#8221; button_alignment=&#8221;center&#8221; _builder_version=&#8221;4.27.4&#8243; _module_preset=&#8221;default&#8221; locked=&#8221;off&#8221; global_colors_info=&#8221;{}&#8221;][\/et_pb_button][\/et_pb_column][\/et_pb_row][\/et_pb_section][et_pb_section fb_built=&#8221;1&#8243; _builder_version=&#8221;4.27.4&#8243; _module_preset=&#8221;default&#8221; use_background_color_gradient=&#8221;on&#8221; background_color_gradient_direction=&#8221;90deg&#8221; background_color_gradient_stops=&#8221;#73bdee 20%|#ffaa55 81%&#8221; custom_padding=&#8221;0px|||||&#8221; global_module=&#8221;250617&#8243; saved_tabs=&#8221;all&#8221; global_colors_info=&#8221;{}&#8221;][et_pb_row column_structure=&#8221;1_2,1_2&#8243; _builder_version=&#8221;4.27.4&#8243; _module_preset=&#8221;default&#8221; global_colors_info=&#8221;{}&#8221;][et_pb_column type=&#8221;1_2&#8243; _builder_version=&#8221;4.27.0&#8243; _module_preset=&#8221;default&#8221; global_colors_info=&#8221;{}&#8221;][et_pb_image src=&#8221;https:\/\/lepelerin.org\/portail\/wp-content\/uploads\/2025\/04\/BG-Fondation-Le-Pelerin.png&#8221; title_text=&#8221;BG-Fondation Le Pelerin&#8221; _builder_version=&#8221;4.27.4&#8243; _module_preset=&#8221;a8cdda58-12ba-40c7-ac69-001b7a520368&#8243; locked=&#8221;off&#8221; global_colors_info=&#8221;{}&#8221;][\/et_pb_image][\/et_pb_column][et_pb_column type=&#8221;1_2&#8243; _builder_version=&#8221;4.27.4&#8243; _module_preset=&#8221;default&#8221; custom_padding=&#8221;100px||||false|false&#8221; custom_padding_tablet=&#8221;0px||||false|false&#8221; custom_padding_phone=&#8221;0px||||false|false&#8221; custom_padding_last_edited=&#8221;on|desktop&#8221; global_colors_info=&#8221;{}&#8221; custom_padding__hover_enabled=&#8221;off|desktop&#8221;][et_pb_heading title=&#8221;La fondation&#8221; _builder_version=&#8221;4.27.4&#8243; _module_preset=&#8221;37aae277-c41d-4872-83a1-a4cada35d6d7&#8243; global_colors_info=&#8221;{}&#8221;][\/et_pb_heading][et_pb_text _builder_version=&#8221;4.27.4&#8243; _module_preset=&#8221;default&#8221; global_colors_info=&#8221;{}&#8221;]<\/p>\n<p>Aidez-nous par vos dons \u00e0 soutenir tous les humains en qu\u00eate et en souffrance, \u00e0 leur faire d\u00e9couvrir des chemins de Vie en creux des chemins de mort de ce monde, \u00e0 \u00e9tablir des relations transformantes, \u00e0 \u00eatre porteurs de lumi\u00e8re et d\u2019esp\u00e9rance\u2026<br \/>Aidez-nous par vos dons \u00e0 changer le monde un humain \u00e0 la fois\u2026<\/p>\n<p>[\/et_pb_text][et_pb_button button_url=&#8221;\/portail\/a-propos\/fondation-le-pelerin&#8221; button_text=&#8221;D\u00c9COUVRIR LA FONDATION&#8221; button_alignment=&#8221;left&#8221; _builder_version=&#8221;4.27.4&#8243; _module_preset=&#8221;08181441-1099-4174-9bab-bb352a06292d&#8221; locked=&#8221;off&#8221; global_colors_info=&#8221;{}&#8221; button_bg_color_gradient_stops__hover=&#8221;#e95365 1%|#ffaa55 100%&#8221; button_bg_use_color_gradient__hover=&#8221;on&#8221;][\/et_pb_button][et_pb_button button_url=&#8221;https:\/\/www.zeffy.com\/fr-CA\/donation-form\/faire-un-don-au-pelerin&#8221; url_new_window=&#8221;on&#8221; button_text=&#8221;FAIRE UN DON&#8221; _builder_version=&#8221;4.27.4&#8243; _module_preset=&#8221;ce882953-52d4-4fc0-bb32-d17a65ebaa86&#8243; locked=&#8221;off&#8221; global_colors_info=&#8221;{}&#8221; button_bg_color__hover_enabled=&#8221;on|hover&#8221; button_bg_use_color_gradient__hover=&#8221;on&#8221; button_bg_color_gradient_stops__hover=&#8221;#e95365 0%|#ffaa55 100%&#8221;][\/et_pb_button][\/et_pb_column][\/et_pb_row][\/et_pb_section]<\/p>\n","protected":false},"excerpt":{"rendered":"<p>L\u2019\u00c9cole Pri\u00e8re et Communion du Centre Le P\u00e8lerin nourrit votre vie spirituelle en offrant des formations en pri\u00e8re chr\u00e9tienne et communion avec Dieu et les autres.<\/p>\n","protected":false},"author":2,"featured_media":763,"parent":250537,"menu_order":0,"comment_status":"closed","ping_status":"closed","template":"","meta":{"_et_pb_use_builder":"on","_et_pb_old_content":"","_et_gb_content_width":"","footnotes":""},"class_list":["post-756","page","type-page","status-publish","has-post-thumbnail","hentry"],"_links":{"self":[{"href":"https:\/\/lepelerin.org\/portail\/wp-json\/wp\/v2\/pages\/756","targetHints":{"allow":["GET"]}}],"collection":[{"href":"https:\/\/lepelerin.org\/portail\/wp-json\/wp\/v2\/pages"}],"about":[{"href":"https:\/\/lepelerin.org\/portail\/wp-json\/wp\/v2\/types\/page"}],"author":[{"embeddable":true,"href":"https:\/\/lepelerin.org\/portail\/wp-json\/wp\/v2\/users\/2"}],"replies":[{"embeddable":true,"href":"https:\/\/lepelerin.org\/portail\/wp-json\/wp\/v2\/comments?post=756"}],"version-history":[{"count":25,"href":"https:\/\/lepelerin.org\/portail\/wp-json\/wp\/v2\/pages\/756\/revisions"}],"predecessor-version":[{"id":254913,"href":"https:\/\/lepelerin.org\/portail\/wp-json\/wp\/v2\/pages\/756\/revisions\/254913"}],"up":[{"embeddable":true,"href":"https:\/\/lepelerin.org\/portail\/wp-json\/wp\/v2\/pages\/250537"}],"wp:featuredmedia":[{"embeddable":true,"href":"https:\/\/lepelerin.org\/portail\/wp-json\/wp\/v2\/media\/763"}],"wp:attachment":[{"href":"https:\/\/lepelerin.org\/portail\/wp-json\/wp\/v2\/media?parent=756"}],"curies":[{"name":"wp","href":"https:\/\/api.w.org\/{rel}","templated":true}]}}