{"id":257216,"date":"2026-09-01T11:03:37","date_gmt":"2026-09-01T15:03:37","guid":{"rendered":"https:\/\/lepelerin.org\/portail\/?page_id=257216"},"modified":"2026-09-01T11:03:39","modified_gmt":"2026-09-01T15:03:39","slug":"livre-le-chemin-de-lamour-la-priere","status":"publish","type":"page","link":"https:\/\/lepelerin.org\/portail\/livre-le-chemin-de-lamour-la-priere\/","title":{"rendered":"Livre : Le chemin de l\u2019Amour, la pri\u00e8re par St\u00e9fan Th\u00e9riault"},"content":{"rendered":"\n[et_pb_section fb_built=&#8221;1&#8243; _builder_version=&#8221;4.27.4&#8243; _module_preset=&#8221;default&#8221; background_color=&#8221;#fff8f2&#8243; custom_padding=&#8221;35px||2px||false|false&#8221; global_colors_info=&#8221;{}&#8221;][et_pb_row _builder_version=&#8221;4.27.4&#8243; _module_preset=&#8221;default&#8221; width=&#8221;100%&#8221; custom_padding=&#8221;|10px|0px|10px|false|false&#8221; global_colors_info=&#8221;{}&#8221;][et_pb_column type=&#8221;4_4&#8243; _builder_version=&#8221;4.27.4&#8243; _module_preset=&#8221;default&#8221; global_colors_info=&#8221;{}&#8221;][et_pb_heading title=&#8221;Le chemin de l\u2019Amour, la pri\u00e8re&#8221; _builder_version=&#8221;4.27.4&#8243; _module_preset=&#8221;_initial&#8221; title_level=&#8221;h1&#8243; title_font=&#8221;|&#8211;et_global_heading_font_weight|||||||&#8221; title_text_align=&#8221;left&#8221; title_text_color=&#8221;#be4750&#8243; title_font_size=&#8221;42px&#8221; custom_margin=&#8221;||4px|||&#8221; global_colors_info=&#8221;{}&#8221;][\/et_pb_heading][et_pb_text _builder_version=&#8221;4.27.4&#8243; _module_preset=&#8221;default&#8221; global_colors_info=&#8221;{}&#8221;]<h2>Livre \u00e9crit par St\u00e9fan Th\u00e9riault<\/h2>[\/et_pb_text][\/et_pb_column][\/et_pb_row][\/et_pb_section][et_pb_section fb_built=&#8221;1&#8243; _builder_version=&#8221;4.27.4&#8243; _module_preset=&#8221;default&#8221; background_color=&#8221;RGBA(255,255,255,0)&#8221; custom_margin=&#8221;20px||||false|false&#8221; custom_padding=&#8221;1px||2px|||&#8221; global_colors_info=&#8221;{}&#8221;][et_pb_row column_structure=&#8221;1_2,1_2&#8243; _builder_version=&#8221;4.27.4&#8243; _module_preset=&#8221;default&#8221; width=&#8221;100%&#8221; custom_padding=&#8221;2px|10px||10px|false|false&#8221; global_colors_info=&#8221;{}&#8221;][et_pb_column type=&#8221;1_2&#8243; _builder_version=&#8221;4.27.4&#8243; _module_preset=&#8221;default&#8221; global_colors_info=&#8221;{}&#8221;][et_pb_text module_class=&#8221;custom-bullet&#8221; _builder_version=&#8221;4.27.4&#8243; _module_preset=&#8221;default&#8221; global_colors_info=&#8221;{}&#8221;]<p><strong style=\"font-size: 18px;\">Une invitation \u00e0 \u00eatre<\/strong><\/p>\n<p>Combien de personnes motiv\u00e9es ont essay\u00e9 une forme de pri\u00e8re ou une autre pour finalement abandonner, d\u00e9courag\u00e9es, en se disant que cela n\u2019a pas fonctionn\u00e9 et donc que ce n\u2019\u00e9tait pas pour elles ?<\/p>\n<p>L\u2019essence de la pri\u00e8re ne r\u00e9side pas dans \u00ab ce que nous faisons \u00bb, mais dans \u00ab ce que nous sommes \u00bb. Elle nous invite \u00e0 plonger dans notre \u00eatre profond pour vivre une relation d&#8217;amour continue avec Dieu, o\u00f9 chaque instant devient pri\u00e8re.<\/p>\n<p>Ce livre invite \u00e0 d\u00e9couvrir comment la pri\u00e8re peut devenir une exp\u00e9rience vivante et continue de Dieu, un chemin d\u2019Amour capable de transformer chaque dimension de notre quotidien.<\/p>\n<p><strong>\u00c9diteur<\/strong> : St\u00e9fan Th\u00e9riault (auto\u00e9dition)<br \/><strong>Nombre de pages<\/strong> : 245<br \/><strong>Supports<\/strong> : Livre imprim\u00e9 \u00e0 couverture souple et num\u00e9rique<br \/><strong>Dimensions du livre imprim\u00e9<\/strong> : Format A5 (14,8 x 21 cm), 346 g (poids)<br \/><strong>Disponibilit\u00e9<\/strong> : En vente d\u00e8s maintenant<br \/><strong>ISBN (version imprim\u00e9e)<\/strong> : 978-2-9824874-0-6<br \/><strong>ISBN (version num\u00e9rique)<\/strong> : 978-2-9824874-1-3<\/p>[\/et_pb_text][\/et_pb_column][et_pb_column type=&#8221;1_2&#8243; _builder_version=&#8221;4.27.4&#8243; _module_preset=&#8221;default&#8221; global_colors_info=&#8221;{}&#8221;][et_pb_image src=&#8221;https:\/\/lepelerin.org\/portail\/wp-content\/uploads\/2026\/08\/Couverture-Le-chemin-de-lamour-la-priere-stefan-theriault.webp&#8221; alt=&#8221;Couverture \u2013 Le chemin de l&#8217;Amour, la pri\u00e8re par St\u00e9fan Th\u00e9riault&#8221; title_text=&#8221;Couverture \u2013 Le chemin de l&#8217;Amour, la pri\u00e8re par St\u00e9fan Th\u00e9riault&#8221; _builder_version=&#8221;4.27.4&#8243; _module_preset=&#8221;default&#8221; border_radii=&#8221;on|12px|12px|12px|12px&#8221; global_colors_info=&#8221;{}&#8221;][\/et_pb_image][\/et_pb_column][\/et_pb_row][\/et_pb_section][et_pb_section fb_built=&#8221;1&#8243; _builder_version=&#8221;4.27.4&#8243; _module_preset=&#8221;default&#8221; background_color=&#8221;#fff8f2&#8243; custom_padding=&#8221;50px||50px||false|false&#8221; global_colors_info=&#8221;{}&#8221;][et_pb_row _builder_version=&#8221;4.27.4&#8243; _module_preset=&#8221;default&#8221; use_background_color_gradient=&#8221;on&#8221; background_color_gradient_direction=&#8221;90deg&#8221; background_color_gradient_stops=&#8221;#ffaa55 0%|#be4750 85%&#8221; width=&#8221;100%&#8221; custom_padding=&#8221;40px||30px||false|false&#8221; border_radii=&#8221;off|10px|10px||&#8221; global_colors_info=&#8221;{}&#8221;][et_pb_column type=&#8221;4_4&#8243; _builder_version=&#8221;4.27.0&#8243; _module_preset=&#8221;default&#8221; global_colors_info=&#8221;{}&#8221;][et_pb_heading title=&#8221;Acheter le livre&#8221; _builder_version=&#8221;4.27.4&#8243; _module_preset=&#8221;default&#8221; title_text_color=&#8221;#FFFFFF&#8221; global_colors_info=&#8221;{}&#8221;][\/et_pb_heading][\/et_pb_column][\/et_pb_row][et_pb_row column_structure=&#8221;1_2,1_2&#8243; _builder_version=&#8221;4.27.4&#8243; _module_preset=&#8221;default&#8221; background_color=&#8221;#FFFFFF&#8221; width=&#8221;100%&#8221; custom_padding=&#8221;45px|50px|45px|50px|false|true&#8221; global_colors_info=&#8221;{}&#8221;][et_pb_column type=&#8221;1_2&#8243; _builder_version=&#8221;4.27.4&#8243; _module_preset=&#8221;default&#8221; global_colors_info=&#8221;{}&#8221;][et_pb_text module_class=&#8221;custom-bullet&#8221; _builder_version=&#8221;4.27.4&#8243; _module_preset=&#8221;default&#8221; global_colors_info=&#8221;{}&#8221;]<h3 style=\"text-align: center;\"><span style=\"color: #343131;\"><strong>Livre imprim\u00e9 \u2013 31,95 $ (CAD)<\/strong><\/span><\/h3>[\/et_pb_text][et_pb_image src=&#8221;https:\/\/lepelerin.org\/portail\/wp-content\/uploads\/2026\/08\/livre-imprime-le-chemin-de-lamour-la-priere.webp&#8221; alt=&#8221;Livre imprim\u00e9 \u2013 Le chemin de l&#8217;Amour, la pri\u00e8re&#8221; title_text=&#8221;Livre imprim\u00e9 \u2013 Le chemin de l&#8217;Amour, la pri\u00e8re&#8221; url=&#8221;https:\/\/www.zeffy.com\/fr-CA\/ticketing\/le-chemin-de-lamour-la-priere&#8221; url_new_window=&#8221;on&#8221; align=&#8221;center&#8221; _builder_version=&#8221;4.27.4&#8243; _module_preset=&#8221;default&#8221; border_radii=&#8221;on|18px|18px|18px|18px&#8221; global_colors_info=&#8221;{}&#8221;][\/et_pb_image][et_pb_text module_class=&#8221;custom-bullet&#8221; _builder_version=&#8221;4.27.4&#8243; _module_preset=&#8221;default&#8221; custom_margin=&#8221;||||false|false&#8221; custom_padding=&#8221;||||false|false&#8221; global_colors_info=&#8221;{}&#8221;]<p>Frais de port et d\u00e9lais de livraison :<\/p>\n<ul>\n<li>Canada : 5,00 $ \u2013 5 \u00e0 12 jours<\/li>\n<li>International : 25,00 $ \u2013 8 \u00e0 15 jours<\/li>\n<\/ul>[\/et_pb_text][et_pb_button button_url=&#8221;https:\/\/www.zeffy.com\/fr-CA\/ticketing\/le-chemin-de-lamour-la-priere&#8221; url_new_window=&#8221;on&#8221; button_text=&#8221;ACHETER LE LIVRE IMPRIM\u00c9&#8221; button_alignment=&#8221;center&#8221; _builder_version=&#8221;4.27.4&#8243; _module_preset=&#8221;08181441-1099-4174-9bab-bb352a06292d&#8221; locked=&#8221;off&#8221; global_colors_info=&#8221;{}&#8221; button_bg_color_gradient_stops__hover=&#8221;#e95365 0%|#ffaa55 100%&#8221; button_bg_use_color_gradient__hover=&#8221;on&#8221;][\/et_pb_button][et_pb_text module_class=&#8221;custom-bullet&#8221; _builder_version=&#8221;4.27.4&#8243; _module_preset=&#8221;default&#8221; hover_enabled=&#8221;0&#8243; global_colors_info=&#8221;{}&#8221; sticky_enabled=&#8221;0&#8243;]<p><span style=\"font-size: 14px;\"><em>Paiement par carte de cr\u00e9dit via la plateforme s\u00e9curis\u00e9e Zeffy.<\/em><\/span><\/p>[\/et_pb_text][et_pb_text module_class=&#8221;custom-bullet&#8221; _builder_version=&#8221;4.27.4&#8243; _module_preset=&#8221;default&#8221; hover_enabled=&#8221;0&#8243; global_colors_info=&#8221;{}&#8221; sticky_enabled=&#8221;0&#8243; disabled_on=&#8221;on|on|on&#8221; disabled=&#8221;on&#8221;]<p><span style=\"font-size: 14px;\"><em>Paiement par carte de cr\u00e9dit via la plateforme s\u00e9curis\u00e9e Zeffy. Aussi disponible \u00e0 la librairie M\u00e9diaspaul sur la rue Masson \u00e0 Montr\u00e9al. Veuillez appeler ou consulter la disponibilit\u00e9 sur leur site Web.<\/em><\/span><\/p>[\/et_pb_text][\/et_pb_column][et_pb_column type=&#8221;1_2&#8243; _builder_version=&#8221;4.27.4&#8243; _module_preset=&#8221;default&#8221; global_colors_info=&#8221;{}&#8221;][et_pb_text module_class=&#8221;custom-bullet&#8221; _builder_version=&#8221;4.27.4&#8243; _module_preset=&#8221;default&#8221; global_colors_info=&#8221;{}&#8221;]<h3 style=\"text-align: center;\"><span style=\"color: #343131;\"><strong>Livre num\u00e9rique \u2013 17,99 $ (CAD)<\/strong><\/span><\/h3>[\/et_pb_text][et_pb_image src=&#8221;https:\/\/lepelerin.org\/portail\/wp-content\/uploads\/2026\/08\/livre-numerique.jpg&#8221; alt=&#8221;Livre au format num\u00e9rique&#8221; title_text=&#8221;Livre au format num\u00e9rique&#8221; align=&#8221;center&#8221; _builder_version=&#8221;4.27.4&#8243; _module_preset=&#8221;default&#8221; border_radii=&#8221;on|18px|18px|18px|18px&#8221; global_colors_info=&#8221;{}&#8221;][\/et_pb_image][et_pb_text module_class=&#8221;custom-bullet&#8221; _builder_version=&#8221;4.27.4&#8243; _module_preset=&#8221;default&#8221; global_colors_info=&#8221;{}&#8221;]<p>Disponible dans plus de 1 000 points de vente en ligne, compatible avec toutes les liseuses et tablettes \u00e9lectroniques (Kobo, Kindle, iPad, etc.).<\/p>[\/et_pb_text][et_pb_text module_class=&#8221;custom-bullet&#8221; _builder_version=&#8221;4.27.4&#8243; _module_preset=&#8221;default&#8221; global_colors_info=&#8221;{}&#8221;]<p>Acheter sur :<\/p>[\/et_pb_text][et_pb_code _builder_version=&#8221;4.27.4&#8243; _module_preset=&#8221;default&#8221; global_colors_info=&#8221;{}&#8221;]<div class=\"grille-logos-pelerin\"><!-- [et_pb_line_break_holder] -->  <a href=\"https:\/\/www.leslibraires.ca\/livres\/le-chemin-de-l-amour-la-priere-9782982487413\" target=\"_blank\" rel=\"noopener\"><img decoding=\"async\" src=\"https:\/\/lepelerin.org\/portail\/wp-content\/uploads\/2026\/08\/les-libraires.png\" alt=\"Les Libraires\"><\/a><!-- [et_pb_line_break_holder] -->  <a href=\"https:\/\/www.renaud-bray.com\/Livre_Numerique_Produit.aspx?id=4820834\" target=\"_blank\" rel=\"noopener\"><img decoding=\"async\" src=\"https:\/\/lepelerin.org\/portail\/wp-content\/uploads\/2026\/08\/renaud-bray.png\" alt=\"Renaud-Bray\"><\/a><!-- [et_pb_line_break_holder] -->  <a href=\"https:\/\/www.kobo.com\/ca\/en\/ebook\/le-chemin-de-l-amour-la-priere\" target=\"_blank\" rel=\"noopener\"><img decoding=\"async\" src=\"https:\/\/lepelerin.org\/portail\/wp-content\/uploads\/2026\/08\/kobo.png\" alt=\"Kobo\"><\/a><!-- [et_pb_line_break_holder] -->  <a href=\"LIEN_4\" target=\"_blank\"><img decoding=\"async\" src=\"https:\/\/lepelerin.org\/portail\/wp-content\/uploads\/2026\/08\/vivlio.png\" alt=\"Vivlio\"><\/a><!-- [et_pb_line_break_holder] -->  <a href=\"https:\/\/www.amazon.ca\/-\/fr\/dp\/B0HGBGLVRW\/\" target=\"_blank\" rel=\"noopener\"><img decoding=\"async\" src=\"https:\/\/lepelerin.org\/portail\/wp-content\/uploads\/2026\/08\/amazon.png\" alt=\"Amazon\"><\/a><!-- [et_pb_line_break_holder] --><\/div><!-- [et_pb_line_break_holder] --><!-- [et_pb_line_break_holder] --><style><!-- [et_pb_line_break_holder] -->.grille-logos-pelerin {<!-- [et_pb_line_break_holder] -->  display: flex;<!-- [et_pb_line_break_holder] -->  flex-wrap: wrap;<!-- [et_pb_line_break_holder] -->  justify-content: center;<!-- [et_pb_line_break_holder] -->  align-items: center;<!-- [et_pb_line_break_holder] -->  gap: 20px;<!-- [et_pb_line_break_holder] -->}<!-- [et_pb_line_break_holder] -->.grille-logos-pelerin a {<!-- [et_pb_line_break_holder] -->  flex: 0 1 calc(33.333% - 20px);<!-- [et_pb_line_break_holder] -->  display: flex;<!-- [et_pb_line_break_holder] -->  justify-content: center;<!-- [et_pb_line_break_holder] -->  align-items: center;<!-- [et_pb_line_break_holder] -->}<!-- [et_pb_line_break_holder] -->.grille-logos-pelerin img {<!-- [et_pb_line_break_holder] -->  max-height: 50px;<!-- [et_pb_line_break_holder] -->  max-width: 100%;<!-- [et_pb_line_break_holder] -->  height: auto;<!-- [et_pb_line_break_holder] -->  object-fit: contain;<!-- [et_pb_line_break_holder] -->}<!-- [et_pb_line_break_holder] -->@media (max-width: 600px) {<!-- [et_pb_line_break_holder] -->  .grille-logos-pelerin a {<!-- [et_pb_line_break_holder] -->    flex: 0 1 calc(50% - 20px); \/* Passe en 2 colonnes sur mobile *\/<!-- [et_pb_line_break_holder] -->  }<!-- [et_pb_line_break_holder] -->}<!-- [et_pb_line_break_holder] --><\/style>[\/et_pb_code][\/et_pb_column][\/et_pb_row][\/et_pb_section][et_pb_section fb_built=&#8221;1&#8243; _builder_version=&#8221;4.27.4&#8243; _module_preset=&#8221;default&#8221; background_color=&#8221;#fff8f2&#8243; custom_padding=&#8221;||4px|||&#8221; global_colors_info=&#8221;{}&#8221;][et_pb_row _builder_version=&#8221;4.27.4&#8243; _module_preset=&#8221;default&#8221; width=&#8221;100%&#8221; custom_padding=&#8221;|10px|0px|10px|false|false&#8221; global_colors_info=&#8221;{}&#8221;][et_pb_column type=&#8221;4_4&#8243; _builder_version=&#8221;4.27.4&#8243; _module_preset=&#8221;default&#8221; global_colors_info=&#8221;{}&#8221;][et_pb_heading title=&#8221;\u00c0 propos de l&#8217;auteur&#8221; _builder_version=&#8221;4.27.4&#8243; _module_preset=&#8221;36ccf545-274a-4f54-81d9-1e7c24daae74&#8243; title_level=&#8221;h2&#8243; title_font=&#8221;|&#8211;et_global_heading_font_weight|||||||&#8221; title_text_color=&#8221;#be4750&#8243; title_font_size=&#8221;42px&#8221; custom_margin=&#8221;||4px|||&#8221; global_colors_info=&#8221;{}&#8221;][\/et_pb_heading][\/et_pb_column][\/et_pb_row][et_pb_row column_structure=&#8221;2_5,3_5&#8243; _builder_version=&#8221;4.27.4&#8243; _module_preset=&#8221;default&#8221; width=&#8221;100%&#8221; custom_margin=&#8221;|auto|55px|auto||&#8221; custom_padding=&#8221;0px|10px||10px|false|false&#8221; global_colors_info=&#8221;{}&#8221;][et_pb_column type=&#8221;2_5&#8243; _builder_version=&#8221;4.27.4&#8243; _module_preset=&#8221;default&#8221; custom_padding=&#8221;0px||||false|false&#8221; global_colors_info=&#8221;{}&#8221;][et_pb_image src=&#8221;https:\/\/lepelerin.org\/portail\/wp-content\/uploads\/2026\/08\/Stefan-Theriault.jpg&#8221; alt=&#8221;St\u00e9fan Th\u00e9riault&#8221; title_text=&#8221;St\u00e9fan Th\u00e9riault&#8221; align=&#8221;center&#8221; _builder_version=&#8221;4.27.4&#8243; _module_preset=&#8221;default&#8221; custom_padding=&#8221;16px||||false|false&#8221; border_radii=&#8221;on|18px|18px|18px|18px&#8221; global_colors_info=&#8221;{}&#8221;][\/et_pb_image][et_pb_text _builder_version=&#8221;4.27.4&#8243; _module_preset=&#8221;default&#8221; global_colors_info=&#8221;{}&#8221;]<span style=\"font-size:13px;\"><strong>St\u00e9fan Th\u00e9riault<\/strong>, auteur du livre <em>Le chemin de l&#8217;Amour, la pri\u00e8re<\/em>, lors de la pr\u00e9sentation de son ouvrage au Centre le P\u00e8lerin en mars 2026.<\/span>[\/et_pb_text][\/et_pb_column][et_pb_column type=&#8221;3_5&#8243; _builder_version=&#8221;4.27.0&#8243; _module_preset=&#8221;default&#8221; global_colors_info=&#8221;{}&#8221;][et_pb_text _builder_version=&#8221;4.27.4&#8243; _module_preset=&#8221;default&#8221; custom_margin=&#8221;20px||||false|false&#8221; global_colors_info=&#8221;{}&#8221;]<p>Mari\u00e9 et p\u00e8re de deux enfants, St\u00e9fan Th\u00e9riault est un sp\u00e9cialiste de la mise en place et de la gestion de programmes d&#8217;\u00e9tudes et de formations. Il assure la direction du Centre d&#8217;accompagnement spirituel Le P\u00e8lerin, \u00e0 Montr\u00e9al, depuis les d\u00e9buts en 2001.<\/p>\n<p>Visionnaire, cr\u00e9atif et en qu\u00eate d&#8217;absolu, avec d&#8217;autres, il \u00e9tablit de multiples projets qui favorisent la vie int\u00e9rieure. \u00c9crivain, il est l&#8217;auteur du livre <em>Revivre comme Lazare<\/em>, publi\u00e9 chez Salvator en 2016.<\/p>\n<p>St\u00e9fan a pr\u00e9sent\u00e9 le livre et a t\u00e9moign\u00e9 de son exp\u00e9rience de pri\u00e8re lors du lancement de l&#8217;\u00c9cole Pri\u00e8re et Communion au Centre le P\u00e8lerin en mars 2026. Vous pouvez \u00e9couter l&#8217;extrait <a href=\"https:\/\/www.youtube.com\/watch?v=rqAZ-DolIpw&amp;t=17m04s\" target=\"_blank\" rel=\"noopener\">en cliquant ici<\/a>.<\/p>[\/et_pb_text][\/et_pb_column][\/et_pb_row][\/et_pb_section][et_pb_section fb_built=&#8221;1&#8243; _builder_version=&#8221;4.27.4&#8243; _module_preset=&#8221;default&#8221; use_background_color_gradient=&#8221;on&#8221; background_color_gradient_direction=&#8221;90deg&#8221; background_color_gradient_stops=&#8221;#ffaa55 0%|#be4750 60%&#8221; global_colors_info=&#8221;{}&#8221;][et_pb_row _builder_version=&#8221;4.27.4&#8243; _module_preset=&#8221;default&#8221; custom_padding=&#8221;0px||0px||false|false&#8221; global_colors_info=&#8221;{}&#8221;][et_pb_column type=&#8221;4_4&#8243; _builder_version=&#8221;4.27.4&#8243; _module_preset=&#8221;default&#8221; custom_padding=&#8221;37px||||false|false&#8221; global_colors_info=&#8221;{}&#8221;][et_pb_heading title=&#8221;T\u00e9moignage&#8221; _builder_version=&#8221;4.27.4&#8243; _module_preset=&#8221;default&#8221; title_text_color=&#8221;#FFFFFF&#8221; global_colors_info=&#8221;{}&#8221;][\/et_pb_heading][\/et_pb_column][\/et_pb_row][et_pb_row _builder_version=&#8221;4.27.4&#8243; _module_preset=&#8221;default&#8221; custom_padding=&#8221;0px||||false|false&#8221; global_colors_info=&#8221;{}&#8221;][et_pb_column type=&#8221;4_4&#8243; _builder_version=&#8221;4.27.4&#8243; _module_preset=&#8221;default&#8221; custom_padding=&#8221;37px||||false|false&#8221; global_colors_info=&#8221;{}&#8221;][et_pb_slider arrows_custom_color=&#8221;#ffaa55&#8243; dot_nav_custom_color=&#8221;#ffaa55&#8243; _builder_version=&#8221;4.27.4&#8243; _module_preset=&#8221;default&#8221; header_font=&#8221;|700|||||||&#8221; header_text_color=&#8221;#ffaa55&#8243; header_font_size=&#8221;28px&#8221; body_font=&#8221;||on||||||&#8221; body_font_size=&#8221;17px&#8221; background_color=&#8221;RGBA(255,255,255,0)&#8221; max_height=&#8221;550px&#8221; custom_padding=&#8221;58px||36px|||&#8221; border_radii_image=&#8221;on|1000px|1000px|1000px|1000px&#8221; global_colors_info=&#8221;{}&#8221;][et_pb_slide heading=&#8221;L&#8217;entr\u00e9e dans une relation amoureuse \u00e9largie&#8221; _builder_version=&#8221;4.27.4&#8243; _module_preset=&#8221;default&#8221; border_radii_image=&#8221;on|200px|200px|200px|200px&#8221; global_colors_info=&#8221;{}&#8221; sticky_transition=&#8221;on&#8221;]<p>Lire \u00ab Le chemin de l\u2019Amour, la pri\u00e8re \u00bb, c\u2019est entrer dans une relation amoureuse \u00e9largie. La pr\u00e9sentation qu\u2019en fait l\u2019auteur n\u2019est pas que de l\u2019ordre d\u2019\u00e9tapes bien structur\u00e9es, mais surtout d\u2019une habitation tout au long du texte, d\u2019un appel \u00e0 d\u00e9couvrir la fascinante profondeur de notre vie qui d\u00e9borde aussi le monde visible. L\u2019auteur nous invite dans un voyage traversant les turbulences singuli\u00e8res ou plurielles de nos vies, brass\u00e9es au feu de l\u2019Amour du Dieu consumant (He 12,29). Il nous appelle \u00e0 consid\u00e9rer la gratuit\u00e9 de la pri\u00e8re lanc\u00e9e dans l\u2019immensit\u00e9 du Cosmos, en toute communion du Vivant sur terre et au-del\u00e0. Le livre tend \u00e0 unir les mondes visible et invisible et laisse \u00e9chapper un parfum si d\u00e9licieux, o\u00f9 chaque personne hume l\u2019odeur du Divin qui g\u00e9mit de nous contempler dans toute notre dignit\u00e9! \u00bb<\/p>\n<p><strong>\u2013 Lise C.<\/strong>, Montr\u00e9al<\/p>[\/et_pb_slide][\/et_pb_slider][\/et_pb_column][\/et_pb_row][\/et_pb_section][et_pb_section fb_built=&#8221;1&#8243; _builder_version=&#8221;4.27.4&#8243; _module_preset=&#8221;default&#8221; global_colors_info=&#8221;{}&#8221;][et_pb_row _builder_version=&#8221;4.27.4&#8243; _module_preset=&#8221;default&#8221; global_colors_info=&#8221;{}&#8221;][et_pb_column type=&#8221;4_4&#8243; _builder_version=&#8221;4.27.4&#8243; _module_preset=&#8221;default&#8221; global_colors_info=&#8221;{}&#8221;][et_pb_heading title=&#8221;Questions fr\u00e9quentes&#8221; _builder_version=&#8221;4.27.4&#8243; _module_preset=&#8221;default&#8221; global_colors_info=&#8221;{}&#8221;][\/et_pb_heading][et_pb_toggle title=&#8221;Quels sont les d\u00e9lais de livraison pour le livre imprim\u00e9 ?&#8221; _builder_version=&#8221;4.27.4&#8243; _module_preset=&#8221;02fe2a6f-c3eb-4710-8bf7-57317723c818&#8243; global_colors_info=&#8221;{}&#8221;]<p>Au Canada, les commandes sont exp\u00e9di\u00e9es par la poste r\u00e9guli\u00e8re sous pli protecteur dans un d\u00e9lai moyen de r\u00e9ception variant de 5 \u00e0 12 jours ouvrables. Pour les envois internationaux, pr\u00e9voyez entre 8 et 15 jours ouvrables.<\/p>[\/et_pb_toggle][et_pb_toggle title=&#8221;Livrez-vous \u00e0 l&#8217;international (Europe, \u00c9tats-Unis, etc.) ?&#8221; _builder_version=&#8221;4.27.4&#8243; _module_preset=&#8221;02fe2a6f-c3eb-4710-8bf7-57317723c818&#8243; global_colors_info=&#8221;{}&#8221;]<p>Oui, nous exp\u00e9dions le livre imprim\u00e9 \u00e0 l&#8217;international au tarif fixe de 25,00 $ CAD. Si vous \u00eates \u00e0 l&#8217;ext\u00e9rieur du Canada, la version num\u00e9rique (eBook) est \u00e9galement une excellente option pour commencer votre lecture instantan\u00e9ment et sans frais de port.<\/p>[\/et_pb_toggle][et_pb_toggle title=&#8221;Quels sont les modes de paiement accept\u00e9s pour le livre papier ?&#8221; _builder_version=&#8221;4.27.4&#8243; _module_preset=&#8221;02fe2a6f-c3eb-4710-8bf7-57317723c818&#8243; global_colors_info=&#8221;{}&#8221;]<p>Les achats en ligne sur notre site s\u2019effectuent exclusivement par carte de cr\u00e9dit via la plateforme 100 % s\u00e9curis\u00e9e Zeffy, sp\u00e9cialement con\u00e7ue pour les organismes \u00e0 but non lucratif.<\/p>[\/et_pb_toggle][et_pb_toggle title=&#8221;Puis-je me procurer le livre papier en personne sans passer par le Web ?&#8221; _builder_version=&#8221;4.27.4&#8243; _module_preset=&#8221;02fe2a6f-c3eb-4710-8bf7-57317723c818&#8243; hover_enabled=&#8221;0&#8243; global_colors_info=&#8221;{}&#8221; sticky_enabled=&#8221;0&#8243;]<p>Pour l\u2019instant, le livre papier est disponible pour l\u2019achat en ligne seulement sur notre site Web (avec livraison postale). Nous sommes actuellement en discussion avec des librairies pour assurer sa distribution en points de vente physiques. Il est \u00e9galement possible de vous le procurer en personne lors des \u00e9v\u00e9nements et activit\u00e9s organis\u00e9s par Le P\u00e8lerin.<\/p>[\/et_pb_toggle][et_pb_toggle title=&#8221;Puis-je me procurer le livre papier en personne sans passer par le Web ?&#8221; _builder_version=&#8221;4.27.4&#8243; _module_preset=&#8221;02fe2a6f-c3eb-4710-8bf7-57317723c818&#8243; hover_enabled=&#8221;0&#8243; global_colors_info=&#8221;{}&#8221; sticky_enabled=&#8221;0&#8243; disabled_on=&#8221;on|on|on&#8221; disabled=&#8221;on&#8221;]<p>Oui ! Le livre est disponible en boutique \u00e0 la librairie M\u00e9diaspaul situ\u00e9e au 2653, rue Masson \u00e0 Montr\u00e9al (veuillez v\u00e9rifier la disponibilit\u00e9 aupr\u00e8s de la librairie avant de vous d\u00e9placer). Il est \u00e9galement possible de l&#8217;acheter lors des \u00e9v\u00e9nements et activit\u00e9s organis\u00e9s par Le P\u00e8lerin.<\/p>[\/et_pb_toggle][et_pb_toggle title=&#8221;Sur quels appareils puis-je lire la version num\u00e9rique ?&#8221; _builder_version=&#8221;4.27.4&#8243; _module_preset=&#8221;default&#8221; global_colors_info=&#8221;{}&#8221;]<p>Le livre num\u00e9rique est offert au format standard (ePub \/ PDF \/ MOBI). Il est compatible avec l&#8217;ensemble des liseuses (Kobo, Kindle, Vivlio, Bookeen), ainsi qu&#8217;avec les tablettes, t\u00e9l\u00e9phones intelligents (iPhone, Android) et ordinateurs (PC\/Mac) via vos applications de lecture habituelles (Apple Livres, Kindle App, Kobo App, Adobe Digital Editions, etc.).<\/p>[\/et_pb_toggle][et_pb_toggle title=&#8221;Comment vais-je recevoir mon livre num\u00e9rique apr\u00e8s l&#8217;achat ?&#8221; _builder_version=&#8221;4.27.4&#8243; _module_preset=&#8221;default&#8221; global_colors_info=&#8221;{}&#8221;]<p>D\u00e8s votre commande confirm\u00e9e sur la plateforme de votre choix (Kobo, Amazon, etc.), le livre sera automatiquement ajout\u00e9 \u00e0 votre biblioth\u00e8que num\u00e9rique ou disponible en t\u00e9l\u00e9chargement imm\u00e9diat.<\/p>[\/et_pb_toggle][et_pb_toggle title=&#8221;Est-il possible de commander plusieurs exemplaires pour un groupe de pri\u00e8re ou une communaut\u00e9 ?&#8221; _builder_version=&#8221;4.27.4&#8243; _module_preset=&#8221;default&#8221; global_colors_info=&#8221;{}&#8221;]<p>Tout \u00e0 fait. Pour les commandes en lot destin\u00e9es \u00e0 des paroisses, des communaut\u00e9s religieuses, ou tout autre groupe, vous pouvez <a href=\"https:\/\/lepelerin.org\/portail\/a-propos\/nous-joindre\/\">nous \u00e9crire<\/a> directement afin de coordonner l&#8217;envoi et les modalit\u00e9s.<\/p>[\/et_pb_toggle][et_pb_toggle title=&#8221;J&#8217;ai une question sur ma commande, comment vous joindre ?&#8221; _builder_version=&#8221;4.27.4&#8243; _module_preset=&#8221;default&#8221; global_colors_info=&#8221;{}&#8221;]<p>Pour toute question relative \u00e0 votre achat ou \u00e0 la livraison, vous pouvez contacter \u00c9ric Collard, au ecollard@lepelerin.org ou 514 737-6262 #294 pour toute question en lien avec votre achat<\/p>[\/et_pb_toggle][et_pb_button button_url=&#8221;https:\/\/www.zeffy.com\/fr-CA\/ticketing\/le-chemin-de-lamour-la-priere&#8221; url_new_window=&#8221;on&#8221; button_text=&#8221;ACHETER LE LIVRE IMPRIM\u00c9&#8221; button_alignment=&#8221;center&#8221; _builder_version=&#8221;4.27.4&#8243; _module_preset=&#8221;08181441-1099-4174-9bab-bb352a06292d&#8221; locked=&#8221;off&#8221; global_colors_info=&#8221;{}&#8221; button_bg_color_gradient_stops__hover=&#8221;#e95365 0%|#ffaa55 100%&#8221; button_bg_use_color_gradient__hover=&#8221;on&#8221;][\/et_pb_button][et_pb_code _builder_version=&#8221;4.27.4&#8243; _module_preset=&#8221;default&#8221; hover_enabled=&#8221;0&#8243; global_colors_info=&#8221;{}&#8221; sticky_enabled=&#8221;0&#8243;]<script type=\"application\/ld+json\"><!-- [et_pb_line_break_holder] -->{<!-- [et_pb_line_break_holder] -->  \"@context\": \"https:\/\/schema.org\",<!-- [et_pb_line_break_holder] -->  \"@type\": \"FAQPage\",<!-- [et_pb_line_break_holder] -->  \"@id\": \"https:\/\/lepelerin.org\/portail\/livre-le-chemin-de-lamour-la-priere\/#faq\",<!-- [et_pb_line_break_holder] -->  \"mainEntity\": [<!-- [et_pb_line_break_holder] -->    {<!-- [et_pb_line_break_holder] -->      \"@type\": \"Question\",<!-- [et_pb_line_break_holder] -->      \"name\": \"Quels sont les d\u00e9lais de livraison pour le livre imprim\u00e9 ?\",<!-- [et_pb_line_break_holder] -->      \"acceptedAnswer\": {<!-- [et_pb_line_break_holder] -->        \"@type\": \"Answer\",<!-- [et_pb_line_break_holder] -->        \"text\": \"Au Canada, les commandes sont exp\u00e9di\u00e9es par la poste r\u00e9guli\u00e8re sous pli protecteur dans un d\u00e9lai moyen de r\u00e9ception variant de 5 \u00e0 12 jours ouvrables. Pour les envois internationaux, pr\u00e9voyez entre 8 et 15 jours ouvrables.\"<!-- [et_pb_line_break_holder] -->      }<!-- [et_pb_line_break_holder] -->    },<!-- [et_pb_line_break_holder] -->    {<!-- [et_pb_line_break_holder] -->      \"@type\": \"Question\",<!-- [et_pb_line_break_holder] -->      \"name\": \"Livrez-vous \u00e0 l'international (Europe, \u00c9tats-Unis, etc.) ?\",<!-- [et_pb_line_break_holder] -->      \"acceptedAnswer\": {<!-- [et_pb_line_break_holder] -->        \"@type\": \"Answer\",<!-- [et_pb_line_break_holder] -->        \"text\": \"Oui, nous exp\u00e9dions le livre imprim\u00e9 \u00e0 l\u2019international au tarif fixe de 25,00 $ CAD. Si vous \u00eates \u00e0 l\u2019ext\u00e9rieur du Canada, la version num\u00e9rique (eBook) est \u00e9galement une excellente option pour commencer votre lecture instantan\u00e9ment et sans frais de port.\"<!-- [et_pb_line_break_holder] -->      }<!-- [et_pb_line_break_holder] -->    },<!-- [et_pb_line_break_holder] -->    {<!-- [et_pb_line_break_holder] -->      \"@type\": \"Question\",<!-- [et_pb_line_break_holder] -->      \"name\": \"Quels sont les modes de paiement accept\u00e9s pour le livre papier ?\",<!-- [et_pb_line_break_holder] -->      \"acceptedAnswer\": {<!-- [et_pb_line_break_holder] -->        \"@type\": \"Answer\",<!-- [et_pb_line_break_holder] -->        \"text\": \"Les achats en ligne sur notre site s\u2019effectuent exclusivement par carte de cr\u00e9dit via la plateforme 100 % s\u00e9curis\u00e9e Zeffy, sp\u00e9cialement con\u00e7ue pour les organismes \u00e0 but non lucratif.\"<!-- [et_pb_line_break_holder] -->      }<!-- [et_pb_line_break_holder] -->    },<!-- [et_pb_line_break_holder] -->    {<!-- [et_pb_line_break_holder] -->      \"@type\": \"Question\",<!-- [et_pb_line_break_holder] -->      \"name\": \"Puis-je me procurer le livre papier en personne sans passer par le Web ?\",<!-- [et_pb_line_break_holder] -->      \"acceptedAnswer\": {<!-- [et_pb_line_break_holder] -->        \"@type\": \"Answer\",<!-- [et_pb_line_break_holder] -->        \"text\": \"Pour l\u2019instant, le livre papier est disponible pour l\u2019achat en ligne seulement sur notre site Web (avec livraison postale). Nous sommes actuellement en discussion avec des librairies pour assurer sa distribution en points de vente physiques. Il est \u00e9galement possible de vous le procurer en personne lors des \u00e9v\u00e9nements et activit\u00e9s organis\u00e9s par Le P\u00e8lerin.\"<!-- [et_pb_line_break_holder] -->      }<!-- [et_pb_line_break_holder] -->    },<!-- [et_pb_line_break_holder] -->    {<!-- [et_pb_line_break_holder] -->      \"@type\": \"Question\",<!-- [et_pb_line_break_holder] -->      \"name\": \"Sur quels appareils puis-je lire la version num\u00e9rique ?\",<!-- [et_pb_line_break_holder] -->      \"acceptedAnswer\": {<!-- [et_pb_line_break_holder] -->        \"@type\": \"Answer\",<!-- [et_pb_line_break_holder] -->        \"text\": \"Le livre num\u00e9rique est offert au format standard (ePub \/ PDF \/ MOBI). Il est compatible avec l\u2019ensemble des liseuses (Kobo, Kindle, Vivlio, Bookeen), ainsi qu\u2019avec les tablettes, t\u00e9l\u00e9phones intelligents (iPhone, Android) et ordinateurs (PC\/Mac) via vos applications de lecture habituelles (Apple Livres, Kindle App, Kobo App, Adobe Digital Editions, etc.).\"<!-- [et_pb_line_break_holder] -->      }<!-- [et_pb_line_break_holder] -->    },<!-- [et_pb_line_break_holder] -->    {<!-- [et_pb_line_break_holder] -->      \"@type\": \"Question\",<!-- [et_pb_line_break_holder] -->      \"name\": \"Comment vais-je recevoir mon livre num\u00e9rique apr\u00e8s l'achat ?\",<!-- [et_pb_line_break_holder] -->      \"acceptedAnswer\": {<!-- [et_pb_line_break_holder] -->        \"@type\": \"Answer\",<!-- [et_pb_line_break_holder] -->        \"text\": \"D\u00e8s votre commande confirm\u00e9e sur la plateforme de votre choix (Kobo, Amazon, etc.), le livre sera automatiquement ajout\u00e9 \u00e0 votre biblioth\u00e8que num\u00e9rique ou disponible en t\u00e9l\u00e9chargement imm\u00e9diat.\"<!-- [et_pb_line_break_holder] -->      }<!-- [et_pb_line_break_holder] -->    },<!-- [et_pb_line_break_holder] -->    {<!-- [et_pb_line_break_holder] -->      \"@type\": \"Question\",<!-- [et_pb_line_break_holder] -->      \"name\": \"Est-il possible de commander plusieurs exemplaires pour un groupe de pri\u00e8re ou une communaut\u00e9 ?\",<!-- [et_pb_line_break_holder] -->      \"acceptedAnswer\": {<!-- [et_pb_line_break_holder] -->        \"@type\": \"Answer\",<!-- [et_pb_line_break_holder] -->        \"text\": \"Tout \u00e0 fait. Pour les commandes en lot destin\u00e9es \u00e0 des paroisses, des communaut\u00e9s religieuses, ou tout autre groupe, vous pouvez nous \u00e9crire directement afin de coordonner l\u2019envoi et les modalit\u00e9s.\"<!-- [et_pb_line_break_holder] -->      }<!-- [et_pb_line_break_holder] -->    },<!-- [et_pb_line_break_holder] -->    {<!-- [et_pb_line_break_holder] -->      \"@type\": \"Question\",<!-- [et_pb_line_break_holder] -->      \"name\": \"J'ai une question sur ma commande, comment vous joindre ?\",<!-- [et_pb_line_break_holder] -->      \"acceptedAnswer\": {<!-- [et_pb_line_break_holder] -->        \"@type\": \"Answer\",<!-- [et_pb_line_break_holder] -->        \"text\": \"Pour toute question relative \u00e0 votre achat ou \u00e0 la livraison, vous pouvez nous contacter via les informations de la page nous joindre de notre site Web.\"<!-- [et_pb_line_break_holder] -->      }<!-- [et_pb_line_break_holder] -->    }<!-- [et_pb_line_break_holder] -->  ]<!-- [et_pb_line_break_holder] -->}<!-- [et_pb_line_break_holder] --><\/script>[\/et_pb_code][et_pb_code _builder_version=&#8221;4.27.4&#8243; _module_preset=&#8221;default&#8221; global_colors_info=&#8221;{}&#8221;]<script type=\"application\/ld+json\"><!-- [et_pb_line_break_holder] -->{<!-- [et_pb_line_break_holder] -->  \"@context\": \"https:\/\/schema.org\",<!-- [et_pb_line_break_holder] -->  \"@type\": \"FAQPage\",<!-- [et_pb_line_break_holder] -->  \"mainEntity\": [<!-- [et_pb_line_break_holder] -->    {<!-- [et_pb_line_break_holder] -->      \"@type\": \"Question\",<!-- [et_pb_line_break_holder] -->      \"name\": \"Combien de temps dure la formation en accompagnement spirituel ?\",<!-- [et_pb_line_break_holder] -->      \"acceptedAnswer\": {<!-- [et_pb_line_break_holder] -->        \"@type\": \"Answer\",<!-- [et_pb_line_break_holder] -->        \"text\": \"La formation est \u00e0 temps partiel, \u00e0 raison d\u2019une rencontre par semaine, et dure quatre ou cinq ann\u00e9es selon votre disponibilit\u00e9 pour effectuer les stages.\"<!-- [et_pb_line_break_holder] -->      }<!-- [et_pb_line_break_holder] -->    },<!-- [et_pb_line_break_holder] -->    {<!-- [et_pb_line_break_holder] -->      \"@type\": \"Question\",<!-- [et_pb_line_break_holder] -->      \"name\": \"Quels sont les pr\u00e9requis pour \u00eatre admis \u00e0 la formation ?\",<!-- [et_pb_line_break_holder] -->      \"acceptedAnswer\": {<!-- [et_pb_line_break_holder] -->        \"@type\": \"Answer\",<!-- [et_pb_line_break_holder] -->        \"text\": \"Pour \u00eatre admis comme \u00e9tudiant r\u00e9gulier ou \u00e9tudiante r\u00e9guli\u00e8re, il est souhaitable d\u2019avoir une formation de base en th\u00e9ologie ou en pastorale ainsi qu\u2019une disposition psychologique et spirituelle adapt\u00e9e. Lors de l\u2019entrevue d\u2019admission, nous v\u00e9rifions quelles bases seraient n\u00e9cessaires et elles peuvent \u00eatre compl\u00e9t\u00e9es durant les trois premi\u00e8res ann\u00e9es du programme. Pour les personnes qui suivent seulement certains cours, aucun pr\u00e9requis formel n\u2019est exig\u00e9, seulement une disposition int\u00e9rieure favorable \u00e0 ce type de cheminement.\"<!-- [et_pb_line_break_holder] -->      }<!-- [et_pb_line_break_holder] -->    },<!-- [et_pb_line_break_holder] -->    {<!-- [et_pb_line_break_holder] -->      \"@type\": \"Question\",<!-- [et_pb_line_break_holder] -->      \"name\": \"\u00c0 quel moment d\u00e9bute la p\u00e9riode d\u2019admission ?\",<!-- [et_pb_line_break_holder] -->      \"acceptedAnswer\": {<!-- [et_pb_line_break_holder] -->        \"@type\": \"Answer\",<!-- [et_pb_line_break_holder] -->        \"text\": \"La p\u00e9riode d\u2019admission pour une nouvelle cohorte s\u2019ouvre en janvier pour un d\u00e9but de formation en septembre.\"<!-- [et_pb_line_break_holder] -->      }<!-- [et_pb_line_break_holder] -->    },<!-- [et_pb_line_break_holder] -->    {<!-- [et_pb_line_break_holder] -->      \"@type\": \"Question\",<!-- [et_pb_line_break_holder] -->      \"name\": \"Quels sont les co\u00fbts associ\u00e9s \u00e0 la formation en accompagnement spirituel ?\",<!-- [et_pb_line_break_holder] -->      \"acceptedAnswer\": {<!-- [et_pb_line_break_holder] -->        \"@type\": \"Answer\",<!-- [et_pb_line_break_holder] -->        \"text\": \"Il faut pr\u00e9voir environ mille cinq cents dollars par ann\u00e9e de formation, selon le nombre de cours suivis.\"<!-- [et_pb_line_break_holder] -->      }<!-- [et_pb_line_break_holder] -->    },<!-- [et_pb_line_break_holder] -->    {<!-- [et_pb_line_break_holder] -->      \"@type\": \"Question\",<!-- [et_pb_line_break_holder] -->      \"name\": \"Combien de temps devrais-je pr\u00e9voir par semaine pour la formation ?\",<!-- [et_pb_line_break_holder] -->      \"acceptedAnswer\": {<!-- [et_pb_line_break_holder] -->        \"@type\": \"Answer\",<!-- [et_pb_line_break_holder] -->        \"text\": \"Il faut pr\u00e9voir environ une journ\u00e9e par semaine pour les cours, la pr\u00e9paration et le travail personnel.\"<!-- [et_pb_line_break_holder] -->      }<!-- [et_pb_line_break_holder] -->    },<!-- [et_pb_line_break_holder] -->    {<!-- [et_pb_line_break_holder] -->      \"@type\": \"Question\",<!-- [et_pb_line_break_holder] -->      \"name\": \"\u00c0 quel moment de l\u2019ann\u00e9e ont lieu les cours ?\",<!-- [et_pb_line_break_holder] -->      \"acceptedAnswer\": {<!-- [et_pb_line_break_holder] -->        \"@type\": \"Answer\",<!-- [et_pb_line_break_holder] -->        \"text\": \"La session d\u2019automne se d\u00e9roule de septembre \u00e0 d\u00e9cembre et la session hiver printemps de janvier \u00e0 la fin mai.\"<!-- [et_pb_line_break_holder] -->      }<!-- [et_pb_line_break_holder] -->    },<!-- [et_pb_line_break_holder] -->    {<!-- [et_pb_line_break_holder] -->      \"@type\": \"Question\",<!-- [et_pb_line_break_holder] -->      \"name\": \"La formation donne-t-elle une reconnaissance universitaire ?\",<!-- [et_pb_line_break_holder] -->      \"acceptedAnswer\": {<!-- [et_pb_line_break_holder] -->        \"@type\": \"Answer\",<!-- [et_pb_line_break_holder] -->        \"text\": \"Oui. Notre programme de formation en accompagnement spirituel est officiellement reconnu par le coll\u00e8ge universitaire catholique Holy Cross College (Notre Dame, Indiana). Les personnes qui s\u2019inscrivent comme \u00e9tudiantes r\u00e9guli\u00e8res et compl\u00e8tent avec succ\u00e8s le programme re\u00e7oivent un Certificat en accompagnement spirituel, \u00e9mis conjointement par le Holy Cross College et le Centre Le P\u00e8lerin. Ce certificat atteste des cr\u00e9dits de formation continue et professionnalisante correspondant aux heures de formation suivies.\"<!-- [et_pb_line_break_holder] -->      }<!-- [et_pb_line_break_holder] -->    },<!-- [et_pb_line_break_holder] -->    {<!-- [et_pb_line_break_holder] -->      \"@type\": \"Question\",<!-- [et_pb_line_break_holder] -->      \"name\": \"Quel est le processus d\u2019admission ?\",<!-- [et_pb_line_break_holder] -->      \"acceptedAnswer\": {<!-- [et_pb_line_break_holder] -->        \"@type\": \"Answer\",<!-- [et_pb_line_break_holder] -->        \"text\": \"La proc\u00e9dure d\u2019admission comporte trois \u00e9tapes pr\u00e9ciser votre int\u00e9r\u00eat et prendre une entrevue, cr\u00e9er votre compte sur la plateforme Moodle puis compl\u00e9ter votre profil, et enfin payer les frais d\u2019admission.\"<!-- [et_pb_line_break_holder] -->      }<!-- [et_pb_line_break_holder] -->    },<!-- [et_pb_line_break_holder] -->    {<!-- [et_pb_line_break_holder] -->      \"@type\": \"Question\",<!-- [et_pb_line_break_holder] -->      \"name\": \"\u00c0 qui s\u2019adresse la formation en accompagnement spirituel ?\",<!-- [et_pb_line_break_holder] -->      \"acceptedAnswer\": {<!-- [et_pb_line_break_holder] -->        \"@type\": \"Answer\",<!-- [et_pb_line_break_holder] -->        \"text\": \"La formation s\u2019adresse \u00e0 toute personne qui d\u00e9sire devenir accompagnateur ou accompagnatrice, souhaite approfondir sa vie spirituelle et son d\u00e9veloppement personnel, veut acqu\u00e9rir une formation essentielle \u00e0 l\u2019entraide ou \u00e0 un minist\u00e8re pastoral, ou travaille dans un domaine li\u00e9 \u00e0 la relation d\u2019aide comme les soins de sant\u00e9, l\u2019\u00e9ducation, le travail social ou les soins spirituels.\"<!-- [et_pb_line_break_holder] -->      }<!-- [et_pb_line_break_holder] -->    },<!-- [et_pb_line_break_holder] -->    {<!-- [et_pb_line_break_holder] -->      \"@type\": \"Question\",<!-- [et_pb_line_break_holder] -->      \"name\": \"Que vais je apprendre concr\u00e8tement dans cette formation ?\",<!-- [et_pb_line_break_holder] -->      \"acceptedAnswer\": {<!-- [et_pb_line_break_holder] -->        \"@type\": \"Answer\",<!-- [et_pb_line_break_holder] -->        \"text\": \"Vous d\u00e9velopperez des comp\u00e9tences en \u00e9coute spirituelle, discernement, relation d\u2019accompagnement, connaissance de soi, compr\u00e9hension des dynamiques int\u00e9rieures et accompagnement psycho spirituel. La formation unit th\u00e9orie, pratique et supervision.\"<!-- [et_pb_line_break_holder] -->      }<!-- [et_pb_line_break_holder] -->    },<!-- [et_pb_line_break_holder] -->    {<!-- [et_pb_line_break_holder] -->      \"@type\": \"Question\",<!-- [et_pb_line_break_holder] -->      \"name\": \"Cette formation permet elle de devenir accompagnateur ou accompagnatrice spirituel ?\",<!-- [et_pb_line_break_holder] -->      \"acceptedAnswer\": {<!-- [et_pb_line_break_holder] -->        \"@type\": \"Answer\",<!-- [et_pb_line_break_holder] -->        \"text\": \"Oui. Le programme vise \u00e0 former des personnes capables d\u2019accompagner spirituellement avec comp\u00e9tence, pr\u00e9sence et discernement. Les stages, la supervision et les laboratoires pratiques pr\u00e9parent \u00e0 une pratique r\u00e9elle et \u00e9thique de l\u2019accompagnement.\"<!-- [et_pb_line_break_holder] -->      }<!-- [et_pb_line_break_holder] -->    },<!-- [et_pb_line_break_holder] -->    {<!-- [et_pb_line_break_holder] -->      \"@type\": \"Question\",<!-- [et_pb_line_break_holder] -->      \"name\": \"Faut il d\u00e9j\u00e0 avoir de l\u2019exp\u00e9rience en relation d\u2019aide pour s\u2019inscrire ?\",<!-- [et_pb_line_break_holder] -->      \"acceptedAnswer\": {<!-- [et_pb_line_break_holder] -->        \"@type\": \"Answer\",<!-- [et_pb_line_break_holder] -->        \"text\": \"Non. Une disposition int\u00e9rieure \u00e0 la croissance personnelle et spirituelle est suffisante. Les personnes ayant d\u00e9j\u00e0 une exp\u00e9rience en relation d\u2019aide peuvent approfondir leur pratique gr\u00e2ce \u00e0 l\u2019approche psycho spirituelle du P\u00e8lerin.\"<!-- [et_pb_line_break_holder] -->      }<!-- [et_pb_line_break_holder] -->    },<!-- [et_pb_line_break_holder] -->    {<!-- [et_pb_line_break_holder] -->      \"@type\": \"Question\",<!-- [et_pb_line_break_holder] -->      \"name\": \"Cette formation est elle accessible en ligne ?\",<!-- [et_pb_line_break_holder] -->      \"acceptedAnswer\": {<!-- [et_pb_line_break_holder] -->        \"@type\": \"Answer\",<!-- [et_pb_line_break_holder] -->        \"text\": \"Oui. La formation se d\u00e9roule en mode hybride avec des rencontres en direct sur Zoom et des contenus en ligne. Il est ainsi possible d\u2019\u00e9tudier depuis n\u2019importe quel pays et de rejoindre une communaut\u00e9 internationale d\u2019apprenants.\"<!-- [et_pb_line_break_holder] -->      }<!-- [et_pb_line_break_holder] -->    },<!-- [et_pb_line_break_holder] -->    {<!-- [et_pb_line_break_holder] -->      \"@type\": \"Question\",<!-- [et_pb_line_break_holder] -->      \"name\": \"Puis je suivre seulement certains cours sans faire tout le programme ?\",<!-- [et_pb_line_break_holder] -->      \"acceptedAnswer\": {<!-- [et_pb_line_break_holder] -->        \"@type\": \"Answer\",<!-- [et_pb_line_break_holder] -->        \"text\": \"Oui. Il est possible de s\u2019inscrire \u00e0 un ou plusieurs cours, comme auditeur libre, sans suivre la totalit\u00e9 du programme. Une entrevue d\u2019admission permet de valider quels cours conviennent \u00e0 votre parcours.\"<!-- [et_pb_line_break_holder] -->      }<!-- [et_pb_line_break_holder] -->    },<!-- [et_pb_line_break_holder] -->    {<!-- [et_pb_line_break_holder] -->      \"@type\": \"Question\",<!-- [et_pb_line_break_holder] -->      \"name\": \"Est ce que cette formation m\u00e8ne \u00e0 une pratique professionnelle ?\",<!-- [et_pb_line_break_holder] -->      \"acceptedAnswer\": {<!-- [et_pb_line_break_holder] -->        \"@type\": \"Answer\",<!-- [et_pb_line_break_holder] -->        \"text\": \"La formation pr\u00e9pare \u00e0 accompagner spirituellement en respectant une \u00e9thique professionnelle. Elle offre une base solide pour accompagner des personnes dans un contexte d\u2019\u00c9glise, d\u2019accompagnement spirituel, de relation d\u2019aide ou d\u2019intervention psycho spirituelle.\"<!-- [et_pb_line_break_holder] -->      }<!-- [et_pb_line_break_holder] -->    },<!-- [et_pb_line_break_holder] -->    {<!-- [et_pb_line_break_holder] -->      \"@type\": \"Question\",<!-- [et_pb_line_break_holder] -->      \"name\": \"Quelle est la diff\u00e9rence entre accompagnement spirituel et relation d\u2019aide psychologique ?\",<!-- [et_pb_line_break_holder] -->      \"acceptedAnswer\": {<!-- [et_pb_line_break_holder] -->        \"@type\": \"Answer\",<!-- [et_pb_line_break_holder] -->        \"text\": \"L\u2019accompagnement spirituel se concentre sur l\u2019exp\u00e9rience int\u00e9rieure, la croissance spirituelle, le discernement et la relation \u00e0 Dieu. Il ne remplace pas une th\u00e9rapie psychologique, mais peut la compl\u00e9ter en offrant un espace d\u2019\u00e9coute et d\u2019\u00e9clairage spirituel.\"<!-- [et_pb_line_break_holder] -->      }<!-- [et_pb_line_break_holder] -->    },<!-- [et_pb_line_break_holder] -->    {<!-- [et_pb_line_break_holder] -->      \"@type\": \"Question\",<!-- [et_pb_line_break_holder] -->      \"name\": \"Puis je exercer apr\u00e8s la formation ?\",<!-- [et_pb_line_break_holder] -->      \"acceptedAnswer\": {<!-- [et_pb_line_break_holder] -->        \"@type\": \"Answer\",<!-- [et_pb_line_break_holder] -->        \"text\": \"Oui. Les finissantes et finissants accompagnent dans divers contextes comme des paroisses, des communaut\u00e9s, des mouvements spirituels, des services de soins spirituels, des groupes de croissance ou en accompagnement individuel. La formation fournit les bases n\u00e9cessaires pour le faire de mani\u00e8re \u00e9thique, structur\u00e9e et accompagn\u00e9e.\"<!-- [et_pb_line_break_holder] -->      }<!-- [et_pb_line_break_holder] -->    }<!-- [et_pb_line_break_holder] -->  ]<!-- [et_pb_line_break_holder] -->}<!-- [et_pb_line_break_holder] --><\/script><!-- [et_pb_line_break_holder] -->[\/et_pb_code][\/et_pb_column][\/et_pb_row][\/et_pb_section]\n","protected":false},"excerpt":{"rendered":"<p>\u00c0 travers son nouvel ouvrage Le chemin de l\u2019Amour, la pri\u00e8re, St\u00e9fan Th\u00e9riault propose une v\u00e9ritable invitation \u00e0 \u00eatre. Ce livre invite \u00e0 d\u00e9couvrir comment la pri\u00e8re peut devenir une exp\u00e9rience vivante et continue de Dieu, un chemin d\u2019Amour capable de transformer chaque dimension de notre quotidien. Formats papier et num\u00e9rique offerts d\u00e8s maintenant.<\/p>\n","protected":false},"author":4,"featured_media":257247,"parent":0,"menu_order":0,"comment_status":"closed","ping_status":"closed","template":"","meta":{"_et_pb_use_builder":"on","_et_pb_old_content":"","_et_gb_content_width":"","footnotes":""},"class_list":["post-257216","page","type-page","status-publish","has-post-thumbnail","hentry"],"_links":{"self":[{"href":"https:\/\/lepelerin.org\/portail\/wp-json\/wp\/v2\/pages\/257216","targetHints":{"allow":["GET"]}}],"collection":[{"href":"https:\/\/lepelerin.org\/portail\/wp-json\/wp\/v2\/pages"}],"about":[{"href":"https:\/\/lepelerin.org\/portail\/wp-json\/wp\/v2\/types\/page"}],"author":[{"embeddable":true,"href":"https:\/\/lepelerin.org\/portail\/wp-json\/wp\/v2\/users\/4"}],"replies":[{"embeddable":true,"href":"https:\/\/lepelerin.org\/portail\/wp-json\/wp\/v2\/comments?post=257216"}],"version-history":[{"count":29,"href":"https:\/\/lepelerin.org\/portail\/wp-json\/wp\/v2\/pages\/257216\/revisions"}],"predecessor-version":[{"id":257456,"href":"https:\/\/lepelerin.org\/portail\/wp-json\/wp\/v2\/pages\/257216\/revisions\/257456"}],"wp:featuredmedia":[{"embeddable":true,"href":"https:\/\/lepelerin.org\/portail\/wp-json\/wp\/v2\/media\/257247"}],"wp:attachment":[{"href":"https:\/\/lepelerin.org\/portail\/wp-json\/wp\/v2\/media?parent=257216"}],"curies":[{"name":"wp","href":"https:\/\/api.w.org\/{rel}","templated":true}]}}